{"id":5969,"date":"2024-11-26T15:45:33","date_gmt":"2024-11-26T15:45:33","guid":{"rendered":"https:\/\/prolegali.com\/recruitment-home-alt\/"},"modified":"2025-07-31T18:57:11","modified_gmt":"2025-07-31T18:57:11","slug":"recruitment-home-alt","status":"publish","type":"page","link":"https:\/\/prolegali.com\/en\/","title":{"rendered":"Inicio"},"content":{"rendered":"<p><div class=\"fusion-fullwidth fullwidth-box fusion-builder-row-1 fusion-flex-container has-pattern-background has-mask-background hundred-percent-fullwidth non-hundred-percent-height-scrolling\" style=\"--awb-border-radius-top-left:0px;--awb-border-radius-top-right:0px;--awb-border-radius-bottom-right:0px;--awb-border-radius-bottom-left:0px;--awb-padding-right:72px;--awb-padding-left:72px;--awb-padding-right-medium:30px;--awb-padding-left-medium:30px;--awb-padding-right-small:30px;--awb-padding-left-small:30px;--awb-flex-wrap:wrap;\" ><div class=\"fusion-builder-row fusion-row fusion-flex-align-items-flex-start fusion-flex-content-wrap\" style=\"width:103% !important;max-width:103% !important;margin-left: calc(-3% \/ 2 );margin-right: calc(-3% \/ 2 );\"><div class=\"fusion-layout-column fusion_builder_column fusion-builder-column-0 fusion_builder_column_1_1 1_1 fusion-flex-column\" style=\"--awb-padding-top:170px;--awb-padding-right:120px;--awb-padding-bottom:170px;--awb-padding-left:120px;--awb-padding-top-medium:80px;--awb-padding-right-medium:96px;--awb-padding-bottom-medium:80px;--awb-padding-left-medium:96px;--awb-padding-top-small:64px;--awb-padding-right-small:15px;--awb-padding-bottom-small:64px;--awb-padding-left-small:15px;--awb-overflow:hidden;--awb-bg-image:linear-gradient(90deg, #1c2f46 15%,rgba(255,255,255,0) 66%);;--awb-bg-image-small:linear-gradient(90deg, #1c2f46 15%,rgba(255,255,255,0) 66%);;--awb-bg-position:right center;--awb-bg-position-small:left center;--awb-bg-size:cover;--awb-border-radius:20px 20px 20px 20px;--awb-width-large:100%;--awb-spacing-right-large:1.455%;--awb-margin-bottom-large:0px;--awb-spacing-left-large:1.455%;--awb-width-medium:100%;--awb-order-medium:0;--awb-spacing-right-medium:1.455%;--awb-spacing-left-medium:1.455%;--awb-width-small:100%;--awb-order-small:0;--awb-spacing-right-small:1.455%;--awb-spacing-left-small:1.455%;\" data-scroll-devices=\"small-visibility,medium-visibility,large-visibility\"><div class=\"fusion-column-wrapper lazyload fusion-column-has-shadow fusion-flex-justify-content-center fusion-content-layout-column fusion-column-has-bg-image fusion-column-has-bg-image-small\" data-bg-url=\"http:\/\/prolegali.com\/wp-content\/uploads\/2025\/05\/despacho-abogado-en-palma-de-mallorca.webp\" data-bg=\"http:\/\/prolegali.com\/wp-content\/uploads\/2025\/05\/despacho-abogado-en-palma-de-mallorca.webp\" data-fusion-responsive-bg=\"1\" data-bg-small=\"http:\/\/prolegali.com\/wp-content\/uploads\/2025\/05\/despacho-abogados-en-palma-de-mallorca-mejor.webp\" data-bg-gradient=\"linear-gradient(90deg, #1c2f46 15%,rgba(255,255,255,0) 66%)\"><div class=\"fusion-text fusion-text-1 fusion-text-no-margin\" style=\"--awb-font-size:19px;--awb-text-transform:none;--awb-text-color:var(--awb-color1);--awb-margin-bottom:16px;\"><p>Multidisciplinary Law Firm in Mallorca<\/p>\n<\/div><div class=\"fusion-builder-row fusion-builder-row-inner fusion-row fusion-flex-align-items-flex-start fusion-flex-content-wrap\" style=\"width:103% !important;max-width:103% !important;margin-left: calc(-3% \/ 2 );margin-right: calc(-3% \/ 2 );\"><div class=\"fusion-layout-column fusion_builder_column_inner fusion-builder-nested-column-0 fusion_builder_column_inner_1_2 1_2 fusion-flex-column\" style=\"--awb-bg-size:cover;--awb-width-large:50%;--awb-spacing-right-large:2.91%;--awb-margin-bottom-large:0px;--awb-spacing-left-large:2.91%;--awb-width-medium:100%;--awb-order-medium:0;--awb-spacing-right-medium:1.455%;--awb-spacing-left-medium:1.455%;--awb-width-small:100%;--awb-order-small:0;--awb-spacing-right-small:1.455%;--awb-spacing-left-small:1.455%;\" data-scroll-devices=\"small-visibility,medium-visibility,large-visibility\"><div class=\"fusion-column-wrapper fusion-column-has-shadow fusion-flex-justify-content-flex-start fusion-content-layout-row\"><div class=\"fusion-title title fusion-title-1 fusion-sep-none fusion-title-text fusion-title-size-one\" style=\"--awb-text-color:#ffffff;\"><h1 class=\"fusion-title-heading title-heading-left fusion-responsive-typography-calculated\" style=\"margin:0;text-transform:none;--fontSize:56;line-height:var(--awb-typography1-line-height);\">Lawyer in Palma de Mallorca<\/h1><\/div><div class=\"fusion-text fusion-text-2\" style=\"--awb-text-color:#ffffff;\"><p>Looking for a lawyer in Palma de Mallorca with experience and genuine commitment to clients?<br \/>\nAt our firm, you&#8217;ll find a lawyer in Palma de Mallorca specialized in the areas of law you need, ready to provide clear, effective, and tailored legal advice. We approach every case with closeness, professionalism, and transparency, firmly defending your interests.<br \/>\nIf you need a lawyer in Palma de Mallorca who offers personalized attention, trust, and practical solutions, we are here to guide you through the entire legal process with honesty and dedication.<\/p>\n<\/div><\/div><\/div><\/div><div class=\"fusion-builder-row fusion-builder-row-inner fusion-row fusion-flex-align-items-flex-start fusion-flex-content-wrap\" style=\"width:103% !important;max-width:103% !important;margin-left: calc(-3% \/ 2 );margin-right: calc(-3% \/ 2 );\"><div class=\"fusion-layout-column fusion_builder_column_inner fusion-builder-nested-column-1 fusion_builder_column_inner_1_2 1_2 fusion-flex-column\" style=\"--awb-bg-size:cover;--awb-width-large:50%;--awb-spacing-right-large:2.91%;--awb-margin-bottom-large:0px;--awb-spacing-left-large:2.91%;--awb-width-medium:100%;--awb-order-medium:0;--awb-spacing-right-medium:1.455%;--awb-spacing-left-medium:1.455%;--awb-width-small:80%;--awb-order-small:0;--awb-spacing-right-small:1.81875%;--awb-spacing-left-small:1.81875%;\"><div class=\"fusion-column-wrapper fusion-column-has-shadow fusion-flex-justify-content-flex-start fusion-content-layout-row\"><div ><a class=\"fusion-button button-flat fusion-button-default-size button-custom fusion-button-default button-1 fusion-button-default-span fusion-button-default-type awb-b-icon-pos-left\" style=\"--button_accent_color:var(--awb-color7);--button_accent_hover_color:var(--awb-color1);--button_border_hover_color:var(--awb-color1);--button_gradient_top_color:var(--awb-color5);--button_gradient_bottom_color:var(--awb-color5);--button_gradient_top_color_hover:var(--awb-color4);--button_gradient_bottom_color_hover:var(--awb-color4);--button_margin-right:20px;--button_margin-bottom:20px;\" target=\"_self\" data-hover=\"icon_position\" href=\"tel:+34673828114\"><i class=\"fa-phone fas button-icon-left\" aria-hidden=\"true\"><\/i><i class=\"fa-phone fas button-icon-left\" aria-hidden=\"true\"><\/i><span class=\"fusion-button-text\">Call us +34 673 828 114<\/span><\/a><\/div><div ><a class=\"fusion-button button-flat fusion-button-default-size button-custom fusion-button-default button-2 fusion-button-default-span fusion-button-default-type awb-b-icon-pos-left\" style=\"--button_accent_color:var(--awb-color7);--button_accent_hover_color:var(--awb-color8);--button_border_hover_color:var(--awb-color8);--button_gradient_top_color:var(--awb-custom_color_2);--button_gradient_bottom_color:var(--awb-custom_color_2);--button_gradient_top_color_hover:var(--awb-color1);--button_gradient_bottom_color_hover:var(--awb-color1);\" target=\"_self\" data-hover=\"icon_position\" href=\"https:\/\/wa.me\/34673828114\"><i class=\"fa-whatsapp fab button-icon-left\" aria-hidden=\"true\"><\/i><i class=\"fa-whatsapp fab button-icon-left\" aria-hidden=\"true\"><\/i><span class=\"fusion-button-text\">Send Whatsapp<\/span><\/a><\/div><\/div><\/div><\/div><\/div><\/div><\/div><\/div><div class=\"fusion-fullwidth fullwidth-box fusion-builder-row-2 fusion-flex-container has-pattern-background has-mask-background nonhundred-percent-fullwidth non-hundred-percent-height-scrolling\" style=\"--awb-border-radius-top-left:0px;--awb-border-radius-top-right:0px;--awb-border-radius-bottom-right:0px;--awb-border-radius-bottom-left:0px;--awb-padding-top:96px;--awb-padding-bottom:96px;--awb-flex-wrap:wrap;\" ><div class=\"fusion-builder-row fusion-row fusion-flex-align-items-flex-start fusion-flex-content-wrap\" style=\"max-width:1256.6px;margin-left: calc(-3% \/ 2 );margin-right: calc(-3% \/ 2 );\"><div class=\"fusion-layout-column fusion_builder_column fusion-builder-column-1 fusion-flex-column\" style=\"--awb-bg-size:cover;--awb-width-large:70%;--awb-spacing-right-large:2.0785714285714%;--awb-margin-bottom-large:0px;--awb-spacing-left-large:2.0785714285714%;--awb-width-medium:70%;--awb-order-medium:0;--awb-spacing-right-medium:2.0785714285714%;--awb-spacing-left-medium:2.0785714285714%;--awb-width-small:100%;--awb-order-small:0;--awb-spacing-right-small:1.455%;--awb-spacing-left-small:1.455%;\"><div class=\"fusion-column-wrapper fusion-column-has-shadow fusion-flex-justify-content-flex-start fusion-content-layout-column\"><div class=\"fusion-text fusion-text-3 fusion-text-no-margin\" style=\"--awb-font-size:var(--awb-typography2-font-size);--awb-line-height:var(--awb-typography2-line-height);--awb-letter-spacing:var(--awb-typography2-letter-spacing);--awb-text-transform:var(--awb-typography2-text-transform);--awb-margin-bottom:20px;--awb-text-font-family:var(--awb-typography2-font-family);--awb-text-font-weight:var(--awb-typography2-font-weight);--awb-text-font-style:var(--awb-typography2-font-style);\"><span class=\"fusion-highlight custom-textcolor highlight1 awb-highlight-marker\" style=\"--awb-color:hsla(var(--awb-color5-h),var(--awb-color5-s),var(--awb-color5-l),calc(var(--awb-color5-a) - 60%));--awb-text-color:var(--awb-color6);\">Comprehensive Legal Advice, Close to You.<\/span>\n<\/div><div class=\"fusion-title title fusion-title-2 fusion-sep-none fusion-title-text fusion-title-size-two\" style=\"--awb-margin-bottom:48px;--awb-margin-bottom-small:48px;\"><h2 class=\"fusion-title-heading title-heading-left fusion-responsive-typography-calculated\" style=\"margin:0;--fontSize:42;line-height:var(--awb-typography1-line-height);\">Law Firm in Palma de Mallorca!<\/h2><\/div><\/div><\/div><div class=\"fusion-layout-column fusion_builder_column fusion-builder-column-2 fusion-flex-column fusion-flex-align-self-center fusion-no-small-visibility\" style=\"--awb-padding-right:20px;--awb-bg-size:cover;--awb-width-large:20%;--awb-spacing-right-large:7.275%;--awb-margin-bottom-large:0px;--awb-spacing-left-large:7.275%;--awb-width-medium:20%;--awb-order-medium:0;--awb-spacing-right-medium:7.275%;--awb-spacing-left-medium:7.275%;--awb-width-small:100%;--awb-order-small:0;--awb-spacing-right-small:1.455%;--awb-spacing-left-small:1.455%;\"><div class=\"fusion-column-wrapper fusion-column-has-shadow fusion-flex-justify-content-flex-start fusion-content-layout-column\"><\/div><\/div><div class=\"fusion-layout-column fusion_builder_column fusion-builder-column-3 fusion-flex-column fusion-flex-align-self-center fusion-no-small-visibility\" style=\"--awb-bg-size:cover;--awb-transition:filter 600ms ease, transform 600ms ease, background-color 600ms ease, border-color 600ms ease;--awb-transform:rotate(0deg);--awb-transform-hover:rotate(90deg);--awb-transform-parent-hover:rotate(90deg);--awb-width-large:10%;--awb-spacing-right-large:14.55%;--awb-margin-bottom-large:0px;--awb-spacing-left-large:14.55%;--awb-width-medium:10%;--awb-order-medium:0;--awb-spacing-right-medium:14.55%;--awb-spacing-left-medium:14.55%;--awb-width-small:100%;--awb-order-small:0;--awb-spacing-right-small:1.455%;--awb-spacing-left-small:1.455%;\"><div class=\"fusion-column-wrapper fusion-column-has-shadow fusion-flex-justify-content-flex-start fusion-content-layout-column\"><i class=\"fb-icon-element-1 fb-icon-element fontawesome-icon awb-recruitment-arrow-btn circle-no\" style=\"--awb-iconcolor:var(--awb-color3);--awb-iconcolor-hover:var(--awb-color6);--awb-font-size:112px;--awb-margin-top:0;--awb-margin-right:0;--awb-margin-bottom:0;--awb-margin-left:0;--awb-align-self:center;\"><\/i><\/div><\/div><div class=\"fusion-layout-column fusion_builder_column fusion-builder-column-4 fusion_builder_column_1_1 1_1 fusion-flex-column\" style=\"--awb-bg-size:cover;--awb-width-large:100%;--awb-spacing-right-large:1.455%;--awb-margin-bottom-large:0px;--awb-spacing-left-large:1.455%;--awb-width-medium:100%;--awb-order-medium:0;--awb-spacing-right-medium:1.455%;--awb-spacing-left-medium:1.455%;--awb-width-small:100%;--awb-order-small:0;--awb-spacing-right-small:1.455%;--awb-spacing-left-small:1.455%;\"><div class=\"fusion-column-wrapper fusion-column-has-shadow fusion-flex-justify-content-flex-start fusion-content-layout-column\"><div class=\"fusion-separator fusion-full-width-sep\" style=\"align-self: center;margin-left: auto;margin-right: auto;margin-bottom:72px;width:100%;\"><div class=\"fusion-separator-border sep-single sep-solid\" style=\"--awb-height:20px;--awb-amount:20px;border-color:var(--awb-color3);border-top-width:1px;\"><\/div><\/div><\/div><\/div><div class=\"fusion-layout-column fusion_builder_column fusion-builder-column-5 fusion-flex-column\" style=\"--awb-overflow:hidden;--awb-bg-position:center center;--awb-bg-size:cover;--awb-border-radius:20px 20px 20px 20px;--awb-width-large:45%;--awb-spacing-right-large:3.2333333333333%;--awb-margin-bottom-large:0px;--awb-spacing-left-large:3.2333333333333%;--awb-width-medium:45%;--awb-order-medium:0;--awb-spacing-right-medium:3.2333333333333%;--awb-spacing-left-medium:3.2333333333333%;--awb-width-small:100%;--awb-order-small:0;--awb-spacing-right-small:1.455%;--awb-margin-bottom-small:40px;--awb-spacing-left-small:1.455%;\"><div class=\"fusion-column-wrapper fusion-column-has-shadow fusion-flex-justify-content-flex-start fusion-content-layout-column\"><div class=\"fusion-image-element \" style=\"--awb-caption-title-font-family:var(--h2_typography-font-family);--awb-caption-title-font-weight:var(--h2_typography-font-weight);--awb-caption-title-font-style:var(--h2_typography-font-style);--awb-caption-title-size:var(--h2_typography-font-size);--awb-caption-title-transform:var(--h2_typography-text-transform);--awb-caption-title-line-height:var(--h2_typography-line-height);--awb-caption-title-letter-spacing:var(--h2_typography-letter-spacing);\"><span class=\" fusion-imageframe imageframe-none imageframe-1 hover-type-none\"><img decoding=\"async\" width=\"600\" height=\"900\" alt=\"Miguel Lopez, abogado en Palma de Mallorca, posando como director de Prolegali\" title=\"abogado-divorcios-en-palma-de-mallorca\" src=\"https:\/\/prolegali.com\/wp-content\/uploads\/2025\/05\/abogado-divorcios-en-palma-de-mallorca.webp\" data-orig-src=\"http:\/\/prolegali.com\/wp-content\/uploads\/2025\/05\/abogado-divorcios-en-palma-de-mallorca.webp\" class=\"lazyload img-responsive wp-image-5913\" srcset=\"data:image\/svg+xml,%3Csvg%20xmlns%3D%27http%3A%2F%2Fwww.w3.org%2F2000%2Fsvg%27%20width%3D%27600%27%20height%3D%27900%27%20viewBox%3D%270%200%20600%20900%27%3E%3Crect%20width%3D%27600%27%20height%3D%27900%27%20fill-opacity%3D%220%22%2F%3E%3C%2Fsvg%3E\" data-srcset=\"https:\/\/prolegali.com\/wp-content\/uploads\/2025\/05\/abogado-divorcios-en-palma-de-mallorca-200x300.webp 200w, https:\/\/prolegali.com\/wp-content\/uploads\/2025\/05\/abogado-divorcios-en-palma-de-mallorca-400x600.webp 400w, https:\/\/prolegali.com\/wp-content\/uploads\/2025\/05\/abogado-divorcios-en-palma-de-mallorca.webp 600w\" data-sizes=\"auto\" data-orig-sizes=\"(max-width: 820px) 100vw, 600px\" \/><\/span><\/div><\/div><\/div><div class=\"fusion-layout-column fusion_builder_column fusion-builder-column-6 fusion-flex-column fusion-flex-align-self-stretch\" style=\"--awb-padding-right:40px;--awb-padding-left:40px;--awb-padding-right-small:0px;--awb-padding-left-small:0px;--awb-bg-size:cover;--awb-width-large:55%;--awb-spacing-right-large:2.6454545454545%;--awb-margin-bottom-large:0px;--awb-spacing-left-large:2.6454545454545%;--awb-width-medium:55%;--awb-order-medium:0;--awb-spacing-right-medium:2.6454545454545%;--awb-spacing-left-medium:2.6454545454545%;--awb-width-small:100%;--awb-order-small:0;--awb-spacing-right-small:1.455%;--awb-spacing-left-small:1.455%;\"><div class=\"fusion-column-wrapper fusion-column-has-shadow fusion-flex-justify-content-flex-start fusion-content-layout-column\"><div class=\"fusion-title title fusion-title-3 fusion-sep-none fusion-title-text fusion-title-size-three\" style=\"--awb-margin-top:8px;--awb-margin-right:80px;--awb-margin-bottom:24px;--awb-margin-bottom-small:24px;--awb-font-size:24px;\"><h3 class=\"fusion-title-heading title-heading-left fusion-responsive-typography-calculated\" style=\"margin:0;font-size:1em;text-transform:none;--fontSize:24;line-height:1.4;\">Law Firm in Palma de Mallorca Offering Comprehensive and Personalized Legal Services.<\/h3><\/div><div class=\"fusion-text fusion-text-4 fusion-text-no-margin\" style=\"--awb-margin-right:40px;--awb-margin-bottom:40px;\"><p>Miguel L\u00f3pez is a lawyer in Palma de Mallorca with a solid track record and a well-established reputation in the island\u2019s legal field. Under his leadership, our firm offers comprehensive legal advice for both individuals and businesses. We are known for a multidisciplinary approach that covers key areas of law: civil, criminal, labor, commercial, administrative, family, and tax law.<\/p>\n<p>We are a law firm in Palma de Mallorca committed to professional excellence, client proximity, and effective legal solutions. Our team combines experience and dedication to deliver personalized legal strategies, with clear guidance and continuous communication that inspires confidence and peace of mind.<\/p>\n<p>If you&#8217;re looking for a lawyer in Palma de Mallorca who will represent you with professionalism, empathy, and results, we invite you to get to know us. Our firm is ready to support you through every stage of the legal process, taking care of every detail so you feel supported from the very first moment.<\/p>\n<\/div><div ><a class=\"fusion-button button-flat fusion-button-default-size button-custom fusion-button-default button-3 fusion-button-default-span fusion-button-default-type awb-b-icon-pos-right\" style=\"--button_accent_color:var(--awb-color7);--button_accent_hover_color:var(--awb-color1);--button_border_hover_color:var(--awb-color1);--button_gradient_top_color:var(--awb-color5);--button_gradient_bottom_color:var(--awb-color5);--button_gradient_top_color_hover:hsla(var(--awb-color4-h),var(--awb-color4-s),calc(var(--awb-color4-l) - 20%),var(--awb-color4-a));--button_gradient_bottom_color_hover:hsla(var(--awb-color4-h),var(--awb-color4-s),calc(var(--awb-color4-l) - 20%),var(--awb-color4-a));\" target=\"_self\" data-hover=\"icon_position\" href=\"https:\/\/prolegali.com\/contacto\/\"><span class=\"fusion-button-text\">Cont\u00e1ctanos<\/span><i class=\"awb-recruitment-arrow-btn button-icon-right\" aria-hidden=\"true\"><\/i><i class=\"awb-recruitment-arrow-btn button-icon-right\" aria-hidden=\"true\"><\/i><\/a><\/div><div class=\"fusion-separator fusion-full-width-sep\" style=\"align-self: center;margin-left: auto;margin-right: auto;flex-grow:1;width:100%;\"><\/div><\/div><\/div><\/div><\/div><div class=\"fusion-fullwidth fullwidth-box fusion-builder-row-3 fusion-flex-container has-pattern-background has-mask-background nonhundred-percent-fullwidth non-hundred-percent-height-scrolling\" style=\"--awb-border-radius-top-left:0px;--awb-border-radius-top-right:0px;--awb-border-radius-bottom-right:0px;--awb-border-radius-bottom-left:0px;--awb-padding-bottom:72px;--awb-padding-bottom-medium:0px;--awb-padding-bottom-small:48px;--awb-flex-wrap:wrap;\" ><div class=\"fusion-builder-row fusion-row fusion-flex-align-items-flex-start fusion-flex-content-wrap\" style=\"max-width:1256.6px;margin-left: calc(-3% \/ 2 );margin-right: calc(-3% \/ 2 );\"><div class=\"fusion-layout-column fusion_builder_column fusion-builder-column-7 fusion_builder_column_1_3 1_3 fusion-flex-column\" style=\"--awb-overflow:hidden;--awb-bg-size:cover;--awb-border-radius:20px 20px 20px 20px;--awb-width-large:33.333333333333%;--awb-spacing-right-large:4.365%;--awb-margin-bottom-large:0px;--awb-spacing-left-large:4.365%;--awb-width-medium:50%;--awb-order-medium:0;--awb-spacing-right-medium:2.91%;--awb-margin-bottom-medium:40px;--awb-spacing-left-medium:2.91%;--awb-width-small:100%;--awb-order-small:0;--awb-spacing-right-small:1.455%;--awb-spacing-left-small:1.455%;\"><div class=\"fusion-column-wrapper fusion-column-has-shadow fusion-flex-justify-content-flex-start fusion-content-layout-column\"><div class=\"fusion-image-element \" style=\"--awb-margin-bottom:32px;--awb-caption-title-font-family:var(--h2_typography-font-family);--awb-caption-title-font-weight:var(--h2_typography-font-weight);--awb-caption-title-font-style:var(--h2_typography-font-style);--awb-caption-title-size:var(--h2_typography-font-size);--awb-caption-title-transform:var(--h2_typography-text-transform);--awb-caption-title-line-height:var(--h2_typography-line-height);--awb-caption-title-letter-spacing:var(--h2_typography-letter-spacing);\"><span class=\" fusion-imageframe imageframe-none imageframe-2 hover-type-none\" style=\"border-radius:15px;\"><a class=\"fusion-no-lightbox\" href=\"#\" target=\"_self\" aria-label=\"abogado-precio-cerrado-en-palma-de-mallorca\"><img decoding=\"async\" width=\"960\" height=\"750\" src=\"https:\/\/prolegali.com\/wp-content\/uploads\/2025\/05\/abogado-precio-cerrado-en-palma-de-mallorca.webp\" data-orig-src=\"http:\/\/prolegali.com\/wp-content\/uploads\/2025\/05\/abogado-precio-cerrado-en-palma-de-mallorca.webp\" alt class=\"lazyload img-responsive wp-image-5816\" srcset=\"data:image\/svg+xml,%3Csvg%20xmlns%3D%27http%3A%2F%2Fwww.w3.org%2F2000%2Fsvg%27%20width%3D%27960%27%20height%3D%27750%27%20viewBox%3D%270%200%20960%20750%27%3E%3Crect%20width%3D%27960%27%20height%3D%27750%27%20fill-opacity%3D%220%22%2F%3E%3C%2Fsvg%3E\" data-srcset=\"https:\/\/prolegali.com\/wp-content\/uploads\/2025\/05\/abogado-precio-cerrado-en-palma-de-mallorca-200x156.webp 200w, https:\/\/prolegali.com\/wp-content\/uploads\/2025\/05\/abogado-precio-cerrado-en-palma-de-mallorca-300x234.webp 300w, https:\/\/prolegali.com\/wp-content\/uploads\/2025\/05\/abogado-precio-cerrado-en-palma-de-mallorca-400x313.webp 400w, https:\/\/prolegali.com\/wp-content\/uploads\/2025\/05\/abogado-precio-cerrado-en-palma-de-mallorca-600x469.webp 600w, https:\/\/prolegali.com\/wp-content\/uploads\/2025\/05\/abogado-precio-cerrado-en-palma-de-mallorca-768x600.webp 768w, https:\/\/prolegali.com\/wp-content\/uploads\/2025\/05\/abogado-precio-cerrado-en-palma-de-mallorca-800x625.webp 800w, https:\/\/prolegali.com\/wp-content\/uploads\/2025\/05\/abogado-precio-cerrado-en-palma-de-mallorca.webp 960w\" data-sizes=\"auto\" data-orig-sizes=\"(max-width: 820px) 100vw, 400px\" \/><\/a><\/span><\/div><div class=\"fusion-builder-row fusion-builder-row-inner fusion-row fusion-flex-align-items-flex-start fusion-flex-content-wrap\" style=\"width:103% !important;max-width:103% !important;margin-left: calc(-3% \/ 2 );margin-right: calc(-3% \/ 2 );\"><div class=\"fusion-layout-column fusion_builder_column_inner fusion-builder-nested-column-2 fusion_builder_column_inner_3_4 3_4 fusion-flex-column fusion-flex-align-self-center\" style=\"--awb-padding-bottom-small:10px;--awb-bg-size:cover;--awb-width-large:75%;--awb-spacing-right-large:1.94%;--awb-margin-bottom-large:0px;--awb-spacing-left-large:1.94%;--awb-width-medium:75%;--awb-order-medium:0;--awb-spacing-right-medium:1.94%;--awb-spacing-left-medium:1.94%;--awb-width-small:100%;--awb-order-small:2;--awb-spacing-right-small:1.455%;--awb-spacing-left-small:1.455%;\"><div class=\"fusion-column-wrapper fusion-column-has-shadow fusion-flex-justify-content-flex-start fusion-content-layout-column\"><div class=\"fusion-title title fusion-title-4 fusion-sep-none fusion-title-text fusion-title-size-five\" style=\"--awb-margin-right:20px;--awb-margin-bottom:0px;--awb-margin-left:20px;\"><h5 class=\"fusion-title-heading title-heading-left fusion-responsive-typography-calculated\" style=\"margin:0;--fontSize:24;line-height:1.4;\">Cost Transparency<\/h5><\/div><\/div><\/div><div class=\"fusion-layout-column fusion_builder_column_inner fusion-builder-nested-column-3 fusion_builder_column_inner_1_4 1_4 fusion-flex-column fusion-flex-align-self-stretch\" style=\"--awb-padding-top-small:20px;--awb-padding-bottom-small:20px;--awb-bg-size:cover;--awb-width-large:25%;--awb-spacing-right-large:5.82%;--awb-margin-bottom-large:0px;--awb-spacing-left-large:5.82%;--awb-width-medium:25%;--awb-order-medium:0;--awb-spacing-right-medium:5.82%;--awb-spacing-left-medium:5.82%;--awb-width-small:100%;--awb-order-small:1;--awb-spacing-right-small:1.455%;--awb-spacing-left-small:1.455%;\"><div class=\"fusion-column-wrapper fusion-column-has-shadow fusion-flex-justify-content-flex-start fusion-content-layout-column\"><i class=\"fb-icon-element-2 fb-icon-element fontawesome-icon fa-credit-card far circle-no fusion-text-flow\" style=\"--awb-iconcolor:var(--awb-color4);--awb-iconcolor-hover:var(--awb-color4);--awb-font-size:50px;--awb-margin-right:25px;\"><\/i><\/div><\/div><\/div><div class=\"fusion-builder-row fusion-builder-row-inner fusion-row fusion-flex-align-items-flex-start fusion-flex-content-wrap\" style=\"width:103% !important;max-width:103% !important;margin-left: calc(-3% \/ 2 );margin-right: calc(-3% \/ 2 );\"><div class=\"fusion-layout-column fusion_builder_column_inner fusion-builder-nested-column-4 fusion_builder_column_inner_1_1 1_1 fusion-flex-column\" style=\"--awb-padding-right:20px;--awb-padding-left:20px;--awb-padding-right-small:0px;--awb-padding-left-small:0px;--awb-bg-size:cover;--awb-transition:filter 600ms ease, transform 600ms ease, background-color 600ms ease, border-color 600ms ease;--awb-transform:translateY(-10px);--awb-transform-hover:translateY(0px);--awb-transform-parent-hover:translateY(0px);--awb-filter:opacity(0%);--awb-filter-transition:filter 0.3s ease;--awb-filter-hover:opacity(100%);--awb-filter-parent-hover:opacity(100%);--awb-width-large:100%;--awb-spacing-right-large:1.455%;--awb-margin-bottom-large:0px;--awb-spacing-left-large:1.455%;--awb-width-medium:100%;--awb-order-medium:0;--awb-spacing-right-medium:1.455%;--awb-spacing-left-medium:1.455%;--awb-width-small:100%;--awb-order-small:0;--awb-spacing-right-small:1.455%;--awb-spacing-left-small:1.455%;\"><div class=\"fusion-column-wrapper fusion-column-has-shadow fusion-flex-justify-content-flex-start fusion-content-layout-column\"><div class=\"fusion-text fusion-text-5\" style=\"--awb-font-size:var(--awb-typography5-font-size);--awb-line-height:var(--awb-typography5-line-height);--awb-letter-spacing:var(--awb-typography5-letter-spacing);--awb-text-transform:var(--awb-typography5-text-transform);--awb-margin-top:0px;--awb-text-font-family:var(--awb-typography5-font-family);--awb-text-font-weight:var(--awb-typography5-font-weight);--awb-text-font-style:var(--awb-typography5-font-style);\"><p>Los costes y la forma de pago quedar\u00e1n acordados de forma clara y transparente.<\/p>\n<\/div><\/div><\/div><\/div><div class=\"fusion-builder-row fusion-builder-row-inner fusion-row fusion-flex-align-items-flex-start fusion-flex-content-wrap\" style=\"width:103% !important;max-width:103% !important;margin-left: calc(-3% \/ 2 );margin-right: calc(-3% \/ 2 );\"><div class=\"fusion-layout-column fusion_builder_column_inner fusion-builder-nested-column-5 fusion_builder_column_inner_1_1 1_1 fusion-flex-column\" style=\"--awb-bg-size:cover;--awb-transition:filter 600ms ease, transform 600ms ease, background-color 600ms ease, border-color 600ms ease;--awb-transform:translateY(-30px);--awb-transform-hover:translateY(-10px);--awb-transform-parent-hover:translateY(-10px);--awb-width-large:100%;--awb-spacing-right-large:1.455%;--awb-margin-bottom-large:0px;--awb-spacing-left-large:1.455%;--awb-width-medium:100%;--awb-order-medium:0;--awb-spacing-right-medium:1.455%;--awb-spacing-left-medium:1.455%;--awb-width-small:100%;--awb-order-small:0;--awb-spacing-right-small:1.455%;--awb-spacing-left-small:1.455%;\"><div class=\"fusion-column-wrapper fusion-column-has-shadow fusion-flex-justify-content-flex-start fusion-content-layout-column\"><div class=\"fusion-separator fusion-full-width-sep\" style=\"align-self: center;margin-left: auto;margin-right: auto;margin-top:10px;margin-bottom:10px;width:100%;\"><div class=\"fusion-separator-border sep-single sep-solid\" style=\"--awb-height:20px;--awb-amount:20px;border-color:var(--awb-color3);border-top-width:1px;\"><\/div><\/div><\/div><\/div><\/div><\/div><\/div><div class=\"fusion-layout-column fusion_builder_column fusion-builder-column-8 fusion_builder_column_1_3 1_3 fusion-flex-column\" style=\"--awb-overflow:hidden;--awb-bg-size:cover;--awb-border-radius:20px 20px 20px 20px;--awb-width-large:33.333333333333%;--awb-spacing-right-large:4.365%;--awb-margin-bottom-large:0px;--awb-spacing-left-large:4.365%;--awb-width-medium:50%;--awb-order-medium:0;--awb-spacing-right-medium:2.91%;--awb-margin-bottom-medium:40px;--awb-spacing-left-medium:2.91%;--awb-width-small:100%;--awb-order-small:0;--awb-spacing-right-small:1.455%;--awb-spacing-left-small:1.455%;\"><div class=\"fusion-column-wrapper fusion-column-has-shadow fusion-flex-justify-content-flex-start fusion-content-layout-column\"><div class=\"fusion-image-element \" style=\"--awb-margin-bottom:32px;--awb-caption-title-font-family:var(--h2_typography-font-family);--awb-caption-title-font-weight:var(--h2_typography-font-weight);--awb-caption-title-font-style:var(--h2_typography-font-style);--awb-caption-title-size:var(--h2_typography-font-size);--awb-caption-title-transform:var(--h2_typography-text-transform);--awb-caption-title-line-height:var(--h2_typography-line-height);--awb-caption-title-letter-spacing:var(--h2_typography-letter-spacing);\"><span class=\" fusion-imageframe imageframe-none imageframe-3 hover-type-none\" style=\"border-radius:15px;\"><a class=\"fusion-no-lightbox\" href=\"#\" target=\"_self\" aria-label=\"abogado-en-palma-facil-de-localizar\"><img decoding=\"async\" width=\"960\" height=\"750\" src=\"https:\/\/prolegali.com\/wp-content\/uploads\/2025\/05\/abogado-en-palma-facil-de-localizar.webp\" data-orig-src=\"http:\/\/prolegali.com\/wp-content\/uploads\/2025\/05\/abogado-en-palma-facil-de-localizar.webp\" alt class=\"lazyload img-responsive wp-image-5817\" srcset=\"data:image\/svg+xml,%3Csvg%20xmlns%3D%27http%3A%2F%2Fwww.w3.org%2F2000%2Fsvg%27%20width%3D%27960%27%20height%3D%27750%27%20viewBox%3D%270%200%20960%20750%27%3E%3Crect%20width%3D%27960%27%20height%3D%27750%27%20fill-opacity%3D%220%22%2F%3E%3C%2Fsvg%3E\" data-srcset=\"https:\/\/prolegali.com\/wp-content\/uploads\/2025\/05\/abogado-en-palma-facil-de-localizar-200x156.webp 200w, https:\/\/prolegali.com\/wp-content\/uploads\/2025\/05\/abogado-en-palma-facil-de-localizar-300x234.webp 300w, https:\/\/prolegali.com\/wp-content\/uploads\/2025\/05\/abogado-en-palma-facil-de-localizar-400x313.webp 400w, https:\/\/prolegali.com\/wp-content\/uploads\/2025\/05\/abogado-en-palma-facil-de-localizar-600x469.webp 600w, https:\/\/prolegali.com\/wp-content\/uploads\/2025\/05\/abogado-en-palma-facil-de-localizar-768x600.webp 768w, https:\/\/prolegali.com\/wp-content\/uploads\/2025\/05\/abogado-en-palma-facil-de-localizar-800x625.webp 800w, https:\/\/prolegali.com\/wp-content\/uploads\/2025\/05\/abogado-en-palma-facil-de-localizar.webp 960w\" data-sizes=\"auto\" data-orig-sizes=\"(max-width: 820px) 100vw, 400px\" \/><\/a><\/span><\/div><div class=\"fusion-builder-row fusion-builder-row-inner fusion-row fusion-flex-align-items-flex-start fusion-flex-content-wrap\" style=\"width:103% !important;max-width:103% !important;margin-left: calc(-3% \/ 2 );margin-right: calc(-3% \/ 2 );\"><div class=\"fusion-layout-column fusion_builder_column_inner fusion-builder-nested-column-6 fusion_builder_column_inner_3_4 3_4 fusion-flex-column fusion-flex-align-self-center\" style=\"--awb-padding-bottom-small:10px;--awb-bg-size:cover;--awb-width-large:75%;--awb-spacing-right-large:1.94%;--awb-margin-bottom-large:0px;--awb-spacing-left-large:1.94%;--awb-width-medium:75%;--awb-order-medium:0;--awb-spacing-right-medium:1.94%;--awb-spacing-left-medium:1.94%;--awb-width-small:100%;--awb-order-small:2;--awb-spacing-right-small:1.455%;--awb-spacing-left-small:1.455%;\"><div class=\"fusion-column-wrapper fusion-column-has-shadow fusion-flex-justify-content-flex-start fusion-content-layout-column\"><div class=\"fusion-title title fusion-title-5 fusion-sep-none fusion-title-text fusion-title-size-five\" style=\"--awb-margin-right:20px;--awb-margin-bottom:0px;--awb-margin-left:20px;\"><h5 class=\"fusion-title-heading title-heading-left fusion-responsive-typography-calculated\" style=\"margin:0;--fontSize:24;line-height:1.4;\">Smooth Communication with Your Lawyer<\/h5><\/div><\/div><\/div><div class=\"fusion-layout-column fusion_builder_column_inner fusion-builder-nested-column-7 fusion_builder_column_inner_1_4 1_4 fusion-flex-column fusion-flex-align-self-stretch\" style=\"--awb-padding-top-small:20px;--awb-padding-bottom-small:20px;--awb-bg-size:cover;--awb-width-large:25%;--awb-spacing-right-large:5.82%;--awb-margin-bottom-large:0px;--awb-spacing-left-large:5.82%;--awb-width-medium:25%;--awb-order-medium:0;--awb-spacing-right-medium:5.82%;--awb-spacing-left-medium:5.82%;--awb-width-small:100%;--awb-order-small:1;--awb-spacing-right-small:1.455%;--awb-spacing-left-small:1.455%;\"><div class=\"fusion-column-wrapper fusion-column-has-shadow fusion-flex-justify-content-flex-start fusion-content-layout-column\"><i class=\"fb-icon-element-3 fb-icon-element fontawesome-icon fa-comments fas circle-no fusion-text-flow\" style=\"--awb-iconcolor:var(--awb-color4);--awb-iconcolor-hover:var(--awb-color4);--awb-font-size:50px;--awb-margin-right:25px;\"><\/i><\/div><\/div><\/div><div class=\"fusion-builder-row fusion-builder-row-inner fusion-row fusion-flex-align-items-flex-start fusion-flex-content-wrap\" style=\"width:103% !important;max-width:103% !important;margin-left: calc(-3% \/ 2 );margin-right: calc(-3% \/ 2 );\"><div class=\"fusion-layout-column fusion_builder_column_inner fusion-builder-nested-column-8 fusion_builder_column_inner_1_1 1_1 fusion-flex-column\" style=\"--awb-padding-right:20px;--awb-padding-left:20px;--awb-padding-right-small:0px;--awb-padding-left-small:0px;--awb-bg-size:cover;--awb-transition:filter 600ms ease, transform 600ms ease, background-color 600ms ease, border-color 600ms ease;--awb-transform:translateY(-10px);--awb-transform-hover:translateY(0px);--awb-transform-parent-hover:translateY(0px);--awb-filter:opacity(0%);--awb-filter-transition:filter 0.3s ease;--awb-filter-hover:opacity(100%);--awb-filter-parent-hover:opacity(100%);--awb-width-large:100%;--awb-spacing-right-large:1.455%;--awb-margin-bottom-large:0px;--awb-spacing-left-large:1.455%;--awb-width-medium:100%;--awb-order-medium:0;--awb-spacing-right-medium:1.455%;--awb-spacing-left-medium:1.455%;--awb-width-small:100%;--awb-order-small:0;--awb-spacing-right-small:1.455%;--awb-spacing-left-small:1.455%;\"><div class=\"fusion-column-wrapper fusion-column-has-shadow fusion-flex-justify-content-flex-start fusion-content-layout-column\"><div class=\"fusion-text fusion-text-6\" style=\"--awb-font-size:var(--awb-typography5-font-size);--awb-line-height:var(--awb-typography5-line-height);--awb-letter-spacing:var(--awb-typography5-letter-spacing);--awb-text-transform:var(--awb-typography5-text-transform);--awb-margin-top:0px;--awb-text-font-family:var(--awb-typography5-font-family);--awb-text-font-weight:var(--awb-typography5-font-weight);--awb-text-font-style:var(--awb-typography5-font-style);\"><p>Tu abogado se compromete a responderte e informarte en 24h m\u00e1ximo.<\/p>\n<\/div><\/div><\/div><\/div><div class=\"fusion-builder-row fusion-builder-row-inner fusion-row fusion-flex-align-items-flex-start fusion-flex-content-wrap\" style=\"width:103% !important;max-width:103% !important;margin-left: calc(-3% \/ 2 );margin-right: calc(-3% \/ 2 );\"><div class=\"fusion-layout-column fusion_builder_column_inner fusion-builder-nested-column-9 fusion_builder_column_inner_1_1 1_1 fusion-flex-column\" style=\"--awb-bg-size:cover;--awb-transition:filter 600ms ease, transform 600ms ease, background-color 600ms ease, border-color 600ms ease;--awb-transform:translateY(-30px);--awb-transform-hover:translateY(-10px);--awb-transform-parent-hover:translateY(-10px);--awb-width-large:100%;--awb-spacing-right-large:1.455%;--awb-margin-bottom-large:0px;--awb-spacing-left-large:1.455%;--awb-width-medium:100%;--awb-order-medium:0;--awb-spacing-right-medium:1.455%;--awb-spacing-left-medium:1.455%;--awb-width-small:100%;--awb-order-small:0;--awb-spacing-right-small:1.455%;--awb-spacing-left-small:1.455%;\"><div class=\"fusion-column-wrapper fusion-column-has-shadow fusion-flex-justify-content-flex-start fusion-content-layout-column\"><div class=\"fusion-separator fusion-full-width-sep\" style=\"align-self: center;margin-left: auto;margin-right: auto;margin-top:10px;margin-bottom:10px;width:100%;\"><div class=\"fusion-separator-border sep-single sep-solid\" style=\"--awb-height:20px;--awb-amount:20px;border-color:var(--awb-color3);border-top-width:1px;\"><\/div><\/div><\/div><\/div><\/div><\/div><\/div><div class=\"fusion-layout-column fusion_builder_column fusion-builder-column-9 fusion_builder_column_1_3 1_3 fusion-flex-column\" style=\"--awb-overflow:hidden;--awb-bg-size:cover;--awb-border-radius:20px 20px 20px 20px;--awb-width-large:33.333333333333%;--awb-spacing-right-large:4.365%;--awb-margin-bottom-large:0px;--awb-spacing-left-large:4.365%;--awb-width-medium:50%;--awb-order-medium:0;--awb-spacing-right-medium:2.91%;--awb-spacing-left-medium:2.91%;--awb-width-small:100%;--awb-order-small:0;--awb-spacing-right-small:1.455%;--awb-spacing-left-small:1.455%;\"><div class=\"fusion-column-wrapper fusion-column-has-shadow fusion-flex-justify-content-flex-start fusion-content-layout-column\"><div class=\"fusion-image-element \" style=\"--awb-margin-bottom:32px;--awb-caption-title-font-family:var(--h2_typography-font-family);--awb-caption-title-font-weight:var(--h2_typography-font-weight);--awb-caption-title-font-style:var(--h2_typography-font-style);--awb-caption-title-size:var(--h2_typography-font-size);--awb-caption-title-transform:var(--h2_typography-text-transform);--awb-caption-title-line-height:var(--h2_typography-line-height);--awb-caption-title-letter-spacing:var(--h2_typography-letter-spacing);\"><span class=\" fusion-imageframe imageframe-none imageframe-4 hover-type-none\" style=\"border-radius:15px;\"><a class=\"fusion-no-lightbox\" href=\"#\" target=\"_self\" aria-label=\"abogado-en-palma-de-mallorca-cerca\"><img decoding=\"async\" width=\"960\" height=\"750\" alt=\"Abogados trabajando en equipo discutiendo un caso\" src=\"https:\/\/prolegali.com\/wp-content\/uploads\/2025\/05\/abogado-en-palma-de-mallorca-cerca.webp\" data-orig-src=\"http:\/\/prolegali.com\/wp-content\/uploads\/2025\/05\/abogado-en-palma-de-mallorca-cerca.webp\" class=\"lazyload img-responsive wp-image-5813\" srcset=\"data:image\/svg+xml,%3Csvg%20xmlns%3D%27http%3A%2F%2Fwww.w3.org%2F2000%2Fsvg%27%20width%3D%27960%27%20height%3D%27750%27%20viewBox%3D%270%200%20960%20750%27%3E%3Crect%20width%3D%27960%27%20height%3D%27750%27%20fill-opacity%3D%220%22%2F%3E%3C%2Fsvg%3E\" data-srcset=\"https:\/\/prolegali.com\/wp-content\/uploads\/2025\/05\/abogado-en-palma-de-mallorca-cerca-200x156.webp 200w, https:\/\/prolegali.com\/wp-content\/uploads\/2025\/05\/abogado-en-palma-de-mallorca-cerca-300x234.webp 300w, https:\/\/prolegali.com\/wp-content\/uploads\/2025\/05\/abogado-en-palma-de-mallorca-cerca-400x313.webp 400w, https:\/\/prolegali.com\/wp-content\/uploads\/2025\/05\/abogado-en-palma-de-mallorca-cerca-600x469.webp 600w, https:\/\/prolegali.com\/wp-content\/uploads\/2025\/05\/abogado-en-palma-de-mallorca-cerca-768x600.webp 768w, https:\/\/prolegali.com\/wp-content\/uploads\/2025\/05\/abogado-en-palma-de-mallorca-cerca-800x625.webp 800w, https:\/\/prolegali.com\/wp-content\/uploads\/2025\/05\/abogado-en-palma-de-mallorca-cerca.webp 960w\" data-sizes=\"auto\" data-orig-sizes=\"(max-width: 820px) 100vw, 400px\" \/><\/a><\/span><\/div><div class=\"fusion-builder-row fusion-builder-row-inner fusion-row fusion-flex-align-items-flex-start fusion-flex-content-wrap\" style=\"width:103% !important;max-width:103% !important;margin-left: calc(-3% \/ 2 );margin-right: calc(-3% \/ 2 );\"><div class=\"fusion-layout-column fusion_builder_column_inner fusion-builder-nested-column-10 fusion_builder_column_inner_3_4 3_4 fusion-flex-column fusion-flex-align-self-center\" style=\"--awb-padding-bottom-small:10px;--awb-bg-size:cover;--awb-width-large:75%;--awb-spacing-right-large:1.94%;--awb-margin-bottom-large:0px;--awb-spacing-left-large:1.94%;--awb-width-medium:75%;--awb-order-medium:0;--awb-spacing-right-medium:1.94%;--awb-spacing-left-medium:1.94%;--awb-width-small:100%;--awb-order-small:2;--awb-spacing-right-small:1.455%;--awb-spacing-left-small:1.455%;\"><div class=\"fusion-column-wrapper fusion-column-has-shadow fusion-flex-justify-content-flex-start fusion-content-layout-column\"><div class=\"fusion-title title fusion-title-6 fusion-sep-none fusion-title-text fusion-title-size-five\" style=\"--awb-margin-right:20px;--awb-margin-bottom:0px;--awb-margin-left:20px;\"><h5 class=\"fusion-title-heading title-heading-left fusion-responsive-typography-calculated\" style=\"margin:0;--fontSize:24;line-height:1.4;\">Specialized Lawyers<\/h5><\/div><\/div><\/div><div class=\"fusion-layout-column fusion_builder_column_inner fusion-builder-nested-column-11 fusion_builder_column_inner_1_4 1_4 fusion-flex-column fusion-flex-align-self-stretch\" style=\"--awb-padding-top-small:20px;--awb-padding-bottom-small:20px;--awb-bg-size:cover;--awb-width-large:25%;--awb-spacing-right-large:5.82%;--awb-margin-bottom-large:0px;--awb-spacing-left-large:5.82%;--awb-width-medium:25%;--awb-order-medium:0;--awb-spacing-right-medium:5.82%;--awb-spacing-left-medium:5.82%;--awb-width-small:100%;--awb-order-small:1;--awb-spacing-right-small:1.455%;--awb-spacing-left-small:1.455%;\"><div class=\"fusion-column-wrapper fusion-column-has-shadow fusion-flex-justify-content-flex-start fusion-content-layout-column\"><i class=\"fb-icon-element-4 fb-icon-element fontawesome-icon fa-landmark fas circle-no fusion-text-flow\" style=\"--awb-iconcolor:var(--awb-color4);--awb-iconcolor-hover:var(--awb-color4);--awb-font-size:50px;--awb-margin-right:25px;\"><\/i><\/div><\/div><\/div><div class=\"fusion-builder-row fusion-builder-row-inner fusion-row fusion-flex-align-items-flex-start fusion-flex-content-wrap\" style=\"width:103% !important;max-width:103% !important;margin-left: calc(-3% \/ 2 );margin-right: calc(-3% \/ 2 );\"><div class=\"fusion-layout-column fusion_builder_column_inner fusion-builder-nested-column-12 fusion_builder_column_inner_1_1 1_1 fusion-flex-column\" style=\"--awb-padding-right:20px;--awb-padding-left:20px;--awb-padding-right-small:0px;--awb-padding-left-small:0px;--awb-bg-size:cover;--awb-transition:filter 600ms ease, transform 600ms ease, background-color 600ms ease, border-color 600ms ease;--awb-transform:translateY(-10px);--awb-transform-hover:translateY(0px);--awb-transform-parent-hover:translateY(0px);--awb-filter:opacity(0%);--awb-filter-transition:filter 0.3s ease;--awb-filter-hover:opacity(100%);--awb-filter-parent-hover:opacity(100%);--awb-width-large:100%;--awb-spacing-right-large:1.455%;--awb-margin-bottom-large:0px;--awb-spacing-left-large:1.455%;--awb-width-medium:100%;--awb-order-medium:0;--awb-spacing-right-medium:1.455%;--awb-spacing-left-medium:1.455%;--awb-width-small:100%;--awb-order-small:0;--awb-spacing-right-small:1.455%;--awb-spacing-left-small:1.455%;\"><div class=\"fusion-column-wrapper fusion-column-has-shadow fusion-flex-justify-content-flex-start fusion-content-layout-column\"><div class=\"fusion-text fusion-text-7\" style=\"--awb-font-size:var(--awb-typography5-font-size);--awb-line-height:var(--awb-typography5-line-height);--awb-letter-spacing:var(--awb-typography5-letter-spacing);--awb-text-transform:var(--awb-typography5-text-transform);--awb-margin-top:0px;--awb-text-font-family:var(--awb-typography5-font-family);--awb-text-font-weight:var(--awb-typography5-font-weight);--awb-text-font-style:var(--awb-typography5-font-style);\"><p>Contamos con abogados con experiencia dispuestos a defender tus intereses.<\/p>\n<\/div><\/div><\/div><\/div><div class=\"fusion-builder-row fusion-builder-row-inner fusion-row fusion-flex-align-items-flex-start fusion-flex-content-wrap\" style=\"width:103% !important;max-width:103% !important;margin-left: calc(-3% \/ 2 );margin-right: calc(-3% \/ 2 );\"><div class=\"fusion-layout-column fusion_builder_column_inner fusion-builder-nested-column-13 fusion_builder_column_inner_1_1 1_1 fusion-flex-column\" style=\"--awb-bg-size:cover;--awb-transition:filter 600ms ease, transform 600ms ease, background-color 600ms ease, border-color 600ms ease;--awb-transform:translateY(-30px);--awb-transform-hover:translateY(-10px);--awb-transform-parent-hover:translateY(-10px);--awb-width-large:100%;--awb-spacing-right-large:1.455%;--awb-margin-bottom-large:0px;--awb-spacing-left-large:1.455%;--awb-width-medium:100%;--awb-order-medium:0;--awb-spacing-right-medium:1.455%;--awb-spacing-left-medium:1.455%;--awb-width-small:100%;--awb-order-small:0;--awb-spacing-right-small:1.455%;--awb-spacing-left-small:1.455%;\"><div class=\"fusion-column-wrapper fusion-column-has-shadow fusion-flex-justify-content-flex-start fusion-content-layout-column\"><div class=\"fusion-separator fusion-full-width-sep\" style=\"align-self: center;margin-left: auto;margin-right: auto;margin-top:10px;margin-bottom:10px;width:100%;\"><div class=\"fusion-separator-border sep-single sep-solid\" style=\"--awb-height:20px;--awb-amount:20px;border-color:var(--awb-color3);border-top-width:1px;\"><\/div><\/div><\/div><\/div><\/div><\/div><\/div><\/div><\/div><div id=\"fusion-scroll-section-1\" class=\"fusion-scroll-section awb-swiper-full-sections\" data-section=\"1\" data-animation=\"stack\" data-speed=\"800\" ><div class=\"swiper-wrapper\"><div class=\" swiper-slide\" data-section=\"1\" data-element=\"1\" ><div class=\"fusion-fullwidth fullwidth-box fusion-builder-row-4 fusion-flex-container has-pattern-background has-mask-background fusion-parallax-none hundred-percent-fullwidth hundred-percent-height hundred-percent-height-center-content hundred-percent-height-scrolling lazyload\" style=\"--awb-border-radius-top-left:0px;--awb-border-radius-top-right:0px;--awb-border-radius-bottom-right:0px;--awb-border-radius-bottom-left:0px;--awb-padding-left:10%;--awb-padding-left-medium:30px;--awb-background-image:linear-gradient(90deg, var(--awb-color2) 42%,hsla(var(--awb-color1-h),var(--awb-color1-s),var(--awb-color1-l),calc(var(--awb-color1-a) - 100%)) 42%);;--awb-background-image-small:linear-gradient(90deg, var(--awb-color2) 42%,hsla(var(--awb-color1-h),var(--awb-color1-s),var(--awb-color1-l),calc(var(--awb-color1-a) - 100%)) 42%);;--awb-background-size:cover;--awb-flex-wrap:wrap;\" data-bg=\"http:\/\/prolegali.com\/wp-content\/uploads\/2025\/05\/derecho-civil-abogado-en-palma-de-mallorca-1.webp\" data-fusion-responsive-bg=\"1\" data-bg-small=\"http:\/\/prolegali.com\/wp-content\/uploads\/2024\/11\/transparent-bg-1.png\" data-bg-gradient=\"linear-gradient(90deg, var(--awb-color2) 42%,hsla(var(--awb-color1-h),var(--awb-color1-s),var(--awb-color1-l),calc(var(--awb-color1-a) - 100%)) 42%)\" ><div class=\"awb-background-mask\" style=\"background-image:  url(http:\/\/prolegali.com\/wp-content\/uploads\/2025\/01\/mask-border-light.svg);opacity: 1 ;transform: scale(1, 1);mix-blend-mode:normal;\"><\/div><div class=\"fusion-builder-row fusion-row fusion-flex-align-items-flex-start fusion-flex-align-content-center fusion-flex-content-wrap\" style=\"width:103% !important;max-width:103% !important;margin-left: calc(-3% \/ 2 );margin-right: calc(-3% \/ 2 );\"><div class=\"fusion-layout-column fusion_builder_column fusion-builder-column-10 fusion-flex-column\" style=\"--awb-bg-size:cover;--awb-width-large:30%;--awb-spacing-right-large:4.85%;--awb-margin-bottom-large:0px;--awb-spacing-left-large:4.85%;--awb-width-medium:33.333333333333%;--awb-order-medium:0;--awb-spacing-right-medium:4.365%;--awb-spacing-left-medium:30px;--awb-width-small:100%;--awb-order-small:1;--awb-spacing-right-small:1.455%;--awb-spacing-left-small:30px;\" data-scroll-devices=\"small-visibility,medium-visibility,large-visibility\"><div class=\"fusion-column-wrapper fusion-column-has-shadow fusion-flex-justify-content-flex-start fusion-content-layout-column\"><div class=\"fusion-text fusion-text-8 fusion-text-no-margin\" style=\"--awb-font-size:var(--awb-typography2-font-size);--awb-line-height:var(--awb-typography2-line-height);--awb-letter-spacing:var(--awb-typography2-letter-spacing);--awb-text-transform:var(--awb-typography2-text-transform);--awb-margin-bottom:16px;--awb-text-font-family:var(--awb-typography2-font-family);--awb-text-font-weight:var(--awb-typography2-font-weight);--awb-text-font-style:var(--awb-typography2-font-style);\"><span class=\"fusion-highlight custom-textcolor highlight1 awb-highlight-marker\" style=\"--awb-color:hsla(var(--awb-custom_color_2-h),var(--awb-custom_color_2-s),var(--awb-custom_color_2-l),calc(var(--awb-custom_color_2-a) - 40%));--awb-text-color:var(--awb-color6);\">El abogado de derecho civil que necesitas<\/span>\n<\/div><div class=\"fusion-title title fusion-title-7 fusion-sep-none fusion-title-text fusion-title-size-two\" style=\"--awb-margin-bottom:24px;--awb-margin-bottom-small:24px;\"><h2 class=\"fusion-title-heading title-heading-left fusion-responsive-typography-calculated\" style=\"margin:0;--fontSize:42;line-height:var(--awb-typography1-line-height);\">Civil Law<\/h2><\/div><div class=\"fusion-text fusion-text-9 fusion-text-no-margin\" style=\"--awb-margin-bottom:20px;\"><ul>\n<li>Debt claims<\/li>\n<li>Conflicts between individuals<\/li>\n<li>Contract disputes<\/li>\n<li>Leases and evictions<\/li>\n<li>Liability for accidents or negligence<\/li>\n<\/ul>\n<\/div><div ><a class=\"fusion-button button-flat fusion-button-default-size button-custom fusion-button-default button-4 fusion-button-default-span fusion-button-default-type awb-b-icon-pos-right\" style=\"--button_accent_color:var(--awb-color7);--button_accent_hover_color:var(--awb-color1);--button_border_hover_color:var(--awb-color1);--button_gradient_top_color:var(--awb-color5);--button_gradient_bottom_color:var(--awb-color5);--button_gradient_top_color_hover:hsla(var(--awb-color4-h),var(--awb-color4-s),calc(var(--awb-color4-l) - 20%),var(--awb-color4-a));--button_gradient_bottom_color_hover:hsla(var(--awb-color4-h),var(--awb-color4-s),calc(var(--awb-color4-l) - 20%),var(--awb-color4-a));\" target=\"_self\" data-hover=\"icon_position\" href=\"https:\/\/prolegali.com\/abogado-derecho-civil-en-palma-de-mallorca\/\"><span class=\"fusion-button-text\">More info<\/span><i class=\"awb-recruitment-arrow-btn button-icon-right\" aria-hidden=\"true\"><\/i><i class=\"awb-recruitment-arrow-btn button-icon-right\" aria-hidden=\"true\"><\/i><\/a><\/div><\/div><\/div><div class=\"fusion-layout-column fusion_builder_column fusion-builder-column-11 fusion_builder_column_1_1 1_1 fusion-flex-column fusion-no-medium-visibility fusion-no-large-visibility\" style=\"--awb-overflow:hidden;--awb-bg-size:cover;--awb-border-radius:20px 20px 20px 20px;--awb-width-large:100%;--awb-spacing-right-large:1.455%;--awb-margin-bottom-large:0px;--awb-spacing-left-large:1.455%;--awb-width-medium:100%;--awb-order-medium:0;--awb-spacing-right-medium:1.455%;--awb-spacing-left-medium:1.455%;--awb-width-small:100%;--awb-order-small:0;--awb-margin-top-small:64px;--awb-spacing-right-small:1.455%;--awb-margin-bottom-small:64px;--awb-spacing-left-small:1.455%;\"><div class=\"fusion-column-wrapper fusion-column-has-shadow fusion-flex-justify-content-flex-start fusion-content-layout-column\"><div class=\"fusion-image-element \" style=\"--awb-caption-title-font-family:var(--h2_typography-font-family);--awb-caption-title-font-weight:var(--h2_typography-font-weight);--awb-caption-title-font-style:var(--h2_typography-font-style);--awb-caption-title-size:var(--h2_typography-font-size);--awb-caption-title-transform:var(--h2_typography-text-transform);--awb-caption-title-line-height:var(--h2_typography-line-height);--awb-caption-title-letter-spacing:var(--h2_typography-letter-spacing);\"><span class=\" fusion-imageframe imageframe-none imageframe-5 hover-type-none\"><img decoding=\"async\" width=\"1080\" height=\"721\" alt=\"Llaves\" title=\"derecho-civil-abogado-en-palma-de-mallorca\" src=\"https:\/\/prolegali.com\/wp-content\/uploads\/2025\/05\/derecho-civil-abogado-en-palma-de-mallorca.webp\" data-orig-src=\"http:\/\/prolegali.com\/wp-content\/uploads\/2025\/05\/derecho-civil-abogado-en-palma-de-mallorca.webp\" class=\"lazyload img-responsive wp-image-5894\" srcset=\"data:image\/svg+xml,%3Csvg%20xmlns%3D%27http%3A%2F%2Fwww.w3.org%2F2000%2Fsvg%27%20width%3D%271080%27%20height%3D%27721%27%20viewBox%3D%270%200%201080%20721%27%3E%3Crect%20width%3D%271080%27%20height%3D%27721%27%20fill-opacity%3D%220%22%2F%3E%3C%2Fsvg%3E\" data-srcset=\"https:\/\/prolegali.com\/wp-content\/uploads\/2025\/05\/derecho-civil-abogado-en-palma-de-mallorca-200x134.webp 200w, https:\/\/prolegali.com\/wp-content\/uploads\/2025\/05\/derecho-civil-abogado-en-palma-de-mallorca-300x200.webp 300w, https:\/\/prolegali.com\/wp-content\/uploads\/2025\/05\/derecho-civil-abogado-en-palma-de-mallorca-400x267.webp 400w, https:\/\/prolegali.com\/wp-content\/uploads\/2025\/05\/derecho-civil-abogado-en-palma-de-mallorca-600x401.webp 600w, https:\/\/prolegali.com\/wp-content\/uploads\/2025\/05\/derecho-civil-abogado-en-palma-de-mallorca-768x513.webp 768w, https:\/\/prolegali.com\/wp-content\/uploads\/2025\/05\/derecho-civil-abogado-en-palma-de-mallorca-800x534.webp 800w, https:\/\/prolegali.com\/wp-content\/uploads\/2025\/05\/derecho-civil-abogado-en-palma-de-mallorca-1024x684.webp 1024w, https:\/\/prolegali.com\/wp-content\/uploads\/2025\/05\/derecho-civil-abogado-en-palma-de-mallorca.webp 1080w\" data-sizes=\"auto\" data-orig-sizes=\"(max-width: 820px) 100vw, 1080px\" \/><\/span><\/div><\/div><\/div><\/div><\/div><\/div><div class=\" swiper-slide\" data-section=\"1\" data-element=\"2\" ><div class=\"fusion-fullwidth fullwidth-box fusion-builder-row-5 fusion-flex-container has-pattern-background has-mask-background fusion-parallax-none hundred-percent-fullwidth hundred-percent-height hundred-percent-height-center-content hundred-percent-height-scrolling lazyload\" style=\"--awb-border-radius-top-left:0px;--awb-border-radius-top-right:0px;--awb-border-radius-bottom-right:0px;--awb-border-radius-bottom-left:0px;--awb-padding-left:10%;--awb-padding-left-medium:30px;--awb-background-image:linear-gradient(90deg, var(--awb-color2) 42%,hsla(var(--awb-color1-h),var(--awb-color1-s),var(--awb-color1-l),calc(var(--awb-color1-a) - 100%)) 42%);;--awb-background-image-small:linear-gradient(90deg, var(--awb-color2) 42%,hsla(var(--awb-color1-h),var(--awb-color1-s),var(--awb-color1-l),calc(var(--awb-color1-a) - 100%)) 42%);;--awb-background-size:cover;--awb-flex-wrap:wrap;\" data-bg=\"http:\/\/prolegali.com\/wp-content\/uploads\/2025\/04\/abogado-en-palma-de-familia.webp\" data-fusion-responsive-bg=\"1\" data-bg-small=\"http:\/\/prolegali.com\/wp-content\/uploads\/2024\/11\/transparent-bg-1.png\" data-bg-gradient=\"linear-gradient(90deg, var(--awb-color2) 42%,hsla(var(--awb-color1-h),var(--awb-color1-s),var(--awb-color1-l),calc(var(--awb-color1-a) - 100%)) 42%)\" ><div class=\"awb-background-mask\" style=\"background-image:  url(http:\/\/prolegali.com\/wp-content\/uploads\/2025\/01\/mask-border-light.svg);opacity: 1 ;transform: scale(1, 1);mix-blend-mode:normal;\"><\/div><div class=\"fusion-builder-row fusion-row fusion-flex-align-items-flex-start fusion-flex-align-content-center fusion-flex-content-wrap\" style=\"width:103% !important;max-width:103% !important;margin-left: calc(-3% \/ 2 );margin-right: calc(-3% \/ 2 );\"><div class=\"fusion-layout-column fusion_builder_column fusion-builder-column-12 fusion_builder_column_1_1 1_1 fusion-flex-column fusion-no-medium-visibility fusion-no-large-visibility\" style=\"--awb-overflow:hidden;--awb-bg-size:cover;--awb-border-radius:20px 20px 20px 20px;--awb-width-large:100%;--awb-spacing-right-large:1.455%;--awb-margin-bottom-large:0px;--awb-spacing-left-large:1.455%;--awb-width-medium:100%;--awb-order-medium:0;--awb-spacing-right-medium:1.455%;--awb-spacing-left-medium:1.455%;--awb-width-small:100%;--awb-order-small:0;--awb-margin-top-small:64px;--awb-spacing-right-small:1.455%;--awb-margin-bottom-small:64px;--awb-spacing-left-small:1.455%;\"><div class=\"fusion-column-wrapper fusion-column-has-shadow fusion-flex-justify-content-flex-start fusion-content-layout-column\"><div class=\"fusion-image-element \" style=\"--awb-caption-title-font-family:var(--h2_typography-font-family);--awb-caption-title-font-weight:var(--h2_typography-font-weight);--awb-caption-title-font-style:var(--h2_typography-font-style);--awb-caption-title-size:var(--h2_typography-font-size);--awb-caption-title-transform:var(--h2_typography-text-transform);--awb-caption-title-line-height:var(--h2_typography-line-height);--awb-caption-title-letter-spacing:var(--h2_typography-letter-spacing);\"><span class=\" fusion-imageframe imageframe-none imageframe-6 hover-type-none\"><img decoding=\"async\" width=\"1500\" height=\"999\" alt=\"Pareja reunida con un abogado de familia para resolver un conflicto legal\" title=\"abogado-en-palma-de-familia\" src=\"https:\/\/prolegali.com\/wp-content\/uploads\/2025\/04\/abogado-en-palma-de-familia.webp\" data-orig-src=\"http:\/\/prolegali.com\/wp-content\/uploads\/2025\/04\/abogado-en-palma-de-familia.webp\" class=\"lazyload img-responsive wp-image-5772\" srcset=\"data:image\/svg+xml,%3Csvg%20xmlns%3D%27http%3A%2F%2Fwww.w3.org%2F2000%2Fsvg%27%20width%3D%271500%27%20height%3D%27999%27%20viewBox%3D%270%200%201500%20999%27%3E%3Crect%20width%3D%271500%27%20height%3D%27999%27%20fill-opacity%3D%220%22%2F%3E%3C%2Fsvg%3E\" data-srcset=\"https:\/\/prolegali.com\/wp-content\/uploads\/2025\/04\/abogado-en-palma-de-familia-200x133.webp 200w, https:\/\/prolegali.com\/wp-content\/uploads\/2025\/04\/abogado-en-palma-de-familia-300x200.webp 300w, https:\/\/prolegali.com\/wp-content\/uploads\/2025\/04\/abogado-en-palma-de-familia-400x266.webp 400w, https:\/\/prolegali.com\/wp-content\/uploads\/2025\/04\/abogado-en-palma-de-familia-600x400.webp 600w, https:\/\/prolegali.com\/wp-content\/uploads\/2025\/04\/abogado-en-palma-de-familia-768x511.webp 768w, https:\/\/prolegali.com\/wp-content\/uploads\/2025\/04\/abogado-en-palma-de-familia-800x533.webp 800w, https:\/\/prolegali.com\/wp-content\/uploads\/2025\/04\/abogado-en-palma-de-familia-1024x682.webp 1024w, https:\/\/prolegali.com\/wp-content\/uploads\/2025\/04\/abogado-en-palma-de-familia-1200x799.webp 1200w, https:\/\/prolegali.com\/wp-content\/uploads\/2025\/04\/abogado-en-palma-de-familia.webp 1500w\" data-sizes=\"auto\" data-orig-sizes=\"(max-width: 820px) 100vw, 1200px\" \/><\/span><\/div><\/div><\/div><div class=\"fusion-layout-column fusion_builder_column fusion-builder-column-13 fusion-flex-column\" style=\"--awb-bg-size:cover;--awb-width-large:30%;--awb-spacing-right-large:4.85%;--awb-margin-bottom-large:0px;--awb-spacing-left-large:4.85%;--awb-width-medium:33.333333333333%;--awb-order-medium:0;--awb-spacing-right-medium:4.365%;--awb-spacing-left-medium:30px;--awb-width-small:100%;--awb-order-small:0;--awb-spacing-right-small:1.455%;--awb-spacing-left-small:30px;\" data-scroll-devices=\"small-visibility,medium-visibility,large-visibility\"><div class=\"fusion-column-wrapper fusion-column-has-shadow fusion-flex-justify-content-flex-start fusion-content-layout-column\"><div class=\"fusion-text fusion-text-10 fusion-text-no-margin\" style=\"--awb-font-size:var(--awb-typography2-font-size);--awb-line-height:var(--awb-typography2-line-height);--awb-letter-spacing:var(--awb-typography2-letter-spacing);--awb-text-transform:var(--awb-typography2-text-transform);--awb-margin-bottom:16px;--awb-text-font-family:var(--awb-typography2-font-family);--awb-text-font-weight:var(--awb-typography2-font-weight);--awb-text-font-style:var(--awb-typography2-font-style);\"><span class=\"fusion-highlight custom-textcolor highlight1 awb-highlight-marker\" style=\"--awb-color:hsla(var(--awb-custom_color_2-h),var(--awb-custom_color_2-s),var(--awb-custom_color_2-l),calc(var(--awb-custom_color_2-a) - 40%));--awb-text-color:var(--awb-color6);\">El abogado de familia que necesitas<\/span>\n<\/div><div class=\"fusion-title title fusion-title-8 fusion-sep-none fusion-title-text fusion-title-size-two\" style=\"--awb-margin-bottom:24px;--awb-margin-bottom-small:24px;\"><h2 class=\"fusion-title-heading title-heading-left fusion-responsive-typography-calculated\" style=\"margin:0;--fontSize:42;line-height:var(--awb-typography1-line-height);\">Family Law<\/h2><\/div><div class=\"fusion-text fusion-text-11 fusion-text-no-margin\" style=\"--awb-margin-bottom:20px;\"><ul>\n<li>Divorces and separations<\/li>\n<li>Child custody and visitation arrangements<\/li>\n<li>Child and spousal support<\/li>\n<li>Prenuptial agreements and inheritance matters<\/li>\n<li>Adoptions and parentage<\/li>\n<\/ul>\n<\/div><div ><a class=\"fusion-button button-flat fusion-button-default-size button-custom fusion-button-default button-5 fusion-button-default-span fusion-button-default-type awb-b-icon-pos-right\" style=\"--button_accent_color:var(--awb-color7);--button_accent_hover_color:var(--awb-color1);--button_border_hover_color:var(--awb-color1);--button_gradient_top_color:var(--awb-color5);--button_gradient_bottom_color:var(--awb-color5);--button_gradient_top_color_hover:hsla(var(--awb-color4-h),var(--awb-color4-s),calc(var(--awb-color4-l) - 20%),var(--awb-color4-a));--button_gradient_bottom_color_hover:hsla(var(--awb-color4-h),var(--awb-color4-s),calc(var(--awb-color4-l) - 20%),var(--awb-color4-a));\" target=\"_self\" data-hover=\"icon_position\" href=\"https:\/\/prolegali.com\/abogado-de-familia-en-palma-de-mallorca\/\"><span class=\"fusion-button-text\">More info<\/span><i class=\"awb-recruitment-arrow-btn button-icon-right\" aria-hidden=\"true\"><\/i><i class=\"awb-recruitment-arrow-btn button-icon-right\" aria-hidden=\"true\"><\/i><\/a><\/div><\/div><\/div><\/div><\/div><\/div><div class=\" swiper-slide\" data-section=\"1\" data-element=\"3\" ><div class=\"fusion-fullwidth fullwidth-box fusion-builder-row-6 fusion-flex-container has-pattern-background has-mask-background fusion-parallax-none hundred-percent-fullwidth hundred-percent-height hundred-percent-height-center-content hundred-percent-height-scrolling lazyload\" style=\"--awb-border-radius-top-left:0px;--awb-border-radius-top-right:0px;--awb-border-radius-bottom-right:0px;--awb-border-radius-bottom-left:0px;--awb-padding-left:10%;--awb-padding-left-medium:30px;--awb-background-image:linear-gradient(90deg, var(--awb-color2) 42%,hsla(var(--awb-color1-h),var(--awb-color1-s),var(--awb-color1-l),calc(var(--awb-color1-a) - 100%)) 42%);;--awb-background-image-small:linear-gradient(90deg, var(--awb-color2) 42%,hsla(var(--awb-color1-h),var(--awb-color1-s),var(--awb-color1-l),calc(var(--awb-color1-a) - 100%)) 42%);;--awb-background-size:cover;--awb-flex-wrap:wrap;\" data-bg=\"http:\/\/prolegali.com\/wp-content\/uploads\/2025\/05\/abogado-en-mallorca-derecho-penal.webp\" data-fusion-responsive-bg=\"1\" data-bg-small=\"http:\/\/prolegali.com\/wp-content\/uploads\/2024\/11\/transparent-bg-1.png\" data-bg-gradient=\"linear-gradient(90deg, var(--awb-color2) 42%,hsla(var(--awb-color1-h),var(--awb-color1-s),var(--awb-color1-l),calc(var(--awb-color1-a) - 100%)) 42%)\" ><div class=\"awb-background-mask\" style=\"background-image:  url(http:\/\/prolegali.com\/wp-content\/uploads\/2025\/01\/mask-border-light.svg);opacity: 1 ;transform: scale(1, 1);mix-blend-mode:normal;\"><\/div><div class=\"fusion-builder-row fusion-row fusion-flex-align-items-flex-start fusion-flex-align-content-center fusion-flex-content-wrap\" style=\"width:103% !important;max-width:103% !important;margin-left: calc(-3% \/ 2 );margin-right: calc(-3% \/ 2 );\"><div class=\"fusion-layout-column fusion_builder_column fusion-builder-column-14 fusion_builder_column_1_1 1_1 fusion-flex-column fusion-no-medium-visibility fusion-no-large-visibility\" style=\"--awb-overflow:hidden;--awb-bg-size:cover;--awb-border-radius:20px 20px 20px 20px;--awb-width-large:100%;--awb-spacing-right-large:1.455%;--awb-margin-bottom-large:0px;--awb-spacing-left-large:1.455%;--awb-width-medium:100%;--awb-order-medium:0;--awb-spacing-right-medium:1.455%;--awb-spacing-left-medium:1.455%;--awb-width-small:100%;--awb-order-small:0;--awb-margin-top-small:64px;--awb-spacing-right-small:1.455%;--awb-margin-bottom-small:64px;--awb-spacing-left-small:1.455%;\"><div class=\"fusion-column-wrapper fusion-column-has-shadow fusion-flex-justify-content-flex-start fusion-content-layout-column\"><div class=\"fusion-image-element \" style=\"--awb-caption-title-font-family:var(--h2_typography-font-family);--awb-caption-title-font-weight:var(--h2_typography-font-weight);--awb-caption-title-font-style:var(--h2_typography-font-style);--awb-caption-title-size:var(--h2_typography-font-size);--awb-caption-title-transform:var(--h2_typography-text-transform);--awb-caption-title-line-height:var(--h2_typography-line-height);--awb-caption-title-letter-spacing:var(--h2_typography-letter-spacing);\"><span class=\" fusion-imageframe imageframe-none imageframe-7 hover-type-none\"><img decoding=\"async\" width=\"1250\" height=\"837\" alt=\"Prisi\u00f3n representando casos penales gestionados por abogados especialistas en derecho penal\" title=\"abogado-en-mallorca-derecho-penal\" src=\"https:\/\/prolegali.com\/wp-content\/uploads\/2025\/05\/abogado-en-mallorca-derecho-penal.webp\" data-orig-src=\"http:\/\/prolegali.com\/wp-content\/uploads\/2025\/05\/abogado-en-mallorca-derecho-penal.webp\" class=\"lazyload img-responsive wp-image-5892\" srcset=\"data:image\/svg+xml,%3Csvg%20xmlns%3D%27http%3A%2F%2Fwww.w3.org%2F2000%2Fsvg%27%20width%3D%271250%27%20height%3D%27837%27%20viewBox%3D%270%200%201250%20837%27%3E%3Crect%20width%3D%271250%27%20height%3D%27837%27%20fill-opacity%3D%220%22%2F%3E%3C%2Fsvg%3E\" data-srcset=\"https:\/\/prolegali.com\/wp-content\/uploads\/2025\/05\/abogado-en-mallorca-derecho-penal-200x134.webp 200w, https:\/\/prolegali.com\/wp-content\/uploads\/2025\/05\/abogado-en-mallorca-derecho-penal-300x201.webp 300w, https:\/\/prolegali.com\/wp-content\/uploads\/2025\/05\/abogado-en-mallorca-derecho-penal-400x268.webp 400w, https:\/\/prolegali.com\/wp-content\/uploads\/2025\/05\/abogado-en-mallorca-derecho-penal-600x402.webp 600w, https:\/\/prolegali.com\/wp-content\/uploads\/2025\/05\/abogado-en-mallorca-derecho-penal-768x514.webp 768w, https:\/\/prolegali.com\/wp-content\/uploads\/2025\/05\/abogado-en-mallorca-derecho-penal-800x536.webp 800w, https:\/\/prolegali.com\/wp-content\/uploads\/2025\/05\/abogado-en-mallorca-derecho-penal-1024x686.webp 1024w, https:\/\/prolegali.com\/wp-content\/uploads\/2025\/05\/abogado-en-mallorca-derecho-penal-1200x804.webp 1200w, https:\/\/prolegali.com\/wp-content\/uploads\/2025\/05\/abogado-en-mallorca-derecho-penal.webp 1250w\" data-sizes=\"auto\" data-orig-sizes=\"(max-width: 820px) 100vw, 1200px\" \/><\/span><\/div><\/div><\/div><div class=\"fusion-layout-column fusion_builder_column fusion-builder-column-15 fusion-flex-column\" style=\"--awb-bg-size:cover;--awb-width-large:30%;--awb-spacing-right-large:4.85%;--awb-margin-bottom-large:0px;--awb-spacing-left-large:4.85%;--awb-width-medium:33.333333333333%;--awb-order-medium:0;--awb-spacing-right-medium:4.365%;--awb-spacing-left-medium:30px;--awb-width-small:100%;--awb-order-small:0;--awb-spacing-right-small:1.455%;--awb-spacing-left-small:30px;\" data-scroll-devices=\"small-visibility,medium-visibility,large-visibility\"><div class=\"fusion-column-wrapper fusion-column-has-shadow fusion-flex-justify-content-flex-start fusion-content-layout-column\"><div class=\"fusion-text fusion-text-12 fusion-text-no-margin\" style=\"--awb-font-size:var(--awb-typography2-font-size);--awb-line-height:var(--awb-typography2-line-height);--awb-letter-spacing:var(--awb-typography2-letter-spacing);--awb-text-transform:var(--awb-typography2-text-transform);--awb-margin-bottom:16px;--awb-text-font-family:var(--awb-typography2-font-family);--awb-text-font-weight:var(--awb-typography2-font-weight);--awb-text-font-style:var(--awb-typography2-font-style);\"><span class=\"fusion-highlight custom-textcolor highlight1 awb-highlight-marker\" style=\"--awb-color:hsla(var(--awb-custom_color_2-h),var(--awb-custom_color_2-s),var(--awb-custom_color_2-l),calc(var(--awb-custom_color_2-a) - 40%));--awb-text-color:var(--awb-color6);\">El abogado de derecho penal que necesitas<\/span>\n<\/div><div class=\"fusion-title title fusion-title-9 fusion-sep-none fusion-title-text fusion-title-size-two\" style=\"--awb-margin-bottom:24px;--awb-margin-bottom-small:24px;\"><h2 class=\"fusion-title-heading title-heading-left fusion-responsive-typography-calculated\" style=\"margin:0;--fontSize:42;line-height:var(--awb-typography1-line-height);\">Criminal Law<\/h2><\/div><div class=\"fusion-text fusion-text-13 fusion-text-no-margin\" style=\"--awb-margin-bottom:20px;\"><ul>\n<li>Criminal complaints (theft, assault, threats, etc.)<\/li>\n<li>Arrests and legal assistance for detainees<\/li>\n<li>Fast-track trials<\/li>\n<li>Gender-based violence<\/li>\n<li>Economic crimes or traffic-related offenses<\/li>\n<\/ul>\n<\/div><div ><a class=\"fusion-button button-flat fusion-button-default-size button-custom fusion-button-default button-6 fusion-button-default-span fusion-button-default-type awb-b-icon-pos-right\" style=\"--button_accent_color:var(--awb-color7);--button_accent_hover_color:var(--awb-color1);--button_border_hover_color:var(--awb-color1);--button_gradient_top_color:var(--awb-color5);--button_gradient_bottom_color:var(--awb-color5);--button_gradient_top_color_hover:hsla(var(--awb-color4-h),var(--awb-color4-s),calc(var(--awb-color4-l) - 20%),var(--awb-color4-a));--button_gradient_bottom_color_hover:hsla(var(--awb-color4-h),var(--awb-color4-s),calc(var(--awb-color4-l) - 20%),var(--awb-color4-a));\" target=\"_self\" data-hover=\"icon_position\" href=\"https:\/\/prolegali.com\/abogado-derecho-penal-en-palma-de-mallorca\/\"><span class=\"fusion-button-text\">More info<\/span><i class=\"awb-recruitment-arrow-btn button-icon-right\" aria-hidden=\"true\"><\/i><i class=\"awb-recruitment-arrow-btn button-icon-right\" aria-hidden=\"true\"><\/i><\/a><\/div><\/div><\/div><\/div><\/div><\/div><div class=\" swiper-slide\" data-section=\"1\" data-element=\"4\" ><div class=\"fusion-fullwidth fullwidth-box fusion-builder-row-7 fusion-flex-container has-pattern-background has-mask-background fusion-parallax-none hundred-percent-fullwidth hundred-percent-height hundred-percent-height-center-content hundred-percent-height-scrolling lazyload\" style=\"--awb-border-radius-top-left:0px;--awb-border-radius-top-right:0px;--awb-border-radius-bottom-right:0px;--awb-border-radius-bottom-left:0px;--awb-padding-left:10%;--awb-padding-left-medium:30px;--awb-background-image:linear-gradient(90deg, var(--awb-color2) 42%,hsla(var(--awb-color1-h),var(--awb-color1-s),var(--awb-color1-l),calc(var(--awb-color1-a) - 100%)) 42%);;--awb-background-image-small:linear-gradient(90deg, var(--awb-color2) 42%,hsla(var(--awb-color1-h),var(--awb-color1-s),var(--awb-color1-l),calc(var(--awb-color1-a) - 100%)) 42%);;--awb-background-size:cover;--awb-flex-wrap:wrap;\" data-bg=\"http:\/\/prolegali.com\/wp-content\/uploads\/2025\/04\/abogado-despido-en-palma-de-mallorca-laboralista.webp\" data-fusion-responsive-bg=\"1\" data-bg-small=\"http:\/\/prolegali.com\/wp-content\/uploads\/2024\/11\/transparent-bg-1.png\" data-bg-gradient=\"linear-gradient(90deg, var(--awb-color2) 42%,hsla(var(--awb-color1-h),var(--awb-color1-s),var(--awb-color1-l),calc(var(--awb-color1-a) - 100%)) 42%)\" ><div class=\"awb-background-mask\" style=\"background-image:  url(http:\/\/prolegali.com\/wp-content\/uploads\/2025\/01\/mask-border-light.svg);opacity: 1 ;transform: scale(1, 1);mix-blend-mode:normal;\"><\/div><div class=\"fusion-builder-row fusion-row fusion-flex-align-items-flex-start fusion-flex-align-content-center fusion-flex-content-wrap\" style=\"width:103% !important;max-width:103% !important;margin-left: calc(-3% \/ 2 );margin-right: calc(-3% \/ 2 );\"><div class=\"fusion-layout-column fusion_builder_column fusion-builder-column-16 fusion_builder_column_1_1 1_1 fusion-flex-column fusion-no-medium-visibility fusion-no-large-visibility\" style=\"--awb-overflow:hidden;--awb-bg-size:cover;--awb-border-radius:20px 20px 20px 20px;--awb-width-large:100%;--awb-spacing-right-large:1.455%;--awb-margin-bottom-large:0px;--awb-spacing-left-large:1.455%;--awb-width-medium:100%;--awb-order-medium:0;--awb-spacing-right-medium:1.455%;--awb-spacing-left-medium:1.455%;--awb-width-small:100%;--awb-order-small:0;--awb-margin-top-small:64px;--awb-spacing-right-small:1.455%;--awb-margin-bottom-small:64px;--awb-spacing-left-small:1.455%;\"><div class=\"fusion-column-wrapper fusion-column-has-shadow fusion-flex-justify-content-flex-start fusion-content-layout-column\"><div class=\"fusion-image-element \" style=\"--awb-caption-title-font-family:var(--h2_typography-font-family);--awb-caption-title-font-weight:var(--h2_typography-font-weight);--awb-caption-title-font-style:var(--h2_typography-font-style);--awb-caption-title-size:var(--h2_typography-font-size);--awb-caption-title-transform:var(--h2_typography-text-transform);--awb-caption-title-line-height:var(--h2_typography-line-height);--awb-caption-title-letter-spacing:var(--h2_typography-letter-spacing);\"><span class=\" fusion-imageframe imageframe-none imageframe-8 hover-type-none\"><img decoding=\"async\" width=\"1280\" height=\"940\" alt=\"Trabajador despedido recogiendo sus cosas, s\u00edmbolo de conflicto laboral y asesoramiento jur\u00eddico\" title=\"abogado-despido-en-palma-de-mallorca\" src=\"https:\/\/prolegali.com\/wp-content\/uploads\/2025\/04\/abogado-despido-en-palma-de-mallorca.webp\" data-orig-src=\"http:\/\/prolegali.com\/wp-content\/uploads\/2025\/04\/abogado-despido-en-palma-de-mallorca.webp\" class=\"lazyload img-responsive wp-image-5780\" srcset=\"data:image\/svg+xml,%3Csvg%20xmlns%3D%27http%3A%2F%2Fwww.w3.org%2F2000%2Fsvg%27%20width%3D%271280%27%20height%3D%27940%27%20viewBox%3D%270%200%201280%20940%27%3E%3Crect%20width%3D%271280%27%20height%3D%27940%27%20fill-opacity%3D%220%22%2F%3E%3C%2Fsvg%3E\" data-srcset=\"https:\/\/prolegali.com\/wp-content\/uploads\/2025\/04\/abogado-despido-en-palma-de-mallorca-200x147.webp 200w, https:\/\/prolegali.com\/wp-content\/uploads\/2025\/04\/abogado-despido-en-palma-de-mallorca-300x220.webp 300w, https:\/\/prolegali.com\/wp-content\/uploads\/2025\/04\/abogado-despido-en-palma-de-mallorca-400x294.webp 400w, https:\/\/prolegali.com\/wp-content\/uploads\/2025\/04\/abogado-despido-en-palma-de-mallorca-600x441.webp 600w, https:\/\/prolegali.com\/wp-content\/uploads\/2025\/04\/abogado-despido-en-palma-de-mallorca-768x564.webp 768w, https:\/\/prolegali.com\/wp-content\/uploads\/2025\/04\/abogado-despido-en-palma-de-mallorca-800x588.webp 800w, https:\/\/prolegali.com\/wp-content\/uploads\/2025\/04\/abogado-despido-en-palma-de-mallorca-1024x752.webp 1024w, https:\/\/prolegali.com\/wp-content\/uploads\/2025\/04\/abogado-despido-en-palma-de-mallorca-1200x881.webp 1200w, https:\/\/prolegali.com\/wp-content\/uploads\/2025\/04\/abogado-despido-en-palma-de-mallorca.webp 1280w\" data-sizes=\"auto\" data-orig-sizes=\"(max-width: 820px) 100vw, 1200px\" \/><\/span><\/div><\/div><\/div><div class=\"fusion-layout-column fusion_builder_column fusion-builder-column-17 fusion-flex-column\" style=\"--awb-bg-size:cover;--awb-width-large:30%;--awb-spacing-right-large:4.85%;--awb-margin-bottom-large:0px;--awb-spacing-left-large:4.85%;--awb-width-medium:33.333333333333%;--awb-order-medium:0;--awb-spacing-right-medium:4.365%;--awb-spacing-left-medium:30px;--awb-width-small:100%;--awb-order-small:0;--awb-spacing-right-small:1.455%;--awb-spacing-left-small:30px;\" data-scroll-devices=\"small-visibility,medium-visibility,large-visibility\"><div class=\"fusion-column-wrapper fusion-column-has-shadow fusion-flex-justify-content-flex-start fusion-content-layout-column\"><div class=\"fusion-text fusion-text-14 fusion-text-no-margin\" style=\"--awb-font-size:var(--awb-typography2-font-size);--awb-line-height:var(--awb-typography2-line-height);--awb-letter-spacing:var(--awb-typography2-letter-spacing);--awb-text-transform:var(--awb-typography2-text-transform);--awb-margin-bottom:16px;--awb-text-font-family:var(--awb-typography2-font-family);--awb-text-font-weight:var(--awb-typography2-font-weight);--awb-text-font-style:var(--awb-typography2-font-style);\"><span class=\"fusion-highlight custom-textcolor highlight1 awb-highlight-marker\" style=\"--awb-color:hsla(var(--awb-custom_color_2-h),var(--awb-custom_color_2-s),var(--awb-custom_color_2-l),calc(var(--awb-custom_color_2-a) - 40%));--awb-text-color:var(--awb-color6);\">El abogado de derecho laboral que necesitas<\/span>\n<\/div><div class=\"fusion-title title fusion-title-10 fusion-sep-none fusion-title-text fusion-title-size-two\" style=\"--awb-margin-bottom:24px;--awb-margin-bottom-small:24px;\"><h2 class=\"fusion-title-heading title-heading-left fusion-responsive-typography-calculated\" style=\"margin:0;--fontSize:42;line-height:var(--awb-typography1-line-height);\">Labor Law<\/h2><\/div><div class=\"fusion-text fusion-text-15 fusion-text-no-margin\" style=\"--awb-margin-bottom:20px;\"><ul>\n<li>Unfair or wrongful dismissals<\/li>\n<li>Non-payment of wages or severance<\/li>\n<li>Workplace harassment (mobbing)<\/li>\n<li>Claims before Social Security<\/li>\n<li>Disputes over contracts or working conditions<\/li>\n<\/ul>\n<\/div><div ><a class=\"fusion-button button-flat fusion-button-default-size button-custom fusion-button-default button-7 fusion-button-default-span fusion-button-default-type awb-b-icon-pos-right\" style=\"--button_accent_color:var(--awb-color7);--button_accent_hover_color:var(--awb-color1);--button_border_hover_color:var(--awb-color1);--button_gradient_top_color:var(--awb-color5);--button_gradient_bottom_color:var(--awb-color5);--button_gradient_top_color_hover:hsla(var(--awb-color4-h),var(--awb-color4-s),calc(var(--awb-color4-l) - 20%),var(--awb-color4-a));--button_gradient_bottom_color_hover:hsla(var(--awb-color4-h),var(--awb-color4-s),calc(var(--awb-color4-l) - 20%),var(--awb-color4-a));\" target=\"_self\" data-hover=\"icon_position\" href=\"https:\/\/prolegali.com\/abogado-laboralista-en-palma-de-mallorca\/\"><span class=\"fusion-button-text\">More info<\/span><i class=\"awb-recruitment-arrow-btn button-icon-right\" aria-hidden=\"true\"><\/i><i class=\"awb-recruitment-arrow-btn button-icon-right\" aria-hidden=\"true\"><\/i><\/a><\/div><\/div><\/div><\/div><\/div><\/div><div class=\" swiper-slide\" data-section=\"1\" data-element=\"5\" ><div class=\"fusion-fullwidth fullwidth-box fusion-builder-row-8 fusion-flex-container has-pattern-background has-mask-background fusion-parallax-none hundred-percent-fullwidth hundred-percent-height hundred-percent-height-center-content hundred-percent-height-scrolling lazyload\" style=\"--awb-border-radius-top-left:0px;--awb-border-radius-top-right:0px;--awb-border-radius-bottom-right:0px;--awb-border-radius-bottom-left:0px;--awb-padding-left:10%;--awb-padding-left-medium:30px;--awb-background-image:linear-gradient(90deg, var(--awb-color2) 42%,hsla(var(--awb-color1-h),var(--awb-color1-s),var(--awb-color1-l),calc(var(--awb-color1-a) - 100%)) 42%);;--awb-background-image-small:linear-gradient(90deg, var(--awb-color2) 42%,hsla(var(--awb-color1-h),var(--awb-color1-s),var(--awb-color1-l),calc(var(--awb-color1-a) - 100%)) 42%);;--awb-background-size:cover;--awb-flex-wrap:wrap;\" data-bg=\"http:\/\/prolegali.com\/wp-content\/uploads\/2025\/05\/derecho-mercantil-abogado-en-palma-de-mallorca.webp\" data-fusion-responsive-bg=\"1\" data-bg-small=\"http:\/\/prolegali.com\/wp-content\/uploads\/2024\/11\/transparent-bg-1.png\" data-bg-gradient=\"linear-gradient(90deg, var(--awb-color2) 42%,hsla(var(--awb-color1-h),var(--awb-color1-s),var(--awb-color1-l),calc(var(--awb-color1-a) - 100%)) 42%)\" ><div class=\"awb-background-mask\" style=\"background-image:  url(http:\/\/prolegali.com\/wp-content\/uploads\/2025\/01\/mask-border-light.svg);opacity: 1 ;transform: scale(1, 1);mix-blend-mode:normal;\"><\/div><div class=\"fusion-builder-row fusion-row fusion-flex-align-items-flex-start fusion-flex-align-content-center fusion-flex-content-wrap\" style=\"width:103% !important;max-width:103% !important;margin-left: calc(-3% \/ 2 );margin-right: calc(-3% \/ 2 );\"><div class=\"fusion-layout-column fusion_builder_column fusion-builder-column-18 fusion_builder_column_1_1 1_1 fusion-flex-column fusion-no-medium-visibility fusion-no-large-visibility\" style=\"--awb-overflow:hidden;--awb-bg-size:cover;--awb-border-radius:20px 20px 20px 20px;--awb-width-large:100%;--awb-spacing-right-large:1.455%;--awb-margin-bottom-large:0px;--awb-spacing-left-large:1.455%;--awb-width-medium:100%;--awb-order-medium:0;--awb-spacing-right-medium:1.455%;--awb-spacing-left-medium:1.455%;--awb-width-small:100%;--awb-order-small:0;--awb-margin-top-small:64px;--awb-spacing-right-small:1.455%;--awb-margin-bottom-small:64px;--awb-spacing-left-small:1.455%;\"><div class=\"fusion-column-wrapper fusion-column-has-shadow fusion-flex-justify-content-flex-start fusion-content-layout-column\"><div class=\"fusion-image-element \" style=\"--awb-caption-title-font-family:var(--h2_typography-font-family);--awb-caption-title-font-weight:var(--h2_typography-font-weight);--awb-caption-title-font-style:var(--h2_typography-font-style);--awb-caption-title-size:var(--h2_typography-font-size);--awb-caption-title-transform:var(--h2_typography-text-transform);--awb-caption-title-line-height:var(--h2_typography-line-height);--awb-caption-title-letter-spacing:var(--h2_typography-letter-spacing);\"><span class=\" fusion-imageframe imageframe-none imageframe-9 hover-type-none\"><img decoding=\"async\" width=\"1400\" height=\"933\" alt=\"Estrategia empresarial ilustrada con un tablero de ajedrez, concepto clave en derecho mercantil y asesor\u00eda legal\" title=\"derecho-mercantil-abogado-en-palma-de-mallorca\" src=\"https:\/\/prolegali.com\/wp-content\/uploads\/2025\/05\/derecho-mercantil-abogado-en-palma-de-mallorca.webp\" data-orig-src=\"http:\/\/prolegali.com\/wp-content\/uploads\/2025\/05\/derecho-mercantil-abogado-en-palma-de-mallorca.webp\" class=\"lazyload img-responsive wp-image-5912\" srcset=\"data:image\/svg+xml,%3Csvg%20xmlns%3D%27http%3A%2F%2Fwww.w3.org%2F2000%2Fsvg%27%20width%3D%271400%27%20height%3D%27933%27%20viewBox%3D%270%200%201400%20933%27%3E%3Crect%20width%3D%271400%27%20height%3D%27933%27%20fill-opacity%3D%220%22%2F%3E%3C%2Fsvg%3E\" data-srcset=\"https:\/\/prolegali.com\/wp-content\/uploads\/2025\/05\/derecho-mercantil-abogado-en-palma-de-mallorca-200x133.webp 200w, https:\/\/prolegali.com\/wp-content\/uploads\/2025\/05\/derecho-mercantil-abogado-en-palma-de-mallorca-300x200.webp 300w, https:\/\/prolegali.com\/wp-content\/uploads\/2025\/05\/derecho-mercantil-abogado-en-palma-de-mallorca-400x267.webp 400w, https:\/\/prolegali.com\/wp-content\/uploads\/2025\/05\/derecho-mercantil-abogado-en-palma-de-mallorca-600x400.webp 600w, https:\/\/prolegali.com\/wp-content\/uploads\/2025\/05\/derecho-mercantil-abogado-en-palma-de-mallorca-768x512.webp 768w, https:\/\/prolegali.com\/wp-content\/uploads\/2025\/05\/derecho-mercantil-abogado-en-palma-de-mallorca-800x533.webp 800w, https:\/\/prolegali.com\/wp-content\/uploads\/2025\/05\/derecho-mercantil-abogado-en-palma-de-mallorca-1024x682.webp 1024w, https:\/\/prolegali.com\/wp-content\/uploads\/2025\/05\/derecho-mercantil-abogado-en-palma-de-mallorca-1200x800.webp 1200w, https:\/\/prolegali.com\/wp-content\/uploads\/2025\/05\/derecho-mercantil-abogado-en-palma-de-mallorca.webp 1400w\" data-sizes=\"auto\" data-orig-sizes=\"(max-width: 820px) 100vw, 1200px\" \/><\/span><\/div><\/div><\/div><div class=\"fusion-layout-column fusion_builder_column fusion-builder-column-19 fusion-flex-column\" style=\"--awb-bg-size:cover;--awb-width-large:30%;--awb-spacing-right-large:4.85%;--awb-margin-bottom-large:0px;--awb-spacing-left-large:4.85%;--awb-width-medium:33.333333333333%;--awb-order-medium:0;--awb-spacing-right-medium:4.365%;--awb-spacing-left-medium:30px;--awb-width-small:100%;--awb-order-small:0;--awb-spacing-right-small:1.455%;--awb-spacing-left-small:30px;\" data-scroll-devices=\"small-visibility,medium-visibility,large-visibility\"><div class=\"fusion-column-wrapper fusion-column-has-shadow fusion-flex-justify-content-flex-start fusion-content-layout-column\"><div class=\"fusion-text fusion-text-16 fusion-text-no-margin\" style=\"--awb-font-size:var(--awb-typography2-font-size);--awb-line-height:var(--awb-typography2-line-height);--awb-letter-spacing:var(--awb-typography2-letter-spacing);--awb-text-transform:var(--awb-typography2-text-transform);--awb-margin-bottom:16px;--awb-text-font-family:var(--awb-typography2-font-family);--awb-text-font-weight:var(--awb-typography2-font-weight);--awb-text-font-style:var(--awb-typography2-font-style);\"><span class=\"fusion-highlight custom-textcolor highlight1 awb-highlight-marker\" style=\"--awb-color:hsla(var(--awb-custom_color_2-h),var(--awb-custom_color_2-s),var(--awb-custom_color_2-l),calc(var(--awb-custom_color_2-a) - 40%));--awb-text-color:var(--awb-color6);\">El abogado de derecho mercantil que necesitas<\/span>\n<\/div><div class=\"fusion-title title fusion-title-11 fusion-sep-none fusion-title-text fusion-title-size-two\" style=\"--awb-margin-bottom:24px;--awb-margin-bottom-small:24px;\"><h2 class=\"fusion-title-heading title-heading-left fusion-responsive-typography-calculated\" style=\"margin:0;--fontSize:42;line-height:var(--awb-typography1-line-height);\">Commercial Law<\/h2><\/div><div class=\"fusion-text fusion-text-17 fusion-text-no-margin\" style=\"--awb-margin-bottom:20px;\"><ul>\n<li>Company formation<\/li>\n<li>Disputes between partners<\/li>\n<li>Unpaid invoices and claims against clients<\/li>\n<li>Commercial and business contracts<\/li>\n<li>Bankruptcy and insolvency proceedings<\/li>\n<\/ul>\n<\/div><div ><a class=\"fusion-button button-flat fusion-button-default-size button-custom fusion-button-default button-8 fusion-button-default-span fusion-button-default-type awb-b-icon-pos-right\" style=\"--button_accent_color:var(--awb-color7);--button_accent_hover_color:var(--awb-color1);--button_border_hover_color:var(--awb-color1);--button_gradient_top_color:var(--awb-color5);--button_gradient_bottom_color:var(--awb-color5);--button_gradient_top_color_hover:hsla(var(--awb-color4-h),var(--awb-color4-s),calc(var(--awb-color4-l) - 20%),var(--awb-color4-a));--button_gradient_bottom_color_hover:hsla(var(--awb-color4-h),var(--awb-color4-s),calc(var(--awb-color4-l) - 20%),var(--awb-color4-a));\" target=\"_self\" data-hover=\"icon_position\" href=\"https:\/\/prolegali.com\/abogado-derecho-mercantil-en-palma-de-mallorca\/\"><span class=\"fusion-button-text\">More info<\/span><i class=\"awb-recruitment-arrow-btn button-icon-right\" aria-hidden=\"true\"><\/i><i class=\"awb-recruitment-arrow-btn button-icon-right\" aria-hidden=\"true\"><\/i><\/a><\/div><\/div><\/div><\/div><\/div><\/div><div class=\" swiper-slide\" data-section=\"1\" data-element=\"6\" ><div class=\"fusion-fullwidth fullwidth-box fusion-builder-row-9 fusion-flex-container has-pattern-background has-mask-background fusion-parallax-none hundred-percent-fullwidth hundred-percent-height hundred-percent-height-center-content hundred-percent-height-scrolling lazyload\" style=\"--awb-border-radius-top-left:0px;--awb-border-radius-top-right:0px;--awb-border-radius-bottom-right:0px;--awb-border-radius-bottom-left:0px;--awb-padding-left:10%;--awb-padding-left-medium:30px;--awb-padding-bottom-small:30px;--awb-background-image:linear-gradient(90deg, var(--awb-color2) 42%,hsla(var(--awb-color1-h),var(--awb-color1-s),var(--awb-color1-l),calc(var(--awb-color1-a) - 100%)) 42%);;--awb-background-image-small:linear-gradient(90deg, var(--awb-color2) 42%,hsla(var(--awb-color1-h),var(--awb-color1-s),var(--awb-color1-l),calc(var(--awb-color1-a) - 100%)) 42%);;--awb-background-size:cover;--awb-flex-wrap:wrap;\" data-bg=\"http:\/\/prolegali.com\/wp-content\/uploads\/2025\/04\/abogado-en-palma-de-derecho-administrativo.webp\" data-fusion-responsive-bg=\"1\" data-bg-small=\"http:\/\/prolegali.com\/wp-content\/uploads\/2024\/11\/transparent-bg-1.png\" data-bg-gradient=\"linear-gradient(90deg, var(--awb-color2) 42%,hsla(var(--awb-color1-h),var(--awb-color1-s),var(--awb-color1-l),calc(var(--awb-color1-a) - 100%)) 42%)\" ><div class=\"awb-background-mask\" style=\"background-image:  url(http:\/\/prolegali.com\/wp-content\/uploads\/2025\/01\/mask-border-light.svg);opacity: 1 ;transform: scale(1, 1);mix-blend-mode:normal;\"><\/div><div class=\"fusion-builder-row fusion-row fusion-flex-align-items-flex-start fusion-flex-align-content-center fusion-flex-content-wrap\" style=\"width:103% !important;max-width:103% !important;margin-left: calc(-3% \/ 2 );margin-right: calc(-3% \/ 2 );\"><div class=\"fusion-layout-column fusion_builder_column fusion-builder-column-20 fusion_builder_column_1_1 1_1 fusion-flex-column fusion-no-medium-visibility fusion-no-large-visibility\" style=\"--awb-overflow:hidden;--awb-bg-size:cover;--awb-border-radius:20px 20px 20px 20px;--awb-width-large:100%;--awb-spacing-right-large:1.455%;--awb-margin-bottom-large:0px;--awb-spacing-left-large:1.455%;--awb-width-medium:100%;--awb-order-medium:0;--awb-spacing-right-medium:1.455%;--awb-spacing-left-medium:1.455%;--awb-width-small:100%;--awb-order-small:0;--awb-margin-top-small:64px;--awb-spacing-right-small:1.455%;--awb-margin-bottom-small:64px;--awb-spacing-left-small:1.455%;\"><div class=\"fusion-column-wrapper fusion-column-has-shadow fusion-flex-justify-content-flex-start fusion-content-layout-column\"><div class=\"fusion-image-element \" style=\"--awb-caption-title-font-family:var(--h2_typography-font-family);--awb-caption-title-font-weight:var(--h2_typography-font-weight);--awb-caption-title-font-style:var(--h2_typography-font-style);--awb-caption-title-size:var(--h2_typography-font-size);--awb-caption-title-transform:var(--h2_typography-text-transform);--awb-caption-title-line-height:var(--h2_typography-line-height);--awb-caption-title-letter-spacing:var(--h2_typography-letter-spacing);\"><span class=\" fusion-imageframe imageframe-none imageframe-10 hover-type-none\"><img decoding=\"async\" width=\"2194\" height=\"1182\" alt=\"Edificio de la Agencia Tributaria en Palma de Mallorca, donde act\u00faa un abogado en derecho administrativo\" title=\"abogado-en-palma-de-derecho-administrativo\" src=\"https:\/\/prolegali.com\/wp-content\/uploads\/2025\/04\/abogado-en-palma-de-derecho-administrativo.webp\" data-orig-src=\"http:\/\/prolegali.com\/wp-content\/uploads\/2025\/04\/abogado-en-palma-de-derecho-administrativo.webp\" class=\"lazyload img-responsive wp-image-5783\" srcset=\"data:image\/svg+xml,%3Csvg%20xmlns%3D%27http%3A%2F%2Fwww.w3.org%2F2000%2Fsvg%27%20width%3D%272194%27%20height%3D%271182%27%20viewBox%3D%270%200%202194%201182%27%3E%3Crect%20width%3D%272194%27%20height%3D%271182%27%20fill-opacity%3D%220%22%2F%3E%3C%2Fsvg%3E\" data-srcset=\"https:\/\/prolegali.com\/wp-content\/uploads\/2025\/04\/abogado-en-palma-de-derecho-administrativo-200x108.webp 200w, https:\/\/prolegali.com\/wp-content\/uploads\/2025\/04\/abogado-en-palma-de-derecho-administrativo-300x162.webp 300w, https:\/\/prolegali.com\/wp-content\/uploads\/2025\/04\/abogado-en-palma-de-derecho-administrativo-400x215.webp 400w, https:\/\/prolegali.com\/wp-content\/uploads\/2025\/04\/abogado-en-palma-de-derecho-administrativo-600x323.webp 600w, https:\/\/prolegali.com\/wp-content\/uploads\/2025\/04\/abogado-en-palma-de-derecho-administrativo-768x414.webp 768w, https:\/\/prolegali.com\/wp-content\/uploads\/2025\/04\/abogado-en-palma-de-derecho-administrativo-800x431.webp 800w, https:\/\/prolegali.com\/wp-content\/uploads\/2025\/04\/abogado-en-palma-de-derecho-administrativo-1024x552.webp 1024w, https:\/\/prolegali.com\/wp-content\/uploads\/2025\/04\/abogado-en-palma-de-derecho-administrativo-1200x646.webp 1200w, https:\/\/prolegali.com\/wp-content\/uploads\/2025\/04\/abogado-en-palma-de-derecho-administrativo-1536x828.webp 1536w, https:\/\/prolegali.com\/wp-content\/uploads\/2025\/04\/abogado-en-palma-de-derecho-administrativo.webp 2194w\" data-sizes=\"auto\" data-orig-sizes=\"(max-width: 820px) 100vw, 1200px\" \/><\/span><\/div><\/div><\/div><div class=\"fusion-layout-column fusion_builder_column fusion-builder-column-21 fusion-flex-column\" style=\"--awb-bg-size:cover;--awb-width-large:30%;--awb-spacing-right-large:4.85%;--awb-margin-bottom-large:0px;--awb-spacing-left-large:4.85%;--awb-width-medium:33.333333333333%;--awb-order-medium:0;--awb-spacing-right-medium:4.365%;--awb-spacing-left-medium:30px;--awb-width-small:100%;--awb-order-small:0;--awb-spacing-right-small:1.455%;--awb-spacing-left-small:30px;\" data-scroll-devices=\"small-visibility,medium-visibility,large-visibility\"><div class=\"fusion-column-wrapper fusion-column-has-shadow fusion-flex-justify-content-flex-start fusion-content-layout-column\"><div class=\"fusion-text fusion-text-18 fusion-text-no-margin\" style=\"--awb-font-size:var(--awb-typography2-font-size);--awb-line-height:var(--awb-typography2-line-height);--awb-letter-spacing:var(--awb-typography2-letter-spacing);--awb-text-transform:var(--awb-typography2-text-transform);--awb-margin-bottom:16px;--awb-text-font-family:var(--awb-typography2-font-family);--awb-text-font-weight:var(--awb-typography2-font-weight);--awb-text-font-style:var(--awb-typography2-font-style);\"><span class=\"fusion-highlight custom-textcolor highlight1 awb-highlight-marker\" style=\"--awb-color:hsla(var(--awb-custom_color_2-h),var(--awb-custom_color_2-s),var(--awb-custom_color_2-l),calc(var(--awb-custom_color_2-a) - 40%));--awb-text-color:var(--awb-color6);\">El abogado de Derecho Administrativo que necesitas<\/span>\n<\/div><div class=\"fusion-title title fusion-title-12 fusion-sep-none fusion-title-text fusion-title-size-two\" style=\"--awb-margin-bottom:24px;--awb-margin-bottom-small:24px;\"><h2 class=\"fusion-title-heading title-heading-left fusion-responsive-typography-calculated\" style=\"margin:0;--fontSize:42;line-height:var(--awb-typography1-line-height);\">Administrative Law<\/h2><\/div><div class=\"fusion-text fusion-text-19 fusion-text-no-margin\" style=\"--awb-margin-bottom:20px;\"><ul>\n<li>Unfair fines or sanctions<\/li>\n<li>Claims against Public Administration<\/li>\n<li>Expropriations or permits<\/li>\n<li>Immigration and nationality matters<\/li>\n<\/ul>\n<\/div><div ><a class=\"fusion-button button-flat fusion-button-default-size button-custom fusion-button-default button-9 fusion-button-default-span fusion-button-default-type awb-b-icon-pos-right\" style=\"--button_accent_color:var(--awb-color7);--button_accent_hover_color:var(--awb-color1);--button_border_hover_color:var(--awb-color1);--button_gradient_top_color:var(--awb-color5);--button_gradient_bottom_color:var(--awb-color5);--button_gradient_top_color_hover:hsla(var(--awb-color4-h),var(--awb-color4-s),calc(var(--awb-color4-l) - 20%),var(--awb-color4-a));--button_gradient_bottom_color_hover:hsla(var(--awb-color4-h),var(--awb-color4-s),calc(var(--awb-color4-l) - 20%),var(--awb-color4-a));\" target=\"_self\" data-hover=\"icon_position\" href=\"https:\/\/prolegali.com\/abogado-administrativo-en-palma-de-mallorca\/\"><span class=\"fusion-button-text\">More info<\/span><i class=\"awb-recruitment-arrow-btn button-icon-right\" aria-hidden=\"true\"><\/i><i class=\"awb-recruitment-arrow-btn button-icon-right\" aria-hidden=\"true\"><\/i><\/a><\/div><\/div><\/div><\/div><\/div><\/div><\/div><nav id=\"fusion-scroll-section-nav-1\" class=\"fusion-scroll-section-nav scroll-navigation-right\" data-section=\"1\" ><ul><li><a href=\"#fusion-scroll-section-element-1-1\" class=\"fusion-scroll-section-link\" data-name=\"Executive Search\" data-element=\"1\"><span class=\"fusion-scroll-section-link-bullet\"><\/span><\/a><\/li><li><a href=\"#fusion-scroll-section-element-1-2\" class=\"fusion-scroll-section-link\" data-name=\"Talent Sourcing\" data-element=\"2\"><span class=\"fusion-scroll-section-link-bullet\"><\/span><\/a><\/li><li><a href=\"#fusion-scroll-section-element-1-3\" class=\"fusion-scroll-section-link\" data-name=\"Jobs Advertising\" data-element=\"3\"><span class=\"fusion-scroll-section-link-bullet\"><\/span><\/a><\/li><li><a href=\"#fusion-scroll-section-element-1-4\" class=\"fusion-scroll-section-link\" data-name=\"Career Counseling\" data-element=\"4\"><span class=\"fusion-scroll-section-link-bullet\"><\/span><\/a><\/li><li><a href=\"#fusion-scroll-section-element-1-5\" class=\"fusion-scroll-section-link\" data-name=\"Career Counseling\" data-element=\"5\"><span class=\"fusion-scroll-section-link-bullet\"><\/span><\/a><\/li><li><a href=\"#fusion-scroll-section-element-1-6\" class=\"fusion-scroll-section-link\" data-name=\"Career Counseling\" data-element=\"6\"><span class=\"fusion-scroll-section-link-bullet\"><\/span><\/a><\/li><\/ul><\/nav><\/div><div class=\"fusion-fullwidth fullwidth-box fusion-builder-row-10 fusion-flex-container has-pattern-background has-mask-background nonhundred-percent-fullwidth non-hundred-percent-height-scrolling\" style=\"--awb-border-sizes-top:0px;--awb-border-sizes-bottom:0px;--awb-border-sizes-left:0px;--awb-border-sizes-right:0px;--awb-border-radius-top-left:0px;--awb-border-radius-top-right:0px;--awb-border-radius-bottom-right:0px;--awb-border-radius-bottom-left:0px;--awb-padding-top:80px;--awb-padding-right:30px;--awb-padding-bottom:80px;--awb-padding-left:30px;--awb-padding-top-medium:0px;--awb-padding-right-small:20px;--awb-padding-left-small:20px;--awb-margin-top:0px;--awb-margin-bottom:0px;--awb-background-color:#ffffff;--awb-flex-wrap:wrap;\" ><div class=\"fusion-builder-row fusion-row fusion-flex-align-items-center fusion-flex-content-wrap\" style=\"max-width:1268.8px;margin-left: calc(-4% \/ 2 );margin-right: calc(-4% \/ 2 );\"><div class=\"fusion-layout-column fusion_builder_column fusion-builder-column-22 fusion_builder_column_1_2 1_2 fusion-flex-column fusion-animated\" style=\"--awb-bg-size:cover;--awb-width-large:50%;--awb-margin-top-large:0px;--awb-spacing-right-large:7.68%;--awb-margin-bottom-large:60px;--awb-spacing-left-large:7.68%;--awb-width-medium:50%;--awb-order-medium:0;--awb-spacing-right-medium:7.68%;--awb-spacing-left-medium:7.68%;--awb-width-small:100%;--awb-order-small:0;--awb-margin-top-small:0px;--awb-spacing-right-small:1.92%;--awb-margin-bottom-small:0px;--awb-spacing-left-small:1.92%;\" data-animationType=\"fadeInLeft\" data-animationDuration=\"1.6\" data-animationOffset=\"top-into-view\" data-scroll-devices=\"small-visibility,medium-visibility,large-visibility\"><div class=\"fusion-column-wrapper fusion-column-has-shadow fusion-flex-justify-content-center fusion-content-layout-column\"><div class=\"fusion-image-element \" style=\"--awb-caption-title-font-family:var(--h2_typography-font-family);--awb-caption-title-font-weight:var(--h2_typography-font-weight);--awb-caption-title-font-style:var(--h2_typography-font-style);--awb-caption-title-size:var(--h2_typography-font-size);--awb-caption-title-transform:var(--h2_typography-text-transform);--awb-caption-title-line-height:var(--h2_typography-line-height);--awb-caption-title-letter-spacing:var(--h2_typography-letter-spacing);\"><span class=\" fusion-imageframe imageframe-none imageframe-11 hover-type-none\" style=\"border-radius:15px;\"><img decoding=\"async\" width=\"1080\" height=\"1080\" alt=\"Dos montones de monedas separados, con una mujer sobre uno y un hombre sobre el otro, representando el reparto de bienes tras un divorcio\" title=\"abogado-experto-en-divorcios-en-palma-de-mallorca-\" src=\"https:\/\/prolegali.com\/wp-content\/uploads\/2025\/06\/abogado-experto-en-divorcios-en-palma-de-mallorca-.webp\" data-orig-src=\"http:\/\/prolegali.com\/wp-content\/uploads\/2025\/06\/abogado-experto-en-divorcios-en-palma-de-mallorca-.webp\" class=\"lazyload img-responsive wp-image-5949\" srcset=\"data:image\/svg+xml,%3Csvg%20xmlns%3D%27http%3A%2F%2Fwww.w3.org%2F2000%2Fsvg%27%20width%3D%271080%27%20height%3D%271080%27%20viewBox%3D%270%200%201080%201080%27%3E%3Crect%20width%3D%271080%27%20height%3D%271080%27%20fill-opacity%3D%220%22%2F%3E%3C%2Fsvg%3E\" data-srcset=\"https:\/\/prolegali.com\/wp-content\/uploads\/2025\/06\/abogado-experto-en-divorcios-en-palma-de-mallorca--66x66.webp 66w, https:\/\/prolegali.com\/wp-content\/uploads\/2025\/06\/abogado-experto-en-divorcios-en-palma-de-mallorca--150x150.webp 150w, https:\/\/prolegali.com\/wp-content\/uploads\/2025\/06\/abogado-experto-en-divorcios-en-palma-de-mallorca--200x200.webp 200w, https:\/\/prolegali.com\/wp-content\/uploads\/2025\/06\/abogado-experto-en-divorcios-en-palma-de-mallorca--300x300.webp 300w, https:\/\/prolegali.com\/wp-content\/uploads\/2025\/06\/abogado-experto-en-divorcios-en-palma-de-mallorca--400x400.webp 400w, https:\/\/prolegali.com\/wp-content\/uploads\/2025\/06\/abogado-experto-en-divorcios-en-palma-de-mallorca--600x600.webp 600w, https:\/\/prolegali.com\/wp-content\/uploads\/2025\/06\/abogado-experto-en-divorcios-en-palma-de-mallorca--768x768.webp 768w, https:\/\/prolegali.com\/wp-content\/uploads\/2025\/06\/abogado-experto-en-divorcios-en-palma-de-mallorca--800x800.webp 800w, https:\/\/prolegali.com\/wp-content\/uploads\/2025\/06\/abogado-experto-en-divorcios-en-palma-de-mallorca--1024x1024.webp 1024w, https:\/\/prolegali.com\/wp-content\/uploads\/2025\/06\/abogado-experto-en-divorcios-en-palma-de-mallorca-.webp 1080w\" data-sizes=\"auto\" data-orig-sizes=\"(max-width: 820px) 100vw, 600px\" \/><\/span><\/div><\/div><\/div><div class=\"fusion-layout-column fusion_builder_column fusion-builder-column-23 fusion_builder_column_1_2 1_2 fusion-flex-column fusion-animated\" style=\"--awb-padding-top-small:48px;--awb-padding-right-small:10px;--awb-padding-bottom-small:48px;--awb-padding-left-small:10px;--awb-bg-size:cover;--awb-width-large:50%;--awb-margin-top-large:0px;--awb-spacing-right-large:17.28%;--awb-margin-bottom-large:60px;--awb-spacing-left-large:17.28%;--awb-width-medium:50%;--awb-order-medium:0;--awb-spacing-right-medium:9.6%;--awb-spacing-left-medium:13.44%;--awb-width-small:100%;--awb-order-small:1;--awb-spacing-right-small:1.92%;--awb-margin-bottom-small:0px;--awb-spacing-left-small:1.92%;\" data-animationType=\"fadeInRight\" data-animationDuration=\"1.6\" data-animationOffset=\"top-into-view\" data-scroll-devices=\"small-visibility,medium-visibility,large-visibility\"><div class=\"fusion-column-wrapper fusion-column-has-shadow fusion-flex-justify-content-flex-start fusion-content-layout-column\"><div class=\"fusion-title title fusion-title-13 fusion-sep-none fusion-title-text fusion-title-size-two\" style=\"--awb-text-color:#051529;--awb-margin-top:10px;--awb-margin-right:0px;--awb-margin-left:0px;--awb-font-size:30px;\"><h2 class=\"fusion-title-heading title-heading-left fusion-responsive-typography-calculated\" style=\"margin:0;font-size:1em;text-transform:var(--awb-typography1-text-transform);--fontSize:30;line-height:1.3;\"><a href=\"https:\/\/prolegali.com\/abogado-en-palma-para-divorcios\/\">Divorce Lawyer in Palma<\/a><\/h2><\/div><div class=\"fusion-text fusion-text-20 fusion-text-no-margin\" style=\"--awb-font-size:20px;--awb-line-height:1.7;--awb-letter-spacing:0px;--awb-text-transform:var(--awb-typography4-text-transform);--awb-text-color:rgba(5,21,41,0.8);--awb-margin-bottom:40px;--awb-text-font-family:&quot;DM Sans&quot;;--awb-text-font-style:normal;--awb-text-font-weight:400;\"><p>Lawyer in Palma de Mallorca specialized in divorces.<br \/>\nFast and secure processing of uncontested divorces, including the drafting of a personalized settlement agreement covering custody, support payments, use of the family home, and division of assets.<br \/>\nThe entire process is handled swiftly, without court hearings, and with full legal certainty.<\/p>\n<\/div><\/div><\/div><div class=\"fusion-layout-column fusion_builder_column fusion-builder-column-24 fusion_builder_column_1_2 1_2 fusion-flex-column fusion-animated\" style=\"--awb-padding-top-small:48px;--awb-padding-right-small:15px;--awb-padding-bottom-small:48px;--awb-padding-left-small:15px;--awb-bg-size:cover;--awb-width-large:50%;--awb-margin-top-large:0px;--awb-spacing-right-large:17.28%;--awb-margin-bottom-large:60px;--awb-spacing-left-large:17.28%;--awb-width-medium:50%;--awb-order-medium:0;--awb-spacing-right-medium:9.6%;--awb-spacing-left-medium:13.44%;--awb-width-small:100%;--awb-order-small:5;--awb-spacing-right-small:1.92%;--awb-margin-bottom-small:0px;--awb-spacing-left-small:1.92%;\" data-animationType=\"fadeInRight\" data-animationDuration=\"1.6\" data-animationOffset=\"top-into-view\" data-scroll-devices=\"small-visibility,medium-visibility,large-visibility\"><div class=\"fusion-column-wrapper fusion-column-has-shadow fusion-flex-justify-content-flex-start fusion-content-layout-column\"><div class=\"fusion-title title fusion-title-14 fusion-sep-none fusion-title-text fusion-title-size-two\" style=\"--awb-text-color:#051529;--awb-margin-top:10px;--awb-margin-right:0px;--awb-margin-left:0px;--awb-font-size:30px;\"><h2 class=\"fusion-title-heading title-heading-left fusion-responsive-typography-calculated\" style=\"margin:0;font-size:1em;text-transform:var(--awb-typography1-text-transform);--fontSize:30;line-height:1.3;\"><a href=\"https:\/\/prolegali.com\/abogado-de-deshaucios-en-palma\/\">Eviction Lawyer in Palma<\/a><\/h2><\/div><div class=\"fusion-text fusion-text-21 fusion-text-no-margin\" style=\"--awb-font-size:20px;--awb-line-height:1.7;--awb-letter-spacing:0px;--awb-text-transform:var(--awb-typography4-text-transform);--awb-text-color:rgba(5,21,41,0.8);--awb-margin-bottom:40px;--awb-text-font-family:&quot;DM Sans&quot;;--awb-text-font-style:normal;--awb-text-font-weight:400;\"><p>We manage fast and efficient processes to recover your property, always in full compliance with current law, as expert eviction lawyers in Palma de Mallorca.<br \/>\nWe provide guidance at every step \u2014 from the initial notice to the enforcement \u2014 ensuring a swift and secure procedure.<br \/>\nStrong defense of your rights to avoid delays and legal issues.<\/p>\n<\/div><\/div><\/div><div class=\"fusion-layout-column fusion_builder_column fusion-builder-column-25 fusion_builder_column_1_2 1_2 fusion-flex-column fusion-animated\" style=\"--awb-bg-size:cover;--awb-width-large:50%;--awb-margin-top-large:0px;--awb-spacing-right-large:7.68%;--awb-margin-bottom-large:60px;--awb-spacing-left-large:7.68%;--awb-width-medium:50%;--awb-order-medium:0;--awb-spacing-right-medium:7.68%;--awb-spacing-left-medium:7.68%;--awb-width-small:100%;--awb-order-small:2;--awb-spacing-right-small:1.92%;--awb-margin-bottom-small:0px;--awb-spacing-left-small:1.92%;\" data-animationType=\"fadeInLeft\" data-animationDuration=\"1.6\" data-animationOffset=\"top-into-view\"><div class=\"fusion-column-wrapper fusion-column-has-shadow fusion-flex-justify-content-center fusion-content-layout-column\"><div class=\"fusion-image-element \" style=\"--awb-caption-title-font-family:var(--h2_typography-font-family);--awb-caption-title-font-weight:var(--h2_typography-font-weight);--awb-caption-title-font-style:var(--h2_typography-font-style);--awb-caption-title-size:var(--h2_typography-font-size);--awb-caption-title-transform:var(--h2_typography-text-transform);--awb-caption-title-line-height:var(--h2_typography-line-height);--awb-caption-title-letter-spacing:var(--h2_typography-letter-spacing);\"><span class=\" fusion-imageframe imageframe-none imageframe-12 hover-type-none\" style=\"border-radius:15px;\"><img decoding=\"async\" width=\"1099\" height=\"1099\" alt=\"Casa con cadenas como representaci\u00f3n de la defensa legal de propietarios por parte de un abogado\" title=\"un-abogado-deshaucios-en-palma-de-mallorca\" src=\"https:\/\/prolegali.com\/wp-content\/uploads\/2025\/06\/un-abogado-deshaucios-en-palma-de-mallorca.webp\" data-orig-src=\"http:\/\/prolegali.com\/wp-content\/uploads\/2025\/06\/un-abogado-deshaucios-en-palma-de-mallorca.webp\" class=\"lazyload img-responsive wp-image-5950\" srcset=\"data:image\/svg+xml,%3Csvg%20xmlns%3D%27http%3A%2F%2Fwww.w3.org%2F2000%2Fsvg%27%20width%3D%271099%27%20height%3D%271099%27%20viewBox%3D%270%200%201099%201099%27%3E%3Crect%20width%3D%271099%27%20height%3D%271099%27%20fill-opacity%3D%220%22%2F%3E%3C%2Fsvg%3E\" data-srcset=\"https:\/\/prolegali.com\/wp-content\/uploads\/2025\/06\/un-abogado-deshaucios-en-palma-de-mallorca-66x66.webp 66w, https:\/\/prolegali.com\/wp-content\/uploads\/2025\/06\/un-abogado-deshaucios-en-palma-de-mallorca-150x150.webp 150w, https:\/\/prolegali.com\/wp-content\/uploads\/2025\/06\/un-abogado-deshaucios-en-palma-de-mallorca-200x200.webp 200w, https:\/\/prolegali.com\/wp-content\/uploads\/2025\/06\/un-abogado-deshaucios-en-palma-de-mallorca-300x300.webp 300w, https:\/\/prolegali.com\/wp-content\/uploads\/2025\/06\/un-abogado-deshaucios-en-palma-de-mallorca-400x400.webp 400w, https:\/\/prolegali.com\/wp-content\/uploads\/2025\/06\/un-abogado-deshaucios-en-palma-de-mallorca-600x600.webp 600w, https:\/\/prolegali.com\/wp-content\/uploads\/2025\/06\/un-abogado-deshaucios-en-palma-de-mallorca-768x768.webp 768w, https:\/\/prolegali.com\/wp-content\/uploads\/2025\/06\/un-abogado-deshaucios-en-palma-de-mallorca-800x800.webp 800w, https:\/\/prolegali.com\/wp-content\/uploads\/2025\/06\/un-abogado-deshaucios-en-palma-de-mallorca-1024x1024.webp 1024w, https:\/\/prolegali.com\/wp-content\/uploads\/2025\/06\/un-abogado-deshaucios-en-palma-de-mallorca.webp 1099w\" data-sizes=\"auto\" data-orig-sizes=\"(max-width: 820px) 100vw, 600px\" \/><\/span><\/div><\/div><\/div><div class=\"fusion-layout-column fusion_builder_column fusion-builder-column-26 fusion_builder_column_1_2 1_2 fusion-flex-column fusion-animated\" style=\"--awb-bg-size:cover;--awb-width-large:50%;--awb-margin-top-large:0px;--awb-spacing-right-large:7.68%;--awb-margin-bottom-large:0px;--awb-spacing-left-large:7.68%;--awb-width-medium:50%;--awb-order-medium:0;--awb-spacing-right-medium:7.68%;--awb-spacing-left-medium:7.68%;--awb-width-small:100%;--awb-order-small:4;--awb-spacing-right-small:1.92%;--awb-margin-bottom-small:0px;--awb-spacing-left-small:1.92%;\" data-animationType=\"fadeInLeft\" data-animationDuration=\"1.6\" data-animationOffset=\"top-into-view\"><div class=\"fusion-column-wrapper fusion-column-has-shadow fusion-flex-justify-content-center fusion-content-layout-column\"><div class=\"fusion-image-element \" style=\"--awb-caption-title-font-family:var(--h2_typography-font-family);--awb-caption-title-font-weight:var(--h2_typography-font-weight);--awb-caption-title-font-style:var(--h2_typography-font-style);--awb-caption-title-size:var(--h2_typography-font-size);--awb-caption-title-transform:var(--h2_typography-text-transform);--awb-caption-title-line-height:var(--h2_typography-line-height);--awb-caption-title-letter-spacing:var(--h2_typography-letter-spacing);\"><span class=\" fusion-imageframe imageframe-none imageframe-13 hover-type-none\" style=\"border-radius:15px;\"><img decoding=\"async\" width=\"679\" height=\"679\" alt=\"Tarta repartida en partes como met\u00e1fora del reparto de herencias\" title=\"experto-abogado-en-palma-de-mallorca\" src=\"https:\/\/prolegali.com\/wp-content\/uploads\/2025\/06\/experto-abogado-en-palma-de-mallorca.webp\" data-orig-src=\"http:\/\/prolegali.com\/wp-content\/uploads\/2025\/06\/experto-abogado-en-palma-de-mallorca.webp\" class=\"lazyload img-responsive wp-image-5951\" srcset=\"data:image\/svg+xml,%3Csvg%20xmlns%3D%27http%3A%2F%2Fwww.w3.org%2F2000%2Fsvg%27%20width%3D%27679%27%20height%3D%27679%27%20viewBox%3D%270%200%20679%20679%27%3E%3Crect%20width%3D%27679%27%20height%3D%27679%27%20fill-opacity%3D%220%22%2F%3E%3C%2Fsvg%3E\" data-srcset=\"https:\/\/prolegali.com\/wp-content\/uploads\/2025\/06\/experto-abogado-en-palma-de-mallorca-66x66.webp 66w, https:\/\/prolegali.com\/wp-content\/uploads\/2025\/06\/experto-abogado-en-palma-de-mallorca-150x150.webp 150w, https:\/\/prolegali.com\/wp-content\/uploads\/2025\/06\/experto-abogado-en-palma-de-mallorca-200x200.webp 200w, https:\/\/prolegali.com\/wp-content\/uploads\/2025\/06\/experto-abogado-en-palma-de-mallorca-300x300.webp 300w, https:\/\/prolegali.com\/wp-content\/uploads\/2025\/06\/experto-abogado-en-palma-de-mallorca-400x400.webp 400w, https:\/\/prolegali.com\/wp-content\/uploads\/2025\/06\/experto-abogado-en-palma-de-mallorca-600x600.webp 600w, https:\/\/prolegali.com\/wp-content\/uploads\/2025\/06\/experto-abogado-en-palma-de-mallorca.webp 679w\" data-sizes=\"auto\" data-orig-sizes=\"(max-width: 820px) 100vw, 600px\" \/><\/span><\/div><\/div><\/div><div class=\"fusion-layout-column fusion_builder_column fusion-builder-column-27 fusion_builder_column_1_2 1_2 fusion-flex-column fusion-animated\" style=\"--awb-padding-top-small:48px;--awb-padding-right-small:15px;--awb-padding-bottom-small:48px;--awb-padding-left-small:15px;--awb-bg-size:cover;--awb-width-large:50%;--awb-margin-top-large:0px;--awb-spacing-right-large:17.28%;--awb-margin-bottom-large:20px;--awb-spacing-left-large:17.28%;--awb-width-medium:50%;--awb-order-medium:0;--awb-spacing-right-medium:9.6%;--awb-spacing-left-medium:13.44%;--awb-width-small:100%;--awb-order-small:3;--awb-spacing-right-small:1.92%;--awb-margin-bottom-small:0px;--awb-spacing-left-small:1.92%;\" data-animationType=\"fadeInRight\" data-animationDuration=\"1.6\" data-animationOffset=\"top-into-view\" data-scroll-devices=\"small-visibility,medium-visibility,large-visibility\"><div class=\"fusion-column-wrapper fusion-column-has-shadow fusion-flex-justify-content-flex-start fusion-content-layout-column\"><div class=\"fusion-title title fusion-title-15 fusion-sep-none fusion-title-text fusion-title-size-two\" style=\"--awb-text-color:#051529;--awb-margin-top:10px;--awb-margin-right:0px;--awb-margin-left:0px;--awb-font-size:30px;\"><h2 class=\"fusion-title-heading title-heading-left fusion-responsive-typography-calculated\" style=\"margin:0;font-size:1em;text-transform:var(--awb-typography1-text-transform);--fontSize:30;line-height:1.3;\"><a href=\"https:\/\/prolegali.com\/abogado-de-herencias-en-palma\/\">Inheritance Lawyer in Palma<\/a><\/h2><\/div><div class=\"fusion-text fusion-text-22 fusion-text-no-margin\" style=\"--awb-font-size:20px;--awb-line-height:1.7;--awb-letter-spacing:0px;--awb-text-transform:var(--awb-typography4-text-transform);--awb-text-color:rgba(5,21,41,0.8);--awb-margin-bottom:40px;--awb-text-font-family:&quot;DM Sans&quot;;--awb-text-font-style:normal;--awb-text-font-weight:400;\"><p>We handle all matters related to inheritance, from drafting wills to the distribution of assets, always aiming to avoid family conflicts.<br \/>\nWith an inheritance lawyer in Palma de Mallorca, we offer clear and personalized legal advice to ensure a smooth process with full legal certainty.<\/p>\n<\/div><\/div><\/div><div class=\"fusion-layout-column fusion_builder_column fusion-builder-column-28 fusion_builder_column_1_2 1_2 fusion-flex-column fusion-animated\" style=\"--awb-padding-top-small:48px;--awb-padding-right-small:15px;--awb-padding-bottom-small:48px;--awb-padding-left-small:15px;--awb-bg-size:cover;--awb-width-large:50%;--awb-margin-top-large:0px;--awb-spacing-right-large:17.28%;--awb-margin-bottom-large:60px;--awb-spacing-left-large:17.28%;--awb-width-medium:50%;--awb-order-medium:0;--awb-spacing-right-medium:9.6%;--awb-spacing-left-medium:13.44%;--awb-width-small:100%;--awb-order-small:5;--awb-spacing-right-small:1.92%;--awb-margin-bottom-small:0px;--awb-spacing-left-small:1.92%;\" data-animationType=\"fadeInRight\" data-animationDuration=\"1.6\" data-animationOffset=\"top-into-view\" data-scroll-devices=\"small-visibility,medium-visibility,large-visibility\"><div class=\"fusion-column-wrapper fusion-column-has-shadow fusion-flex-justify-content-flex-start fusion-content-layout-column\"><div class=\"fusion-title title fusion-title-16 fusion-sep-none fusion-title-text fusion-title-size-two\" style=\"--awb-text-color:#051529;--awb-margin-top:10px;--awb-margin-right:0px;--awb-margin-left:0px;--awb-font-size:30px;\"><h2 class=\"fusion-title-heading title-heading-left fusion-responsive-typography-calculated\" style=\"margin:0;font-size:1em;text-transform:var(--awb-typography1-text-transform);--fontSize:30;line-height:1.3;\"><a href=\"https:\/\/prolegali.com\/abogado-trafico-en-palma-de-mallorca\/\">Traffic Accident Lawyer in Palma<\/a><\/h2><\/div><div class=\"fusion-text fusion-text-23 fusion-text-no-margin\" style=\"--awb-font-size:20px;--awb-line-height:1.7;--awb-letter-spacing:0px;--awb-text-transform:var(--awb-typography4-text-transform);--awb-text-color:rgba(5,21,41,0.8);--awb-margin-bottom:40px;--awb-text-font-family:&quot;DM Sans&quot;;--awb-text-font-style:normal;--awb-text-font-weight:400;\"><p>We help you handle traffic accident claims, ensuring you receive the compensation you deserve.<br \/>\nWith a traffic accident lawyer in Palma de Mallorca, we offer professional and personalized legal advice, managing the entire process quickly and efficiently to protect your rights and interests.<\/p>\n<\/div><\/div><\/div><div class=\"fusion-layout-column fusion_builder_column fusion-builder-column-29 fusion_builder_column_1_2 1_2 fusion-flex-column fusion-animated\" style=\"--awb-bg-size:cover;--awb-width-large:50%;--awb-margin-top-large:15px;--awb-spacing-right-large:7.68%;--awb-margin-bottom-large:60px;--awb-spacing-left-large:7.68%;--awb-width-medium:50%;--awb-order-medium:0;--awb-spacing-right-medium:7.68%;--awb-spacing-left-medium:7.68%;--awb-width-small:100%;--awb-order-small:2;--awb-spacing-right-small:1.92%;--awb-margin-bottom-small:0px;--awb-spacing-left-small:1.92%;\" data-animationType=\"fadeInLeft\" data-animationDuration=\"1.6\" data-animationOffset=\"top-into-view\" data-scroll-devices=\"small-visibility,medium-visibility,large-visibility\"><div class=\"fusion-column-wrapper fusion-column-has-shadow fusion-flex-justify-content-center fusion-content-layout-column\"><div class=\"fusion-image-element \" style=\"--awb-caption-title-font-family:var(--h2_typography-font-family);--awb-caption-title-font-weight:var(--h2_typography-font-weight);--awb-caption-title-font-style:var(--h2_typography-font-style);--awb-caption-title-size:var(--h2_typography-font-size);--awb-caption-title-transform:var(--h2_typography-text-transform);--awb-caption-title-line-height:var(--h2_typography-line-height);--awb-caption-title-letter-spacing:var(--h2_typography-letter-spacing);\"><span class=\" fusion-imageframe imageframe-none imageframe-14 hover-type-none\" style=\"border-radius:15px;\"><img decoding=\"async\" width=\"667\" height=\"667\" alt=\"Lesi\u00f3n cervical tras accidente de tr\u00e1fico, caso com\u00fan gestionado por abogado reclamando indemnizaciones\" title=\"experto-abogado-accidentes-de-trafico-en-palma-de-mallorca\" src=\"https:\/\/prolegali.com\/wp-content\/uploads\/2025\/06\/experto-abogado-accidentes-de-trafico-en-palma-de-mallorca.webp\" data-orig-src=\"http:\/\/prolegali.com\/wp-content\/uploads\/2025\/06\/experto-abogado-accidentes-de-trafico-en-palma-de-mallorca.webp\" class=\"lazyload img-responsive wp-image-5952\" srcset=\"data:image\/svg+xml,%3Csvg%20xmlns%3D%27http%3A%2F%2Fwww.w3.org%2F2000%2Fsvg%27%20width%3D%27667%27%20height%3D%27667%27%20viewBox%3D%270%200%20667%20667%27%3E%3Crect%20width%3D%27667%27%20height%3D%27667%27%20fill-opacity%3D%220%22%2F%3E%3C%2Fsvg%3E\" data-srcset=\"https:\/\/prolegali.com\/wp-content\/uploads\/2025\/06\/experto-abogado-accidentes-de-trafico-en-palma-de-mallorca-66x66.webp 66w, https:\/\/prolegali.com\/wp-content\/uploads\/2025\/06\/experto-abogado-accidentes-de-trafico-en-palma-de-mallorca-150x150.webp 150w, https:\/\/prolegali.com\/wp-content\/uploads\/2025\/06\/experto-abogado-accidentes-de-trafico-en-palma-de-mallorca-200x200.webp 200w, https:\/\/prolegali.com\/wp-content\/uploads\/2025\/06\/experto-abogado-accidentes-de-trafico-en-palma-de-mallorca-300x300.webp 300w, https:\/\/prolegali.com\/wp-content\/uploads\/2025\/06\/experto-abogado-accidentes-de-trafico-en-palma-de-mallorca-400x400.webp 400w, https:\/\/prolegali.com\/wp-content\/uploads\/2025\/06\/experto-abogado-accidentes-de-trafico-en-palma-de-mallorca-600x600.webp 600w, https:\/\/prolegali.com\/wp-content\/uploads\/2025\/06\/experto-abogado-accidentes-de-trafico-en-palma-de-mallorca.webp 667w\" data-sizes=\"auto\" data-orig-sizes=\"(max-width: 820px) 100vw, 600px\" \/><\/span><\/div><\/div><\/div><div class=\"fusion-layout-column fusion_builder_column fusion-builder-column-30 fusion_builder_column_1_2 1_2 fusion-flex-column fusion-animated\" style=\"--awb-bg-size:cover;--awb-width-large:50%;--awb-margin-top-large:0px;--awb-spacing-right-large:7.68%;--awb-margin-bottom-large:0px;--awb-spacing-left-large:7.68%;--awb-width-medium:50%;--awb-order-medium:0;--awb-spacing-right-medium:7.68%;--awb-spacing-left-medium:7.68%;--awb-width-small:100%;--awb-order-small:4;--awb-spacing-right-small:1.92%;--awb-margin-bottom-small:0px;--awb-spacing-left-small:1.92%;\" data-animationType=\"fadeInLeft\" data-animationDuration=\"1.6\" data-animationOffset=\"top-into-view\"><div class=\"fusion-column-wrapper fusion-column-has-shadow fusion-flex-justify-content-center fusion-content-layout-column\"><div class=\"fusion-image-element \" style=\"--awb-margin-top:7%;--awb-caption-title-font-family:var(--h2_typography-font-family);--awb-caption-title-font-weight:var(--h2_typography-font-weight);--awb-caption-title-font-style:var(--h2_typography-font-style);--awb-caption-title-size:var(--h2_typography-font-size);--awb-caption-title-transform:var(--h2_typography-text-transform);--awb-caption-title-line-height:var(--h2_typography-line-height);--awb-caption-title-letter-spacing:var(--h2_typography-letter-spacing);\"><span class=\" fusion-imageframe imageframe-none imageframe-15 hover-type-none\" style=\"border-radius:15px;\"><img decoding=\"async\" width=\"1099\" height=\"1099\" alt=\"Mujer v\u00edctima de violencia de genero\" title=\"experto-abogado-para-violencia-de-genero-en-palma-de-mallorca\" src=\"https:\/\/prolegali.com\/wp-content\/uploads\/2025\/06\/experto-abogado-para-violencia-de-genero-en-palma-de-mallorca.webp\" data-orig-src=\"http:\/\/prolegali.com\/wp-content\/uploads\/2025\/06\/experto-abogado-para-violencia-de-genero-en-palma-de-mallorca.webp\" class=\"lazyload img-responsive wp-image-5953\" srcset=\"data:image\/svg+xml,%3Csvg%20xmlns%3D%27http%3A%2F%2Fwww.w3.org%2F2000%2Fsvg%27%20width%3D%271099%27%20height%3D%271099%27%20viewBox%3D%270%200%201099%201099%27%3E%3Crect%20width%3D%271099%27%20height%3D%271099%27%20fill-opacity%3D%220%22%2F%3E%3C%2Fsvg%3E\" data-srcset=\"https:\/\/prolegali.com\/wp-content\/uploads\/2025\/06\/experto-abogado-para-violencia-de-genero-en-palma-de-mallorca-66x66.webp 66w, https:\/\/prolegali.com\/wp-content\/uploads\/2025\/06\/experto-abogado-para-violencia-de-genero-en-palma-de-mallorca-150x150.webp 150w, https:\/\/prolegali.com\/wp-content\/uploads\/2025\/06\/experto-abogado-para-violencia-de-genero-en-palma-de-mallorca-200x200.webp 200w, https:\/\/prolegali.com\/wp-content\/uploads\/2025\/06\/experto-abogado-para-violencia-de-genero-en-palma-de-mallorca-300x300.webp 300w, https:\/\/prolegali.com\/wp-content\/uploads\/2025\/06\/experto-abogado-para-violencia-de-genero-en-palma-de-mallorca-400x400.webp 400w, https:\/\/prolegali.com\/wp-content\/uploads\/2025\/06\/experto-abogado-para-violencia-de-genero-en-palma-de-mallorca-600x600.webp 600w, https:\/\/prolegali.com\/wp-content\/uploads\/2025\/06\/experto-abogado-para-violencia-de-genero-en-palma-de-mallorca-768x768.webp 768w, https:\/\/prolegali.com\/wp-content\/uploads\/2025\/06\/experto-abogado-para-violencia-de-genero-en-palma-de-mallorca-800x800.webp 800w, https:\/\/prolegali.com\/wp-content\/uploads\/2025\/06\/experto-abogado-para-violencia-de-genero-en-palma-de-mallorca-1024x1024.webp 1024w, https:\/\/prolegali.com\/wp-content\/uploads\/2025\/06\/experto-abogado-para-violencia-de-genero-en-palma-de-mallorca.webp 1099w\" data-sizes=\"auto\" data-orig-sizes=\"(max-width: 820px) 100vw, 600px\" \/><\/span><\/div><\/div><\/div><div class=\"fusion-layout-column fusion_builder_column fusion-builder-column-31 fusion_builder_column_1_2 1_2 fusion-flex-column fusion-animated\" style=\"--awb-padding-top-small:48px;--awb-padding-right-small:15px;--awb-padding-bottom-small:48px;--awb-padding-left-small:15px;--awb-bg-size:cover;--awb-width-large:50%;--awb-margin-top-large:0px;--awb-spacing-right-large:17.28%;--awb-margin-bottom-large:20px;--awb-spacing-left-large:17.28%;--awb-width-medium:50%;--awb-order-medium:0;--awb-spacing-right-medium:9.6%;--awb-spacing-left-medium:13.44%;--awb-width-small:100%;--awb-order-small:3;--awb-spacing-right-small:1.92%;--awb-margin-bottom-small:0px;--awb-spacing-left-small:1.92%;\" data-animationType=\"fadeInRight\" data-animationDuration=\"1.6\" data-animationOffset=\"top-into-view\" data-scroll-devices=\"small-visibility,medium-visibility,large-visibility\"><div class=\"fusion-column-wrapper fusion-column-has-shadow fusion-flex-justify-content-flex-start fusion-content-layout-column\"><div class=\"fusion-title title fusion-title-17 fusion-sep-none fusion-title-text fusion-title-size-two\" style=\"--awb-text-color:#051529;--awb-margin-top:10px;--awb-margin-right:0px;--awb-margin-left:0px;--awb-font-size:30px;\"><h2 class=\"fusion-title-heading title-heading-left fusion-responsive-typography-calculated\" style=\"font-family:&quot;Merriweather&quot;;font-style:normal;font-weight:400;margin:0;font-size:1em;text-transform:var(--awb-typography1-text-transform);--fontSize:30;line-height:1.3;\"><a href=\"https:\/\/prolegali.com\/abogado-violencia-de-genero-en-palma-de-mallorca\/\">Gender Violence Lawyer in Palma<\/a><\/h2><\/div><div class=\"fusion-text fusion-text-24 fusion-text-no-margin\" style=\"--awb-font-size:20px;--awb-line-height:1.7;--awb-letter-spacing:0px;--awb-text-transform:var(--awb-typography4-text-transform);--awb-text-color:rgba(5,21,41,0.8);--awb-margin-bottom:40px;--awb-text-font-family:&quot;DM Sans&quot;;--awb-text-font-style:normal;--awb-text-font-weight:400;\"><p>We handle gender violence cases with sensitivity and commitment, ensuring legal protection and comprehensive support for victims.<br \/>\nHaving a gender violence lawyer in Palma de Mallorca guarantees you professional and compassionate representation, focused on protecting your rights and your safety throughout the entire legal process.<\/p>\n<\/div><\/div><\/div><\/div><\/div><div class=\"fusion-fullwidth fullwidth-box fusion-builder-row-11 fusion-flex-container has-pattern-background has-mask-background nonhundred-percent-fullwidth non-hundred-percent-height-scrolling\" style=\"--awb-border-radius-top-left:0px;--awb-border-radius-top-right:0px;--awb-border-radius-bottom-right:0px;--awb-border-radius-bottom-left:0px;--awb-padding-top-small:3%;--awb-background-color:var(--awb-color1);--awb-flex-wrap:wrap;\" ><div class=\"fusion-builder-row fusion-row fusion-flex-align-items-flex-start fusion-flex-content-wrap\" style=\"max-width:1256.6px;margin-left: calc(-3% \/ 2 );margin-right: calc(-3% \/ 2 );\"><div class=\"fusion-layout-column fusion_builder_column fusion-builder-column-32 fusion_builder_column_4_5 4_5 fusion-flex-column\" style=\"--awb-padding-top:64px;--awb-padding-right:80px;--awb-padding-bottom:64px;--awb-padding-left:80px;--awb-padding-top-small:48px;--awb-padding-right-small:64px;--awb-padding-bottom-small:48px;--awb-padding-left-small:64px;--awb-overflow:hidden;--awb-bg-color:#1e2e48;--awb-bg-color-hover:#1e2e48;--awb-bg-position:center center;--awb-bg-blend:multiply;--awb-bg-size:cover;--awb-border-radius:20px 20px 20px 20px;--awb-width-large:80%;--awb-spacing-right-large:1.81875%;--awb-margin-bottom-large:0px;--awb-spacing-left-large:1.81875%;--awb-width-medium:100%;--awb-order-medium:0;--awb-spacing-right-medium:1.455%;--awb-spacing-left-medium:1.455%;--awb-width-small:100%;--awb-order-small:0;--awb-spacing-right-small:1.455%;--awb-spacing-left-small:1.455%;\" data-scroll-devices=\"small-visibility,medium-visibility,large-visibility\"><div class=\"fusion-column-wrapper lazyload fusion-column-has-shadow fusion-flex-justify-content-flex-start fusion-content-layout-column fusion-column-has-bg-image\" data-bg-url=\"http:\/\/prolegali.com\/wp-content\/uploads\/2024\/11\/cta-bg-1.png\" data-bg=\"http:\/\/prolegali.com\/wp-content\/uploads\/2024\/11\/cta-bg-1.png\"><div class=\"fusion-title title fusion-title-18 fusion-sep-none fusion-title-text fusion-title-size-three\" style=\"--awb-text-color:var(--awb-color1);--awb-margin-bottom:32px;--awb-margin-bottom-small:40px;\"><h3 class=\"fusion-title-heading title-heading-left fusion-responsive-typography-calculated\" style=\"margin:0;text-transform:none;--fontSize:36;line-height:var(--awb-typography1-line-height);\">We protect your interests \u2014<br \/>\nSpeak with our lawyers in Palma de Mallorca<\/h3><\/div><div class=\"fusion-builder-row fusion-builder-row-inner fusion-row fusion-flex-align-items-flex-start fusion-flex-content-wrap\" style=\"width:103% !important;max-width:103% !important;margin-left: calc(-3% \/ 2 );margin-right: calc(-3% \/ 2 );\"><div class=\"fusion-layout-column fusion_builder_column_inner fusion-builder-nested-column-14 fusion-flex-column fusion-flex-align-self-center\" style=\"--awb-padding-bottom:15px;--awb-bg-size:cover;--awb-width-large:32%;--awb-spacing-right-large:4.546875%;--awb-margin-bottom-large:0px;--awb-spacing-left-large:4.546875%;--awb-width-medium:32%;--awb-order-medium:0;--awb-spacing-right-medium:4.546875%;--awb-spacing-left-medium:4.546875%;--awb-width-small:100%;--awb-order-small:0;--awb-spacing-right-small:1.455%;--awb-spacing-left-small:1.455%;\"><div class=\"fusion-column-wrapper fusion-column-has-shadow fusion-flex-justify-content-flex-start fusion-content-layout-column\"><div ><a class=\"fusion-button button-flat fusion-button-default-size button-custom fusion-button-default button-10 fusion-button-default-span fusion-button-default-type awb-b-icon-pos-right\" style=\"--button_accent_color:var(--awb-color7);--button_accent_hover_color:var(--awb-color1);--button_border_hover_color:var(--awb-color1);--button_gradient_top_color:var(--awb-color5);--button_gradient_bottom_color:var(--awb-color5);--button_gradient_top_color_hover:var(--awb-color4);--button_gradient_bottom_color_hover:var(--awb-color4);\" target=\"_self\" data-hover=\"icon_position\" href=\"https:\/\/prolegali.com\/contacto\/\"><span class=\"fusion-button-text\">Cont\u00e1ctanos<\/span><i class=\"awb-recruitment-arrow-btn button-icon-right\" aria-hidden=\"true\"><\/i><i class=\"awb-recruitment-arrow-btn button-icon-right\" aria-hidden=\"true\"><\/i><\/a><\/div><\/div><\/div><div class=\"fusion-layout-column fusion_builder_column_inner fusion-builder-nested-column-15 fusion-flex-column\" style=\"--awb-padding-top:8px;--awb-bg-size:cover;--awb-width-large:65%;--awb-spacing-right-large:2.2384615384615%;--awb-margin-bottom-large:0px;--awb-spacing-left-large:2.2384615384615%;--awb-width-medium:65%;--awb-order-medium:0;--awb-spacing-right-medium:2.2384615384615%;--awb-spacing-left-medium:2.2384615384615%;--awb-width-small:100%;--awb-order-small:0;--awb-spacing-right-small:1.455%;--awb-spacing-left-small:1.455%;\"><div class=\"fusion-column-wrapper fusion-column-has-shadow fusion-flex-justify-content-flex-start fusion-content-layout-column\"><div class=\"fusion-title title fusion-title-19 fusion-sep-none fusion-title-text fusion-title-size-div\" style=\"--awb-text-color:var(--awb-color1);--awb-margin-top:10px;--awb-margin-bottom:10px;--awb-margin-bottom-small:15px;--awb-font-size:23px;\"><div class=\"fusion-title-heading title-heading-left title-heading-tag fusion-responsive-typography-calculated\" style=\"font-family:var(--awb-typography1-font-family);font-weight:var(--awb-typography1-font-weight);font-style:var(--awb-typography1-font-style);margin:0;font-size:1em;letter-spacing:var(--awb-typography1-letter-spacing);text-transform:var(--awb-typography1-text-transform);--fontSize:23;line-height:var(--awb-typography1-line-height);\">Call us <a href=\"tel:+34673828114\">+34 673 828 114<\/a><\/div><\/div><\/div><\/div><\/div><\/div><\/div><div class=\"fusion-layout-column fusion_builder_column fusion-builder-column-33 fusion_builder_column_1_5 1_5 fusion-flex-column fusion-flex-align-self-stretch fusion-no-small-visibility fusion-no-medium-visibility\" style=\"--awb-overflow:hidden;--awb-bg-position:left center;--awb-bg-size:cover;--awb-border-radius:20px 20px 20px 20px;--awb-width-large:20%;--awb-spacing-right-large:7.275%;--awb-margin-bottom-large:0px;--awb-spacing-left-large:7.275%;--awb-width-medium:20%;--awb-order-medium:0;--awb-spacing-right-medium:7.275%;--awb-spacing-left-medium:7.275%;--awb-width-small:100%;--awb-order-small:0;--awb-spacing-right-small:1.455%;--awb-spacing-left-small:1.455%;\" data-scroll-devices=\"small-visibility,medium-visibility,large-visibility\"><div class=\"fusion-column-wrapper lazyload fusion-column-has-shadow fusion-flex-justify-content-flex-start fusion-content-layout-column fusion-empty-column-bg-image fusion-column-has-bg-image\" data-bg-url=\"http:\/\/prolegali.com\/wp-content\/uploads\/2025\/07\/abogados-en-palma-de-mallorca-contacta.webp\" data-bg=\"http:\/\/prolegali.com\/wp-content\/uploads\/2025\/07\/abogados-en-palma-de-mallorca-contacta.webp\"><img decoding=\"async\" class=\"fusion-empty-dims-img-placeholder\" aria-label=\"abogados-en-palma-de-mallorca-contacta\" src=\"data:image\/svg+xml,%3Csvg%20xmlns%3D%27http%3A%2F%2Fwww.w3.org%2F2000%2Fsvg%27%20width%3D%27940%27%20height%3D%271460%27%20viewBox%3D%270%200%20940%201460%27%3E%3Crect%20width%3D%27940%27%20height%3D%271460%27%20fill-opacity%3D%220%22%2F%3E%3C%2Fsvg%3E\"><\/div><\/div><\/div><\/div>\n<div class=\"fusion-fullwidth fullwidth-box fusion-builder-row-12 fusion-flex-container has-pattern-background has-mask-background nonhundred-percent-fullwidth non-hundred-percent-height-scrolling\" style=\"--awb-border-radius-top-left:0px;--awb-border-radius-top-right:0px;--awb-border-radius-bottom-right:0px;--awb-border-radius-bottom-left:0px;--awb-padding-top:96px;--awb-background-color:var(--awb-color1);--awb-flex-wrap:wrap;\" ><div class=\"fusion-builder-row fusion-row fusion-flex-align-items-flex-start fusion-flex-justify-content-center fusion-flex-content-wrap\" style=\"max-width:1256.6px;margin-left: calc(-3% \/ 2 );margin-right: calc(-3% \/ 2 );\"><div class=\"fusion-layout-column fusion_builder_column fusion-builder-column-34 fusion_builder_column_1_1 1_1 fusion-flex-column\" style=\"--awb-padding-top:96px;--awb-padding-right:96px;--awb-padding-bottom:96px;--awb-padding-left:96px;--awb-padding-right-small:10px;--awb-padding-left-small:10px;--awb-overflow:hidden;--awb-bg-color:var(--awb-color2);--awb-bg-color-hover:var(--awb-color2);--awb-bg-size:cover;--awb-border-radius:20px 20px 20px 20px;--awb-width-large:100%;--awb-spacing-right-large:1.455%;--awb-margin-bottom-large:0px;--awb-spacing-left-large:1.455%;--awb-width-medium:100%;--awb-order-medium:0;--awb-spacing-right-medium:1.455%;--awb-spacing-left-medium:1.455%;--awb-width-small:100%;--awb-order-small:0;--awb-spacing-right-small:1.455%;--awb-spacing-left-small:1.455%;\" data-scroll-devices=\"small-visibility,medium-visibility,large-visibility\"><div class=\"fusion-column-wrapper fusion-column-has-shadow fusion-flex-justify-content-flex-start fusion-content-layout-column\"><div class=\"fusion-text fusion-text-25 fusion-text-no-margin\" style=\"--awb-content-alignment:center;--awb-font-size:var(--awb-typography2-font-size);--awb-line-height:var(--awb-typography2-line-height);--awb-letter-spacing:var(--awb-typography2-letter-spacing);--awb-text-transform:var(--awb-typography2-text-transform);--awb-margin-bottom:20px;--awb-text-font-family:var(--awb-typography2-font-family);--awb-text-font-weight:var(--awb-typography2-font-weight);--awb-text-font-style:var(--awb-typography2-font-style);\"><span class=\"fusion-highlight custom-textcolor highlight1 awb-highlight-marker\" style=\"--awb-color:hsla(var(--awb-custom_color_2-h),var(--awb-custom_color_2-s),var(--awb-custom_color_2-l),calc(var(--awb-custom_color_2-a) - 40%));--awb-text-color:var(--awb-color6);\">Resuelve tus dudas sobre nuestro bufete de abogados<\/span>\n<\/div><div class=\"fusion-title title fusion-title-20 fusion-sep-none fusion-title-center fusion-title-text fusion-title-size-two\" style=\"--awb-margin-bottom-small:24px;\"><h2 class=\"fusion-title-heading title-heading-center fusion-responsive-typography-calculated\" style=\"margin:0;--fontSize:42;line-height:var(--awb-typography1-line-height);\">Frequently Asked Questions<\/h2><\/div><\/div><\/div><\/div><\/div><div class=\"fusion-fullwidth fullwidth-box fusion-builder-row-13 fusion-flex-container has-pattern-background has-mask-background nonhundred-percent-fullwidth non-hundred-percent-height-scrolling\" style=\"--awb-border-radius-top-left:0px;--awb-border-radius-top-right:0px;--awb-border-radius-bottom-right:0px;--awb-border-radius-bottom-left:0px;--awb-padding-top:96px;--awb-padding-bottom:96px;--awb-flex-wrap:wrap;\" ><div class=\"fusion-builder-row fusion-row fusion-flex-align-items-flex-start fusion-flex-content-wrap\" style=\"max-width:1256.6px;margin-left: calc(-3% \/ 2 );margin-right: calc(-3% \/ 2 );\"><div class=\"fusion-layout-column fusion_builder_column fusion-builder-column-35 fusion_builder_column_3_5 3_5 fusion-flex-column\" style=\"--awb-padding-top:72px;--awb-padding-right:72px;--awb-padding-bottom:72px;--awb-padding-left:72px;--awb-overflow:hidden;--awb-bg-color:#1e2e48;--awb-bg-color-hover:#1e2e48;--awb-bg-size:cover;--awb-border-radius:20px 20px 20px 20px;--awb-width-large:60%;--awb-spacing-right-large:2.425%;--awb-margin-bottom-large:0px;--awb-spacing-left-large:2.425%;--awb-width-medium:60%;--awb-order-medium:0;--awb-spacing-right-medium:2.425%;--awb-spacing-left-medium:2.425%;--awb-width-small:100%;--awb-order-small:2;--awb-spacing-right-small:1.455%;--awb-margin-bottom-small:40px;--awb-spacing-left-small:1.455%;\" data-scroll-devices=\"small-visibility,medium-visibility,large-visibility\"><div class=\"fusion-column-wrapper fusion-column-has-shadow fusion-flex-justify-content-flex-start fusion-content-layout-column\"><div class=\"fusion-title title fusion-title-21 fusion-sep-none fusion-title-text fusion-title-size-two\" style=\"--awb-text-color:var(--awb-color1);--awb-margin-bottom:16px;--awb-margin-bottom-small:24px;\"><h2 class=\"fusion-title-heading title-heading-left fusion-responsive-typography-calculated\" style=\"margin:0;--fontSize:42;line-height:var(--awb-typography1-line-height);\">Cont\u00e1ctanos sin compromiso<\/h2><\/div><div class=\"fusion-text fusion-text-26 fusion-text-no-margin\" style=\"--awb-font-size:19px;--awb-text-color:hsla(var(--awb-color1-h),var(--awb-color1-s),var(--awb-color1-l),calc(var(--awb-color1-a) - 20%));--awb-margin-bottom:32px;\"><p>Estamos disponibles para cualquier consulta.<\/p>\n<\/div><div class=\"fusion-form fusion-form-builder fusion-form-form-wrapper fusion-form-1618 has-icon-alignment\" style=\"--awb-tooltip-text-color:#ffffff;--awb-tooltip-background-color:#333333;--awb-form-input-height:70px;--awb-form-font-size:17px;--awb-form-placeholder-color:hsla(var(--awb-color6-h),var(--awb-color6-s),var(--awb-color6-l),calc(var(--awb-color6-a) - 50%));--awb-form-text-color:var(--awb-color6);--awb-form-border-width-top:0px;--awb-form-border-width-bottom:0px;--awb-form-border-width-right:0px;--awb-form-border-width-left:0px;--awb-icon-alignment-top:0px;--awb-icon-alignment-bottom:0px;--awb-icon-alignment-font-size:17px;\" data-form-id=\"1618\" data-config=\"{&quot;form_id&quot;:1618,&quot;form_post_id&quot;:1618,&quot;post_id&quot;:5969,&quot;form_type&quot;:&quot;ajax&quot;,&quot;confirmation_type&quot;:&quot;message&quot;,&quot;redirect_url&quot;:&quot;&quot;,&quot;field_labels&quot;:{&quot;fname&quot;:&quot;&quot;,&quot;lname&quot;:&quot;&quot;,&quot;email&quot;:&quot;&quot;,&quot;phone&quot;:&quot;&quot;,&quot;message&quot;:&quot;&quot;,&quot;accepto_la_politica_de_privacidad&quot;:&quot;&quot;},&quot;field_logics&quot;:{&quot;fname&quot;:&quot;&quot;,&quot;lname&quot;:&quot;&quot;,&quot;email&quot;:&quot;&quot;,&quot;phone&quot;:&quot;&quot;,&quot;message&quot;:&quot;&quot;,&quot;accepto_la_politica_de_privacidad&quot;:&quot;&quot;,&quot;notice_1&quot;:&quot;&quot;},&quot;field_types&quot;:{&quot;fname&quot;:&quot;text&quot;,&quot;lname&quot;:&quot;text&quot;,&quot;email&quot;:&quot;email&quot;,&quot;phone&quot;:&quot;phone_number&quot;,&quot;message&quot;:&quot;textarea&quot;,&quot;accepto_la_politica_de_privacidad&quot;:&quot;checkbox&quot;,&quot;submit_1&quot;:&quot;submit&quot;,&quot;notice_1&quot;:&quot;notice&quot;},&quot;nonce_method&quot;:&quot;ajax&quot;}\"><form action=\"https:\/\/prolegali.com\/en\/\" method=\"post\" class=\"fusion-form fusion-form-1618\"><div class=\"fusion-fullwidth fullwidth-box fusion-builder-row-13-1 fusion-flex-container has-pattern-background has-mask-background nonhundred-percent-fullwidth non-hundred-percent-height-scrolling\" style=\"--awb-border-radius-top-left:0px;--awb-border-radius-top-right:0px;--awb-border-radius-bottom-right:0px;--awb-border-radius-bottom-left:0px;--awb-padding-right:0px;--awb-padding-left:0px;--awb-padding-top-small:20px;--awb-padding-bottom-small:20px;--awb-flex-wrap:wrap;\" ><div class=\"fusion-builder-row fusion-row fusion-flex-align-items-flex-start fusion-flex-content-wrap\" style=\"width:103% !important;max-width:103% !important;margin-left: calc(-3% \/ 2 );margin-right: calc(-3% \/ 2 );\"><div class=\"fusion-layout-column fusion_builder_column fusion-builder-column-36 fusion_builder_column_1_2 1_2 fusion-flex-column\" style=\"--awb-bg-size:cover;--awb-width-large:50%;--awb-spacing-right-large:2.91%;--awb-margin-bottom-large:0px;--awb-spacing-left-large:2.91%;--awb-width-medium:50%;--awb-order-medium:0;--awb-spacing-right-medium:2.91%;--awb-spacing-left-medium:2.91%;--awb-width-small:100%;--awb-order-small:0;--awb-spacing-right-small:1.455%;--awb-spacing-left-small:1.455%;\"><div class=\"fusion-column-wrapper fusion-column-has-shadow fusion-flex-justify-content-flex-start fusion-content-layout-column\"><div class=\"fusion-form-field fusion-form-text-field fusion-form-label-above\" style=\"\" data-form-id=\"1618\"><input type=\"text\"  data-empty-notice=\"Debes rellenar este campo\" name=\"fname\" id=\"fname\" value=\"\"  class=\"fusion-form-input\" required=\"true\" aria-required=\"true\" placeholder=\"Nombre *\" data-holds-private-data=\"false\" minlength=\"0\"\/><\/div><\/div><\/div><div class=\"fusion-layout-column fusion_builder_column fusion-builder-column-37 fusion_builder_column_1_2 1_2 fusion-flex-column\" style=\"--awb-bg-size:cover;--awb-width-large:50%;--awb-spacing-right-large:2.91%;--awb-margin-bottom-large:0px;--awb-spacing-left-large:2.91%;--awb-width-medium:50%;--awb-order-medium:0;--awb-spacing-right-medium:2.91%;--awb-spacing-left-medium:2.91%;--awb-width-small:100%;--awb-order-small:0;--awb-spacing-right-small:1.455%;--awb-spacing-left-small:1.455%;\"><div class=\"fusion-column-wrapper fusion-column-has-shadow fusion-flex-justify-content-flex-start fusion-content-layout-column\"><div class=\"fusion-form-field fusion-form-text-field fusion-form-label-above\" style=\"\" data-form-id=\"1618\"><input type=\"text\"  data-empty-notice=\"Debes rellenar este campo\" name=\"lname\" id=\"lname\" value=\"\"  class=\"fusion-form-input\" required=\"true\" aria-required=\"true\" placeholder=\"Apellidos *\" data-holds-private-data=\"false\" minlength=\"0\"\/><\/div><\/div><\/div><div class=\"fusion-layout-column fusion_builder_column fusion-builder-column-38 fusion_builder_column_1_1 1_1 fusion-flex-column\" style=\"--awb-bg-size:cover;--awb-width-large:100%;--awb-spacing-right-large:1.455%;--awb-margin-bottom-large:0px;--awb-spacing-left-large:1.455%;--awb-width-medium:100%;--awb-order-medium:0;--awb-spacing-right-medium:1.455%;--awb-spacing-left-medium:1.455%;--awb-width-small:100%;--awb-order-small:0;--awb-spacing-right-small:1.455%;--awb-spacing-left-small:1.455%;\"><div class=\"fusion-column-wrapper fusion-column-has-shadow fusion-flex-justify-content-flex-start fusion-content-layout-column\"><div class=\"fusion-form-field fusion-form-email-field fusion-form-label-above\" style=\"\" data-form-id=\"1618\"><input type=\"email\"  data-empty-notice=\"Debes rellenar este campo\" name=\"email\" id=\"email\" value=\"\"  class=\"fusion-form-input\" required=\"true\" aria-required=\"true\" placeholder=\"Escribe tu email *\" data-holds-private-data=\"false\"\/><\/div><\/div><\/div><div class=\"fusion-layout-column fusion_builder_column fusion-builder-column-39 fusion_builder_column_1_1 1_1 fusion-flex-column\" style=\"--awb-bg-size:cover;--awb-width-large:100%;--awb-spacing-right-large:1.455%;--awb-margin-bottom-large:0px;--awb-spacing-left-large:1.455%;--awb-width-medium:100%;--awb-order-medium:0;--awb-spacing-right-medium:1.455%;--awb-spacing-left-medium:1.455%;--awb-width-small:100%;--awb-order-small:0;--awb-spacing-right-small:1.455%;--awb-spacing-left-small:1.455%;\"><div class=\"fusion-column-wrapper fusion-column-has-shadow fusion-flex-justify-content-flex-start fusion-content-layout-column\"><div class=\"fusion-form-field fusion-form-phone-number-field fusion-form-label-above\" style=\"\" data-form-id=\"1618\"><input type=\"tel\"  data-empty-notice=\"Debes rellenar este campo\" name=\"phone\" id=\"phone\" value=\"\"  class=\"fusion-form-input\" required=\"true\" aria-required=\"true\" placeholder=\"Tel\u00e9fono # *\" data-holds-private-data=\"false\"\/><\/div><\/div><\/div><div class=\"fusion-layout-column fusion_builder_column fusion-builder-column-40 fusion_builder_column_1_1 1_1 fusion-flex-column\" style=\"--awb-bg-size:cover;--awb-width-large:100%;--awb-spacing-right-large:1.455%;--awb-margin-bottom-large:0px;--awb-spacing-left-large:1.455%;--awb-width-medium:100%;--awb-order-medium:0;--awb-spacing-right-medium:1.455%;--awb-spacing-left-medium:1.455%;--awb-width-small:100%;--awb-order-small:0;--awb-spacing-right-small:1.455%;--awb-spacing-left-small:1.455%;\"><div class=\"fusion-column-wrapper fusion-column-has-shadow fusion-flex-justify-content-flex-start fusion-content-layout-column\"><div class=\"fusion-form-field fusion-form-textarea-field fusion-form-label-above\" style=\"\" data-form-id=\"1618\"><textarea cols=\"40\" data-empty-notice=\"Debes rellenar este campo\"  minlength=\"0\"  rows=\"5\" tabindex=\"\" id=\"message\" name=\"message\" class=\"fusion-form-input\" required=\"true\" aria-required=\"true\" placeholder=\"Mensaje... *\" data-holds-private-data=\"false\"><\/textarea><\/div><\/div><\/div><div class=\"fusion-layout-column fusion_builder_column fusion-builder-column-41 fusion_builder_column_1_1 1_1 fusion-flex-column\" style=\"--awb-bg-size:cover;--awb-width-large:100%;--awb-spacing-right-large:1.455%;--awb-margin-bottom-large:0px;--awb-spacing-left-large:1.455%;--awb-width-medium:100%;--awb-order-medium:0;--awb-spacing-right-medium:1.455%;--awb-spacing-left-medium:1.455%;--awb-width-small:100%;--awb-order-small:0;--awb-spacing-right-small:1.455%;--awb-spacing-left-small:1.455%;\"><div class=\"fusion-column-wrapper fusion-column-has-shadow fusion-flex-justify-content-flex-start fusion-content-layout-column\"><div class=\"fusion-text fusion-text-27\"><p><a style=\"color: #ff0000;\" href=\"https:\/\/prolegali.com\/aviso-legal\/\">Consultar la pol\u00edtica de privacidad y aviso legal<\/a><\/p>\n<\/div>\n<div class=\"fusion-form-field fusion-form-checkbox-field fusion-form-label-above text-politica-privacidad\" style=\"\" data-form-id=\"1618\"><fieldset><div class=\"fusion-form-checkbox\"><input tabindex=\"\" id=\"checkbox-accepto_la_politica_de_privacidad-1-0\" type=\"checkbox\" value=\"Acepto las condiciones de uso que vienen establecidas en el Aviso Legal y la Pol\u00edtica de privacidad de esta web.\" name=\"accepto_la_politica_de_privacidad[]\" class=\"fusion-form-input\" required=\"true\" aria-required=\"true\" data-holds-private-data=\"false\"\/><label for=\"checkbox-accepto_la_politica_de_privacidad-1-0\">Acepto las condiciones de uso que vienen establecidas en el Aviso Legal y la Pol\u00edtica de privacidad de esta web.<\/label><\/div><\/fieldset><\/div><div class=\"fusion-form-field fusion-form-submit-field fusion-form-label-above\" style=\"\" data-form-id=\"1618\"><div ><button type=\"submit\" class=\"fusion-button button-flat fusion-button-default-size button-custom fusion-button-default button-11 fusion-button-span-yes  form-form-submit button-default\" style=\"--button_accent_color:var(--awb-color8);--button_accent_hover_color:var(--awb-color1);--button_border_hover_color:var(--awb-color1);--button_gradient_top_color:var(--awb-color5);--button_gradient_bottom_color:var(--awb-color5);--button_gradient_top_color_hover:var(--awb-color4);--button_gradient_bottom_color_hover:var(--awb-color4);--button_text_transform:uppercase;--button_padding-top:28px;--button_padding-bottom:28px;\" data-form-number=\"1618\" tabindex=\"\"><span class=\"fusion-button-text\">Enviar mensaje<\/span><i class=\"awb-recruitment-arrow-btn button-icon-right\" aria-hidden=\"true\"><\/i><\/button><\/div><\/div><\/div><\/div><div class=\"fusion-layout-column fusion_builder_column fusion-builder-column-42 fusion_builder_column_1_1 1_1 fusion-flex-column\" style=\"--awb-overflow:hidden;--awb-bg-size:cover;--awb-border-radius:10px 10px 10px 10px;--awb-width-large:100%;--awb-spacing-right-large:1.455%;--awb-margin-bottom-large:0px;--awb-spacing-left-large:1.455%;--awb-width-medium:100%;--awb-order-medium:0;--awb-spacing-right-medium:1.455%;--awb-spacing-left-medium:1.455%;--awb-width-small:100%;--awb-order-small:0;--awb-spacing-right-small:1.455%;--awb-spacing-left-small:1.455%;\"><div class=\"fusion-column-wrapper fusion-column-has-shadow fusion-flex-justify-content-flex-start fusion-content-layout-column\"><div class=\"form-submission-notices data-notice_1\" id=\"fusion-notices-1\"><div class=\"fusion-alert alert success alert-success fusion-alert-center fusion-form-response fusion-form-response-success awb-alert-native-link-color alert-dismissable awb-alert-close-boxed\" style=\"--awb-margin-top:20px;\" role=\"alert\"><div class=\"fusion-alert-content-wrapper\"><span class=\"alert-icon\"><i class=\"awb-icon-check-circle\" aria-hidden=\"true\"><\/i><\/span><span class=\"fusion-alert-content\">Gracias por tu mensaje. Ha sido enviado.<\/span><\/div><button type=\"button\" class=\"close toggle-alert\" data-dismiss=\"alert\" aria-label=\"Close\">&times;<\/button><\/div><div class=\"fusion-alert alert error alert-danger fusion-alert-center fusion-form-response fusion-form-response-error awb-alert-native-link-color alert-dismissable awb-alert-close-boxed\" style=\"--awb-margin-top:20px;\" role=\"alert\"><div class=\"fusion-alert-content-wrapper\"><span class=\"alert-icon\"><i class=\"awb-icon-exclamation-triangle\" aria-hidden=\"true\"><\/i><\/span><span class=\"fusion-alert-content\">Hubo un error al intentar enviar tu mensaje. Por favor, int\u00e9ntalo de nuevo m\u00e1s tarde.<\/span><\/div><button type=\"button\" class=\"close toggle-alert\" data-dismiss=\"alert\" aria-label=\"Close\">&times;<\/button><\/div><\/div><\/div><\/div><\/div><\/div><input type=\"hidden\" name=\"fusion_privacy_store_ip_ua\" value=\"false\"><input type=\"hidden\" name=\"fusion_privacy_expiration_interval\" value=\"48\"><input type=\"hidden\" name=\"privacy_expiration_action\" value=\"anonymize\"><\/form><\/div><\/div><\/div><div class=\"fusion-layout-column fusion_builder_column fusion-builder-column-43 fusion_builder_column_2_5 2_5 fusion-flex-column fusion-flex-align-self-stretch\" style=\"--awb-padding-top:72px;--awb-padding-right:72px;--awb-padding-bottom:72px;--awb-padding-left:72px;--awb-padding-top-small:250px;--awb-padding-bottom-small:250px;--awb-overflow:hidden;--awb-bg-position:center center;--awb-bg-size:cover;--awb-border-radius:20px 20px 20px 20px;--awb-width-large:40%;--awb-spacing-right-large:3.6375%;--awb-margin-bottom-large:0px;--awb-spacing-left-large:3.6375%;--awb-width-medium:40%;--awb-order-medium:0;--awb-spacing-right-medium:3.6375%;--awb-spacing-left-medium:3.6375%;--awb-width-small:100%;--awb-order-small:1;--awb-spacing-right-small:1.455%;--awb-margin-bottom-small:40px;--awb-spacing-left-small:1.455%;\" data-scroll-devices=\"small-visibility,medium-visibility,large-visibility\"><div class=\"fusion-column-wrapper lazyload fusion-column-has-shadow fusion-flex-justify-content-flex-start fusion-content-layout-column fusion-column-has-bg-image\" data-bg-url=\"http:\/\/prolegali.com\/wp-content\/uploads\/2025\/07\/abogado-en-palma-de-mallorca-consultas.webp\" data-bg=\"http:\/\/prolegali.com\/wp-content\/uploads\/2025\/07\/abogado-en-palma-de-mallorca-consultas.webp\"><\/div><\/div><\/div><\/div>\n<div class=\"fusion-fullwidth fullwidth-box fusion-builder-row-14 fusion-flex-container has-pattern-background has-mask-background nonhundred-percent-fullwidth non-hundred-percent-height-scrolling\" style=\"--awb-border-radius-top-left:0px;--awb-border-radius-top-right:0px;--awb-border-radius-bottom-right:0px;--awb-border-radius-bottom-left:0px;--awb-padding-bottom:96px;--awb-flex-wrap:wrap;\" ><div class=\"fusion-builder-row fusion-row fusion-flex-align-items-flex-start fusion-flex-content-wrap\" style=\"max-width:1256.6px;margin-left: calc(-3% \/ 2 );margin-right: calc(-3% \/ 2 );\"><div class=\"fusion-layout-column fusion_builder_column fusion-builder-column-44 fusion_builder_column_1_5 1_5 fusion-flex-column fusion-no-small-visibility fusion-no-medium-visibility\" style=\"--awb-bg-size:cover;--awb-width-large:20%;--awb-spacing-right-large:7.275%;--awb-margin-bottom-large:0px;--awb-spacing-left-large:7.275%;--awb-width-medium:20%;--awb-order-medium:0;--awb-spacing-right-medium:7.275%;--awb-spacing-left-medium:7.275%;--awb-width-small:100%;--awb-order-small:0;--awb-spacing-right-small:1.455%;--awb-spacing-left-small:1.455%;\"><div class=\"fusion-column-wrapper fusion-column-has-shadow fusion-flex-justify-content-flex-start fusion-content-layout-column\"><\/div><\/div><div class=\"fusion-layout-column fusion_builder_column fusion-builder-column-45 fusion_builder_column_3_5 3_5 fusion-flex-column\" style=\"--awb-bg-size:cover;--awb-width-large:60%;--awb-spacing-right-large:2.425%;--awb-margin-bottom-large:0px;--awb-spacing-left-large:2.425%;--awb-width-medium:100%;--awb-order-medium:0;--awb-spacing-right-medium:1.455%;--awb-spacing-left-medium:1.455%;--awb-width-small:100%;--awb-order-small:0;--awb-spacing-right-small:1.455%;--awb-spacing-left-small:1.455%;\"><div class=\"fusion-column-wrapper fusion-column-has-shadow fusion-flex-justify-content-flex-start fusion-content-layout-column\"><div class=\"fusion-text fusion-text-28 fusion-text-no-margin\" style=\"--awb-content-alignment:center;--awb-font-size:var(--awb-typography2-font-size);--awb-line-height:var(--awb-typography2-line-height);--awb-letter-spacing:var(--awb-typography2-letter-spacing);--awb-text-transform:var(--awb-typography2-text-transform);--awb-margin-bottom:20px;--awb-text-font-family:var(--awb-typography2-font-family);--awb-text-font-weight:var(--awb-typography2-font-weight);--awb-text-font-style:var(--awb-typography2-font-style);\"><span class=\"fusion-highlight custom-textcolor highlight1 awb-highlight-marker\" style=\"--awb-color:hsla(var(--awb-color5-h),var(--awb-color5-s),var(--awb-color5-l),calc(var(--awb-color5-a) - 60%));--awb-text-color:var(--awb-color6);\">Legal Information and News<\/span>\n<\/div><div class=\"fusion-title title fusion-title-22 fusion-sep-none fusion-title-center fusion-title-text fusion-title-size-two\" style=\"--awb-margin-bottom:48px;--awb-margin-bottom-small:60px;\"><h2 class=\"fusion-title-heading title-heading-center fusion-responsive-typography-calculated\" style=\"margin:0;--fontSize:42;line-height:var(--awb-typography1-line-height);\">Latest Posts<\/h2><\/div><\/div><\/div><div class=\"fusion-layout-column fusion_builder_column fusion-builder-column-46 fusion_builder_column_1_5 1_5 fusion-flex-column fusion-no-small-visibility fusion-no-medium-visibility\" style=\"--awb-bg-size:cover;--awb-width-large:20%;--awb-spacing-right-large:7.275%;--awb-margin-bottom-large:0px;--awb-spacing-left-large:7.275%;--awb-width-medium:20%;--awb-order-medium:0;--awb-spacing-right-medium:7.275%;--awb-spacing-left-medium:7.275%;--awb-width-small:100%;--awb-order-small:0;--awb-spacing-right-small:1.455%;--awb-spacing-left-small:1.455%;\"><div class=\"fusion-column-wrapper fusion-column-has-shadow fusion-flex-justify-content-flex-start fusion-content-layout-column\"><\/div><\/div><div class=\"fusion-layout-column fusion_builder_column fusion-builder-column-47 fusion_builder_column_1_1 1_1 fusion-flex-column\" style=\"--awb-bg-size:cover;--awb-width-large:100%;--awb-spacing-right-large:1.455%;--awb-margin-bottom-large:0px;--awb-spacing-left-large:1.455%;--awb-width-medium:100%;--awb-order-medium:0;--awb-spacing-right-medium:1.455%;--awb-spacing-left-medium:1.455%;--awb-width-small:100%;--awb-order-small:0;--awb-spacing-right-small:1.455%;--awb-spacing-left-small:1.455%;\"><div class=\"fusion-column-wrapper fusion-column-has-shadow fusion-flex-justify-content-flex-start fusion-content-layout-column\"><\/div><\/div><\/div><\/div><\/p>\n","protected":false},"excerpt":{"rendered":"","protected":false},"author":1,"featured_media":0,"parent":0,"menu_order":0,"comment_status":"closed","ping_status":"closed","template":"100-width.php","meta":{"footnotes":""},"class_list":["post-5969","page","type-page","status-publish","hentry"],"acf":[],"yoast_head":"<!-- This site is optimized with the Yoast SEO plugin v27.4 - https:\/\/yoast.com\/product\/yoast-seo-wordpress\/ -->\n<title>Lawyer in Palma de Mallorca \u2013 Prolegali Law Firm<\/title>\n<meta name=\"description\" content=\"Law Firm with Lawyers in Palma de Mallorca with Extensive Experience in Various Areas of Law. Contact Us with No Obligation.\" \/>\n<meta name=\"robots\" content=\"index, follow, max-snippet:-1, max-image-preview:large, max-video-preview:-1\" \/>\n<link rel=\"canonical\" href=\"https:\/\/prolegali.com\/en\/\" \/>\n<meta property=\"og:locale\" content=\"en_US\" \/>\n<meta property=\"og:type\" content=\"article\" \/>\n<meta property=\"og:title\" content=\"Lawyer in Palma de Mallorca \u2013 Prolegali Law Firm\" \/>\n<meta property=\"og:description\" content=\"Law Firm with Lawyers in Palma de Mallorca with Extensive Experience in Various Areas of Law. Contact Us with No Obligation.\" \/>\n<meta property=\"og:url\" content=\"https:\/\/prolegali.com\/en\/\" \/>\n<meta property=\"og:site_name\" content=\"Prolegali\" \/>\n<meta property=\"article:modified_time\" content=\"2025-07-31T18:57:11+00:00\" \/>\n<meta name=\"twitter:card\" content=\"summary_large_image\" \/>\n<meta name=\"twitter:label1\" content=\"Est. reading time\" \/>\n\t<meta name=\"twitter:data1\" content=\"8 minutes\" \/>\n<script type=\"application\/ld+json\" class=\"yoast-schema-graph\">{\"@context\":\"https:\\\/\\\/schema.org\",\"@graph\":[{\"@type\":\"WebPage\",\"@id\":\"https:\\\/\\\/prolegali.com\\\/en\\\/\",\"url\":\"https:\\\/\\\/prolegali.com\\\/en\\\/\",\"name\":\"Lawyer in Palma de Mallorca \u2013 Prolegali Law Firm\",\"isPartOf\":{\"@id\":\"https:\\\/\\\/prolegali.com\\\/en\\\/#website\"},\"datePublished\":\"2024-11-26T15:45:33+00:00\",\"dateModified\":\"2025-07-31T18:57:11+00:00\",\"description\":\"Law Firm with Lawyers in Palma de Mallorca with Extensive Experience in Various Areas of Law. Contact Us with No Obligation.\",\"breadcrumb\":{\"@id\":\"https:\\\/\\\/prolegali.com\\\/en\\\/#breadcrumb\"},\"inLanguage\":\"en-US\",\"potentialAction\":[{\"@type\":\"ReadAction\",\"target\":[\"https:\\\/\\\/prolegali.com\\\/en\\\/\"]}]},{\"@type\":\"BreadcrumbList\",\"@id\":\"https:\\\/\\\/prolegali.com\\\/en\\\/#breadcrumb\",\"itemListElement\":[{\"@type\":\"ListItem\",\"position\":1,\"name\":\"Home\",\"item\":\"https:\\\/\\\/prolegali.com\\\/en\\\/\"},{\"@type\":\"ListItem\",\"position\":2,\"name\":\"Inicio\"}]},{\"@type\":\"WebSite\",\"@id\":\"https:\\\/\\\/prolegali.com\\\/en\\\/#website\",\"url\":\"https:\\\/\\\/prolegali.com\\\/en\\\/\",\"name\":\"Prolegali\",\"description\":\"Abogados en Palma de Mallorca\",\"publisher\":{\"@id\":\"https:\\\/\\\/prolegali.com\\\/en\\\/#organization\"},\"potentialAction\":[{\"@type\":\"SearchAction\",\"target\":{\"@type\":\"EntryPoint\",\"urlTemplate\":\"https:\\\/\\\/prolegali.com\\\/en\\\/?s={search_term_string}\"},\"query-input\":{\"@type\":\"PropertyValueSpecification\",\"valueRequired\":true,\"valueName\":\"search_term_string\"}}],\"inLanguage\":\"en-US\"},{\"@type\":\"Organization\",\"@id\":\"https:\\\/\\\/prolegali.com\\\/en\\\/#organization\",\"name\":\"Prolegali\",\"url\":\"https:\\\/\\\/prolegali.com\\\/en\\\/\",\"logo\":{\"@type\":\"ImageObject\",\"inLanguage\":\"en-US\",\"@id\":\"https:\\\/\\\/prolegali.com\\\/en\\\/#\\\/schema\\\/logo\\\/image\\\/\",\"url\":\"https:\\\/\\\/prolegali.com\\\/wp-content\\\/uploads\\\/2024\\\/11\\\/prolegali-abogados-en-palma-de-mallorca.webp\",\"contentUrl\":\"https:\\\/\\\/prolegali.com\\\/wp-content\\\/uploads\\\/2024\\\/11\\\/prolegali-abogados-en-palma-de-mallorca.webp\",\"width\":900,\"height\":200,\"caption\":\"Prolegali\"},\"image\":{\"@id\":\"https:\\\/\\\/prolegali.com\\\/en\\\/#\\\/schema\\\/logo\\\/image\\\/\"}}]}<\/script>\n<!-- \/ Yoast SEO plugin. -->","yoast_head_json":{"title":"Lawyer in Palma de Mallorca \u2013 Prolegali Law Firm","description":"Law Firm with Lawyers in Palma de Mallorca with Extensive Experience in Various Areas of Law. Contact Us with No Obligation.","robots":{"index":"index","follow":"follow","max-snippet":"max-snippet:-1","max-image-preview":"max-image-preview:large","max-video-preview":"max-video-preview:-1"},"canonical":"https:\/\/prolegali.com\/en\/","og_locale":"en_US","og_type":"article","og_title":"Lawyer in Palma de Mallorca \u2013 Prolegali Law Firm","og_description":"Law Firm with Lawyers in Palma de Mallorca with Extensive Experience in Various Areas of Law. Contact Us with No Obligation.","og_url":"https:\/\/prolegali.com\/en\/","og_site_name":"Prolegali","article_modified_time":"2025-07-31T18:57:11+00:00","twitter_card":"summary_large_image","twitter_misc":{"Est. reading time":"8 minutes"},"schema":{"@context":"https:\/\/schema.org","@graph":[{"@type":"WebPage","@id":"https:\/\/prolegali.com\/en\/","url":"https:\/\/prolegali.com\/en\/","name":"Lawyer in Palma de Mallorca \u2013 Prolegali Law Firm","isPartOf":{"@id":"https:\/\/prolegali.com\/en\/#website"},"datePublished":"2024-11-26T15:45:33+00:00","dateModified":"2025-07-31T18:57:11+00:00","description":"Law Firm with Lawyers in Palma de Mallorca with Extensive Experience in Various Areas of Law. Contact Us with No Obligation.","breadcrumb":{"@id":"https:\/\/prolegali.com\/en\/#breadcrumb"},"inLanguage":"en-US","potentialAction":[{"@type":"ReadAction","target":["https:\/\/prolegali.com\/en\/"]}]},{"@type":"BreadcrumbList","@id":"https:\/\/prolegali.com\/en\/#breadcrumb","itemListElement":[{"@type":"ListItem","position":1,"name":"Home","item":"https:\/\/prolegali.com\/en\/"},{"@type":"ListItem","position":2,"name":"Inicio"}]},{"@type":"WebSite","@id":"https:\/\/prolegali.com\/en\/#website","url":"https:\/\/prolegali.com\/en\/","name":"Prolegali","description":"Abogados en Palma de Mallorca","publisher":{"@id":"https:\/\/prolegali.com\/en\/#organization"},"potentialAction":[{"@type":"SearchAction","target":{"@type":"EntryPoint","urlTemplate":"https:\/\/prolegali.com\/en\/?s={search_term_string}"},"query-input":{"@type":"PropertyValueSpecification","valueRequired":true,"valueName":"search_term_string"}}],"inLanguage":"en-US"},{"@type":"Organization","@id":"https:\/\/prolegali.com\/en\/#organization","name":"Prolegali","url":"https:\/\/prolegali.com\/en\/","logo":{"@type":"ImageObject","inLanguage":"en-US","@id":"https:\/\/prolegali.com\/en\/#\/schema\/logo\/image\/","url":"https:\/\/prolegali.com\/wp-content\/uploads\/2024\/11\/prolegali-abogados-en-palma-de-mallorca.webp","contentUrl":"https:\/\/prolegali.com\/wp-content\/uploads\/2024\/11\/prolegali-abogados-en-palma-de-mallorca.webp","width":900,"height":200,"caption":"Prolegali"},"image":{"@id":"https:\/\/prolegali.com\/en\/#\/schema\/logo\/image\/"}}]}},"_links":{"self":[{"href":"https:\/\/prolegali.com\/en\/wp-json\/wp\/v2\/pages\/5969","targetHints":{"allow":["GET"]}}],"collection":[{"href":"https:\/\/prolegali.com\/en\/wp-json\/wp\/v2\/pages"}],"about":[{"href":"https:\/\/prolegali.com\/en\/wp-json\/wp\/v2\/types\/page"}],"author":[{"embeddable":true,"href":"https:\/\/prolegali.com\/en\/wp-json\/wp\/v2\/users\/1"}],"replies":[{"embeddable":true,"href":"https:\/\/prolegali.com\/en\/wp-json\/wp\/v2\/comments?post=5969"}],"version-history":[{"count":7,"href":"https:\/\/prolegali.com\/en\/wp-json\/wp\/v2\/pages\/5969\/revisions"}],"predecessor-version":[{"id":5970,"href":"https:\/\/prolegali.com\/en\/wp-json\/wp\/v2\/pages\/5969\/revisions\/5970"}],"wp:attachment":[{"href":"https:\/\/prolegali.com\/en\/wp-json\/wp\/v2\/media?parent=5969"}],"curies":[{"name":"wp","href":"https:\/\/api.w.org\/{rel}","templated":true}]}}