{"id":5990,"date":"2025-05-04T17:06:07","date_gmt":"2025-05-04T17:06:07","guid":{"rendered":"https:\/\/prolegali.com\/abogado-en-palma-para-divorcios\/"},"modified":"2025-08-21T14:38:41","modified_gmt":"2025-08-21T14:38:41","slug":"abogado-en-palma-para-divorcios","status":"publish","type":"page","link":"https:\/\/prolegali.com\/en\/abogado-en-palma-para-divorcios\/","title":{"rendered":"Abogado en Palma para Divorcios"},"content":{"rendered":"<p><div class=\"fusion-fullwidth fullwidth-box fusion-builder-row-1 fusion-flex-container has-pattern-background has-mask-background hundred-percent-fullwidth non-hundred-percent-height-scrolling\" style=\"--awb-border-radius-top-left:0px;--awb-border-radius-top-right:0px;--awb-border-radius-bottom-right:0px;--awb-border-radius-bottom-left:0px;--awb-padding-right:72px;--awb-padding-left:72px;--awb-padding-right-medium:30px;--awb-padding-left-medium:30px;--awb-padding-right-small:30px;--awb-padding-left-small:30px;--awb-flex-wrap:wrap;\" ><div class=\"fusion-builder-row fusion-row fusion-flex-align-items-flex-start fusion-flex-content-wrap\" style=\"width:103% !important;max-width:103% !important;margin-left: calc(-3% \/ 2 );margin-right: calc(-3% \/ 2 );\"><div class=\"fusion-layout-column fusion_builder_column fusion-builder-column-0 fusion_builder_column_1_1 1_1 fusion-flex-column\" style=\"--awb-padding-top:170px;--awb-padding-right:120px;--awb-padding-bottom:170px;--awb-padding-left:120px;--awb-padding-top-medium:80px;--awb-padding-right-medium:96px;--awb-padding-bottom-medium:80px;--awb-padding-left-medium:96px;--awb-padding-top-small:64px;--awb-padding-right-small:15px;--awb-padding-bottom-small:64px;--awb-padding-left-small:15px;--awb-overflow:hidden;--awb-bg-image:linear-gradient(90deg, #1c2f46 36%,rgba(255,255,255,0) 76%);;--awb-bg-image-small:linear-gradient(90deg, #1c2f46 36%,rgba(255,255,255,0) 76%);;--awb-bg-position:right center;--awb-bg-position-small:center center;--awb-bg-size:cover;--awb-border-radius:20px 20px 20px 20px;--awb-width-large:100%;--awb-spacing-right-large:1.455%;--awb-margin-bottom-large:0px;--awb-spacing-left-large:1.455%;--awb-width-medium:100%;--awb-order-medium:0;--awb-spacing-right-medium:1.455%;--awb-spacing-left-medium:1.455%;--awb-width-small:100%;--awb-order-small:0;--awb-spacing-right-small:1.455%;--awb-spacing-left-small:1.455%;\" data-scroll-devices=\"small-visibility,medium-visibility,large-visibility\"><div class=\"fusion-column-wrapper lazyload fusion-column-has-shadow fusion-flex-justify-content-center fusion-content-layout-column fusion-column-has-bg-image fusion-column-has-bg-image-small\" data-bg-url=\"http:\/\/prolegali.com\/wp-content\/uploads\/2025\/04\/abogado-en-palma-de-familia.webp\" data-bg=\"http:\/\/prolegali.com\/wp-content\/uploads\/2025\/04\/abogado-en-palma-de-familia.webp\" data-fusion-responsive-bg=\"1\" data-bg-small=\"http:\/\/prolegali.com\/wp-content\/uploads\/2025\/04\/abogado-en-palma-de-familia.webp\" data-bg-gradient=\"linear-gradient(90deg, #1c2f46 36%,rgba(255,255,255,0) 76%)\"><div class=\"fusion-text fusion-text-1 fusion-text-no-margin\" style=\"--awb-font-size:19px;--awb-text-transform:none;--awb-text-color:var(--awb-color1);--awb-margin-bottom:16px;\"><p>Te acompa\u00f1amos en cada etapa del divorcio.<\/p>\n<\/div><div class=\"fusion-builder-row fusion-builder-row-inner fusion-row fusion-flex-align-items-flex-start fusion-flex-content-wrap\" style=\"width:103% !important;max-width:103% !important;margin-left: calc(-3% \/ 2 );margin-right: calc(-3% \/ 2 );\"><div class=\"fusion-layout-column fusion_builder_column_inner fusion-builder-nested-column-0 fusion_builder_column_inner_1_2 1_2 fusion-flex-column\" style=\"--awb-bg-size:cover;--awb-width-large:50%;--awb-spacing-right-large:2.91%;--awb-margin-bottom-large:0px;--awb-spacing-left-large:2.91%;--awb-width-medium:100%;--awb-order-medium:0;--awb-spacing-right-medium:1.455%;--awb-spacing-left-medium:1.455%;--awb-width-small:100%;--awb-order-small:0;--awb-spacing-right-small:1.455%;--awb-spacing-left-small:1.455%;\" data-scroll-devices=\"small-visibility,medium-visibility,large-visibility\"><div class=\"fusion-column-wrapper fusion-column-has-shadow fusion-flex-justify-content-flex-start fusion-content-layout-row\"><div class=\"fusion-title title fusion-title-1 fusion-sep-none fusion-title-text fusion-title-size-one\" style=\"--awb-text-color:#ffffff;\"><h1 class=\"fusion-title-heading title-heading-left fusion-responsive-typography-calculated\" style=\"margin:0;text-transform:none;--fontSize:56;line-height:var(--awb-typography1-line-height);\">Abogados en Palma para divorcios<\/h1><\/div><div class=\"fusion-text fusion-text-2\" style=\"--awb-text-color:#ffffff;\"><p>Ofrecemos un servicio legal en Palma especializado en divorcios, cercano, eficiente y completamente personalizado. Nuestro equipo de abogados de divorcios en Palma cuenta con amplia experiencia en Derecho de Familia y est\u00e1 preparado para asesorarle en todo tipo de procedimientos: divorcios de mutuo acuerdo, contenciosos, custodia de hijos, pensiones y reparto de bienes. Le garantizamos un acompa\u00f1amiento claro, comprometido\u00a0 y profesional en cada paso del proceso por parte de un <a href=\"https:\/\/prolegali.com\/en\/\">abogado en Palma de Mallorca<\/a> experimentado.<\/p>\n<\/div><\/div><\/div><\/div><div class=\"fusion-builder-row fusion-builder-row-inner fusion-row fusion-flex-align-items-flex-start fusion-flex-content-wrap\" style=\"width:103% !important;max-width:103% !important;margin-left: calc(-3% \/ 2 );margin-right: calc(-3% \/ 2 );\"><div class=\"fusion-layout-column fusion_builder_column_inner fusion-builder-nested-column-1 fusion_builder_column_inner_1_2 1_2 fusion-flex-column\" style=\"--awb-bg-size:cover;--awb-width-large:50%;--awb-spacing-right-large:2.91%;--awb-margin-bottom-large:0px;--awb-spacing-left-large:2.91%;--awb-width-medium:100%;--awb-order-medium:0;--awb-spacing-right-medium:1.455%;--awb-spacing-left-medium:1.455%;--awb-width-small:80%;--awb-order-small:0;--awb-spacing-right-small:1.81875%;--awb-spacing-left-small:1.81875%;\"><div class=\"fusion-column-wrapper fusion-column-has-shadow fusion-flex-justify-content-flex-start fusion-content-layout-row\"><div ><a class=\"fusion-button button-flat fusion-button-default-size button-custom fusion-button-default button-1 fusion-button-default-span fusion-button-default-type awb-b-icon-pos-left\" style=\"--button_accent_color:var(--awb-color7);--button_accent_hover_color:var(--awb-color1);--button_border_hover_color:var(--awb-color1);--button_gradient_top_color:var(--awb-color5);--button_gradient_bottom_color:var(--awb-color5);--button_gradient_top_color_hover:var(--awb-color4);--button_gradient_bottom_color_hover:var(--awb-color4);--button_margin-right:20px;--button_margin-bottom:20px;\" target=\"_self\" data-hover=\"icon_position\" href=\"tel:+34673828114\"><i class=\"fa-phone fas button-icon-left\" aria-hidden=\"true\"><\/i><i class=\"fa-phone fas button-icon-left\" aria-hidden=\"true\"><\/i><span class=\"fusion-button-text\">Ll\u00e1manos 673 828 114<\/span><\/a><\/div><div ><a class=\"fusion-button button-flat fusion-button-default-size button-custom fusion-button-default button-2 fusion-button-default-span fusion-button-default-type awb-b-icon-pos-left\" style=\"--button_accent_color:#ffffff;--button_accent_hover_color:var(--awb-color8);--button_border_hover_color:var(--awb-color8);--button_gradient_top_color:var(--awb-custom_color_2);--button_gradient_bottom_color:var(--awb-custom_color_2);--button_gradient_top_color_hover:var(--awb-color1);--button_gradient_bottom_color_hover:var(--awb-color1);\" target=\"_self\" data-hover=\"icon_position\" href=\"https:\/\/wa.me\/34673828114\"><i class=\"fa-whatsapp fab button-icon-left\" aria-hidden=\"true\"><\/i><i class=\"fa-whatsapp fab button-icon-left\" aria-hidden=\"true\"><\/i><span class=\"fusion-button-text\">Envianos un Whatsapp<\/span><\/a><\/div><\/div><\/div><\/div><\/div><\/div><\/div><\/div><div class=\"fusion-fullwidth fullwidth-box fusion-builder-row-2 fusion-flex-container has-pattern-background has-mask-background nonhundred-percent-fullwidth non-hundred-percent-height-scrolling\" style=\"--awb-border-radius-top-left:0px;--awb-border-radius-top-right:0px;--awb-border-radius-bottom-right:0px;--awb-border-radius-bottom-left:0px;--awb-padding-top:96px;--awb-padding-bottom:96px;--awb-flex-wrap:wrap;\" ><div class=\"fusion-builder-row fusion-row fusion-flex-align-items-flex-start fusion-flex-content-wrap\" style=\"max-width:1256.6px;margin-left: calc(-3% \/ 2 );margin-right: calc(-3% \/ 2 );\"><div class=\"fusion-layout-column fusion_builder_column fusion-builder-column-1 fusion-flex-column\" style=\"--awb-bg-size:cover;--awb-width-large:70%;--awb-spacing-right-large:2.0785714285714%;--awb-margin-bottom-large:0px;--awb-spacing-left-large:2.0785714285714%;--awb-width-medium:70%;--awb-order-medium:0;--awb-spacing-right-medium:2.0785714285714%;--awb-spacing-left-medium:2.0785714285714%;--awb-width-small:100%;--awb-order-small:0;--awb-spacing-right-small:1.455%;--awb-spacing-left-small:1.455%;\"><div class=\"fusion-column-wrapper fusion-column-has-shadow fusion-flex-justify-content-flex-start fusion-content-layout-column\"><div class=\"fusion-text fusion-text-3 fusion-text-no-margin\" style=\"--awb-font-size:var(--awb-typography2-font-size);--awb-line-height:var(--awb-typography2-line-height);--awb-letter-spacing:var(--awb-typography2-letter-spacing);--awb-text-transform:var(--awb-typography2-text-transform);--awb-margin-bottom:20px;--awb-text-font-family:var(--awb-typography2-font-family);--awb-text-font-weight:var(--awb-typography2-font-weight);--awb-text-font-style:var(--awb-typography2-font-style);\"><span class=\"fusion-highlight custom-textcolor highlight1 awb-highlight-marker\" style=\"--awb-color:hsla(var(--awb-color5-h),var(--awb-color5-s),var(--awb-color5-l),calc(var(--awb-color5-a) - 60%));--awb-text-color:var(--awb-color6);\">Asesor\u00eda legal completa, cerca de ti.<\/span>\n<\/div><div class=\"fusion-title title fusion-title-2 fusion-sep-none fusion-title-text fusion-title-size-two\" style=\"--awb-margin-bottom:48px;--awb-margin-bottom-small:48px;\"><h2 class=\"fusion-title-heading title-heading-left fusion-responsive-typography-calculated\" style=\"margin:0;--fontSize:42;line-height:var(--awb-typography1-line-height);\">Bufete de abogados en Palma de Mallorca!<\/h2><\/div><\/div><\/div><div class=\"fusion-layout-column fusion_builder_column fusion-builder-column-2 fusion-flex-column fusion-flex-align-self-center fusion-no-small-visibility\" style=\"--awb-padding-right:20px;--awb-bg-size:cover;--awb-width-large:20%;--awb-spacing-right-large:7.275%;--awb-margin-bottom-large:0px;--awb-spacing-left-large:7.275%;--awb-width-medium:20%;--awb-order-medium:0;--awb-spacing-right-medium:7.275%;--awb-spacing-left-medium:7.275%;--awb-width-small:100%;--awb-order-small:0;--awb-spacing-right-small:1.455%;--awb-spacing-left-small:1.455%;\"><div class=\"fusion-column-wrapper fusion-column-has-shadow fusion-flex-justify-content-flex-start fusion-content-layout-column\"><\/div><\/div><div class=\"fusion-layout-column fusion_builder_column fusion-builder-column-3 fusion-flex-column fusion-flex-align-self-center fusion-no-small-visibility\" style=\"--awb-bg-size:cover;--awb-transition:filter 600ms ease, transform 600ms ease, background-color 600ms ease, border-color 600ms ease;--awb-transform:rotate(0deg);--awb-transform-hover:rotate(90deg);--awb-transform-parent-hover:rotate(90deg);--awb-width-large:10%;--awb-spacing-right-large:14.55%;--awb-margin-bottom-large:0px;--awb-spacing-left-large:14.55%;--awb-width-medium:10%;--awb-order-medium:0;--awb-spacing-right-medium:14.55%;--awb-spacing-left-medium:14.55%;--awb-width-small:100%;--awb-order-small:0;--awb-spacing-right-small:1.455%;--awb-spacing-left-small:1.455%;\"><div class=\"fusion-column-wrapper fusion-column-has-shadow fusion-flex-justify-content-flex-start fusion-content-layout-column\"><i class=\"fb-icon-element-1 fb-icon-element fontawesome-icon awb-recruitment-arrow-btn circle-no\" style=\"--awb-iconcolor:var(--awb-color3);--awb-iconcolor-hover:var(--awb-color6);--awb-font-size:112px;--awb-margin-top:0;--awb-margin-right:0;--awb-margin-bottom:0;--awb-margin-left:0;--awb-align-self:center;\"><\/i><\/div><\/div><div class=\"fusion-layout-column fusion_builder_column fusion-builder-column-4 fusion_builder_column_1_1 1_1 fusion-flex-column\" style=\"--awb-bg-size:cover;--awb-width-large:100%;--awb-spacing-right-large:1.455%;--awb-margin-bottom-large:0px;--awb-spacing-left-large:1.455%;--awb-width-medium:100%;--awb-order-medium:0;--awb-spacing-right-medium:1.455%;--awb-spacing-left-medium:1.455%;--awb-width-small:100%;--awb-order-small:0;--awb-spacing-right-small:1.455%;--awb-spacing-left-small:1.455%;\"><div class=\"fusion-column-wrapper fusion-column-has-shadow fusion-flex-justify-content-flex-start fusion-content-layout-column\"><div class=\"fusion-separator fusion-full-width-sep\" style=\"align-self: center;margin-left: auto;margin-right: auto;margin-bottom:72px;width:100%;\"><div class=\"fusion-separator-border sep-single sep-solid\" style=\"--awb-height:20px;--awb-amount:20px;border-color:var(--awb-color3);border-top-width:1px;\"><\/div><\/div><\/div><\/div><div class=\"fusion-layout-column fusion_builder_column fusion-builder-column-5 fusion-flex-column\" style=\"--awb-overflow:hidden;--awb-bg-position:center center;--awb-bg-size:cover;--awb-border-radius:20px 20px 20px 20px;--awb-width-large:45%;--awb-spacing-right-large:3.2333333333333%;--awb-margin-bottom-large:0px;--awb-spacing-left-large:3.2333333333333%;--awb-width-medium:45%;--awb-order-medium:0;--awb-spacing-right-medium:3.2333333333333%;--awb-spacing-left-medium:3.2333333333333%;--awb-width-small:100%;--awb-order-small:0;--awb-spacing-right-small:1.455%;--awb-margin-bottom-small:40px;--awb-spacing-left-small:1.455%;\"><div class=\"fusion-column-wrapper fusion-column-has-shadow fusion-flex-justify-content-flex-start fusion-content-layout-column\"><div class=\"fusion-image-element \" style=\"--awb-caption-title-font-family:var(--h2_typography-font-family);--awb-caption-title-font-weight:var(--h2_typography-font-weight);--awb-caption-title-font-style:var(--h2_typography-font-style);--awb-caption-title-size:var(--h2_typography-font-size);--awb-caption-title-transform:var(--h2_typography-text-transform);--awb-caption-title-line-height:var(--h2_typography-line-height);--awb-caption-title-letter-spacing:var(--h2_typography-letter-spacing);\"><span class=\" fusion-imageframe imageframe-none imageframe-1 hover-type-none\"><img decoding=\"async\" width=\"600\" height=\"900\" alt=\"Miguel Lopez, abogado en Palma de Mallorca, posando como director de Prolegali\" title=\"abogado-divorcios-en-palma-de-mallorca\" src=\"https:\/\/prolegali.com\/wp-content\/uploads\/2025\/05\/abogado-divorcios-en-palma-de-mallorca.webp\" data-orig-src=\"http:\/\/prolegali.com\/wp-content\/uploads\/2025\/05\/abogado-divorcios-en-palma-de-mallorca.webp\" class=\"lazyload img-responsive wp-image-5913\" srcset=\"data:image\/svg+xml,%3Csvg%20xmlns%3D%27http%3A%2F%2Fwww.w3.org%2F2000%2Fsvg%27%20width%3D%27600%27%20height%3D%27900%27%20viewBox%3D%270%200%20600%20900%27%3E%3Crect%20width%3D%27600%27%20height%3D%27900%27%20fill-opacity%3D%220%22%2F%3E%3C%2Fsvg%3E\" data-srcset=\"https:\/\/prolegali.com\/wp-content\/uploads\/2025\/05\/abogado-divorcios-en-palma-de-mallorca-200x300.webp 200w, https:\/\/prolegali.com\/wp-content\/uploads\/2025\/05\/abogado-divorcios-en-palma-de-mallorca-400x600.webp 400w, https:\/\/prolegali.com\/wp-content\/uploads\/2025\/05\/abogado-divorcios-en-palma-de-mallorca.webp 600w\" data-sizes=\"auto\" data-orig-sizes=\"(max-width: 820px) 100vw, 600px\" \/><\/span><\/div><\/div><\/div><div class=\"fusion-layout-column fusion_builder_column fusion-builder-column-6 fusion-flex-column fusion-flex-align-self-stretch\" style=\"--awb-padding-right:40px;--awb-padding-left:40px;--awb-padding-right-small:0px;--awb-padding-left-small:0px;--awb-bg-size:cover;--awb-width-large:55%;--awb-spacing-right-large:2.6454545454545%;--awb-margin-bottom-large:0px;--awb-spacing-left-large:2.6454545454545%;--awb-width-medium:55%;--awb-order-medium:0;--awb-spacing-right-medium:2.6454545454545%;--awb-spacing-left-medium:2.6454545454545%;--awb-width-small:100%;--awb-order-small:0;--awb-spacing-right-small:1.455%;--awb-spacing-left-small:1.455%;\"><div class=\"fusion-column-wrapper fusion-column-has-shadow fusion-flex-justify-content-flex-start fusion-content-layout-column\"><div class=\"fusion-title title fusion-title-3 fusion-sep-none fusion-title-text fusion-title-size-four\" style=\"--awb-margin-top:8px;--awb-margin-right:80px;--awb-margin-bottom:24px;--awb-margin-bottom-small:24px;--awb-font-size:24px;\"><h4 class=\"fusion-title-heading title-heading-left fusion-responsive-typography-calculated\" style=\"margin:0;font-size:1em;text-transform:none;--fontSize:24;line-height:1.4;\"><p class=\"\" data-start=\"59\" data-end=\"231\">Despacho de referencia en Palma en procesos de divorcio, por nuestra trayectoria y compromiso con cada cliente.<\/p><\/h4><\/div><div class=\"fusion-text fusion-text-4 fusion-text-no-margin\" style=\"--awb-margin-right:40px;--awb-margin-bottom:40px;\"><p class=\"\" data-start=\"330\" data-end=\"812\">En nuestro despacho de abogados de divorcios en Palma, entendemos que un proceso de separaci\u00f3n o divorcio puede ser uno de los momentos m\u00e1s delicados en la vida de una persona. Por eso, ofrecemos un asesoramiento legal cercano, claro y personalizado, con el objetivo de proteger tus derechos y ayudarte a tomar decisiones informadas. Trabajamos tanto en divorcios de mutuo acuerdo como en procedimientos contenciosos, buscando siempre la soluci\u00f3n m\u00e1s favorable para ti y tu familia.<\/p>\n<p class=\"\" data-start=\"814\" data-end=\"1328\">Nuestro equipo de expertos en Derecho de Familia cuenta con una s\u00f3lida trayectoria en casos de divorcio, custodia compartida, pensiones alimenticias, r\u00e9gimen de visitas y liquidaci\u00f3n de bienes gananciales. Cada situaci\u00f3n es \u00fanica, por lo que analizamos a fondo tu caso y te acompa\u00f1amos durante todo el proceso con la m\u00e1xima confidencialidad, compromiso y profesionalidad. Nos enfocamos en alcanzar acuerdos equilibrados, evitando en lo posible largos litigios que puedan generar m\u00e1s desgaste emocional o econ\u00f3mico.<\/p>\n<p class=\"\" data-start=\"1330\" data-end=\"1621\">Hablamos tu idioma, entendemos tu situaci\u00f3n y defendemos tus derechos con firmeza. Si buscas abogados de divorcios en Palma con experiencia, implicaci\u00f3n y una atenci\u00f3n realmente personalizada, estamos aqu\u00ed para ayudarte. Cont\u00e1ctanos y recibe una primera valoraci\u00f3n de tu caso sin compromiso.<\/p>\n<\/div><div ><a class=\"fusion-button button-flat fusion-button-default-size button-custom fusion-button-default button-3 fusion-button-default-span fusion-button-default-type awb-b-icon-pos-right\" style=\"--button_accent_color:var(--awb-color7);--button_accent_hover_color:var(--awb-color1);--button_border_hover_color:var(--awb-color1);--button_gradient_top_color:var(--awb-color5);--button_gradient_bottom_color:var(--awb-color5);--button_gradient_top_color_hover:hsla(var(--awb-color4-h),var(--awb-color4-s),calc(var(--awb-color4-l) - 20%),var(--awb-color4-a));--button_gradient_bottom_color_hover:hsla(var(--awb-color4-h),var(--awb-color4-s),calc(var(--awb-color4-l) - 20%),var(--awb-color4-a));\" target=\"_self\" data-hover=\"icon_position\" href=\"https:\/\/prolegali.com\/contacto\/\"><span class=\"fusion-button-text\">contacta<\/span><i class=\"awb-recruitment-arrow-btn button-icon-right\" aria-hidden=\"true\"><\/i><i class=\"awb-recruitment-arrow-btn button-icon-right\" aria-hidden=\"true\"><\/i><\/a><\/div><div class=\"fusion-separator fusion-full-width-sep\" style=\"align-self: center;margin-left: auto;margin-right: auto;flex-grow:1;width:100%;\"><\/div><\/div><\/div><\/div><\/div><div class=\"fusion-fullwidth fullwidth-box fusion-builder-row-3 fusion-flex-container has-pattern-background has-mask-background nonhundred-percent-fullwidth non-hundred-percent-height-scrolling\" style=\"--awb-border-radius-top-left:0px;--awb-border-radius-top-right:0px;--awb-border-radius-bottom-right:0px;--awb-border-radius-bottom-left:0px;--awb-padding-bottom:3%;--awb-background-color:var(--awb-color1);--awb-flex-wrap:wrap;\" ><div class=\"fusion-builder-row fusion-row fusion-flex-align-items-flex-start fusion-flex-content-wrap\" style=\"max-width:1256.6px;margin-left: calc(-3% \/ 2 );margin-right: calc(-3% \/ 2 );\"><div class=\"fusion-layout-column fusion_builder_column fusion-builder-column-7 fusion_builder_column_4_5 4_5 fusion-flex-column\" style=\"--awb-padding-top:64px;--awb-padding-right:80px;--awb-padding-bottom:64px;--awb-padding-left:80px;--awb-padding-top-small:48px;--awb-padding-right-small:64px;--awb-padding-bottom-small:48px;--awb-padding-left-small:64px;--awb-overflow:hidden;--awb-bg-color:#1e2e48;--awb-bg-color-hover:#1e2e48;--awb-bg-position:center center;--awb-bg-blend:multiply;--awb-bg-size:cover;--awb-border-radius:20px 20px 20px 20px;--awb-width-large:80%;--awb-spacing-right-large:1.81875%;--awb-margin-bottom-large:0px;--awb-spacing-left-large:1.81875%;--awb-width-medium:100%;--awb-order-medium:0;--awb-spacing-right-medium:1.455%;--awb-spacing-left-medium:1.455%;--awb-width-small:100%;--awb-order-small:0;--awb-spacing-right-small:1.455%;--awb-spacing-left-small:1.455%;\" data-scroll-devices=\"small-visibility,medium-visibility,large-visibility\"><div class=\"fusion-column-wrapper lazyload fusion-column-has-shadow fusion-flex-justify-content-flex-start fusion-content-layout-column fusion-column-has-bg-image\" data-bg-url=\"http:\/\/prolegali.com\/wp-content\/uploads\/2024\/11\/cta-bg-1.png\" data-bg=\"http:\/\/prolegali.com\/wp-content\/uploads\/2024\/11\/cta-bg-1.png\"><div class=\"fusion-title title fusion-title-4 fusion-sep-none fusion-title-text fusion-title-size-three\" style=\"--awb-text-color:var(--awb-color1);--awb-margin-bottom:32px;--awb-margin-bottom-small:40px;\"><h3 class=\"fusion-title-heading title-heading-left fusion-responsive-typography-calculated\" style=\"margin:0;text-transform:none;--fontSize:36;line-height:var(--awb-typography1-line-height);\"><p>Defendemos tus intereses \u2014<br \/>\nHabla con nuestros abogados en Palma de Mallorca<\/p><\/h3><\/div><div class=\"fusion-builder-row fusion-builder-row-inner fusion-row fusion-flex-align-items-flex-start fusion-flex-content-wrap\" style=\"width:103% !important;max-width:103% !important;margin-left: calc(-3% \/ 2 );margin-right: calc(-3% \/ 2 );\"><div class=\"fusion-layout-column fusion_builder_column_inner fusion-builder-nested-column-2 fusion-flex-column fusion-flex-align-self-center\" style=\"--awb-padding-bottom:15px;--awb-bg-size:cover;--awb-width-large:32%;--awb-spacing-right-large:4.546875%;--awb-margin-bottom-large:0px;--awb-spacing-left-large:4.546875%;--awb-width-medium:32%;--awb-order-medium:0;--awb-spacing-right-medium:4.546875%;--awb-spacing-left-medium:4.546875%;--awb-width-small:100%;--awb-order-small:0;--awb-spacing-right-small:1.455%;--awb-spacing-left-small:1.455%;\"><div class=\"fusion-column-wrapper fusion-column-has-shadow fusion-flex-justify-content-flex-start fusion-content-layout-column\"><div ><a class=\"fusion-button button-flat fusion-button-default-size button-custom fusion-button-default button-4 fusion-button-default-span fusion-button-default-type awb-b-icon-pos-right\" style=\"--button_accent_color:var(--awb-color7);--button_accent_hover_color:var(--awb-color1);--button_border_hover_color:var(--awb-color1);--button_gradient_top_color:var(--awb-color5);--button_gradient_bottom_color:var(--awb-color5);--button_gradient_top_color_hover:var(--awb-color4);--button_gradient_bottom_color_hover:var(--awb-color4);\" target=\"_self\" data-hover=\"icon_position\" href=\"https:\/\/prolegali.com\/contacto\/\"><span class=\"fusion-button-text\">Cont\u00e1ctanos<\/span><i class=\"awb-recruitment-arrow-btn button-icon-right\" aria-hidden=\"true\"><\/i><i class=\"awb-recruitment-arrow-btn button-icon-right\" aria-hidden=\"true\"><\/i><\/a><\/div><\/div><\/div><div class=\"fusion-layout-column fusion_builder_column_inner fusion-builder-nested-column-3 fusion-flex-column\" style=\"--awb-padding-top:8px;--awb-bg-size:cover;--awb-width-large:65%;--awb-spacing-right-large:2.2384615384615%;--awb-margin-bottom-large:0px;--awb-spacing-left-large:2.2384615384615%;--awb-width-medium:65%;--awb-order-medium:0;--awb-spacing-right-medium:2.2384615384615%;--awb-spacing-left-medium:2.2384615384615%;--awb-width-small:100%;--awb-order-small:0;--awb-spacing-right-small:1.455%;--awb-spacing-left-small:1.455%;\"><div class=\"fusion-column-wrapper fusion-column-has-shadow fusion-flex-justify-content-flex-start fusion-content-layout-column\"><div class=\"fusion-title title fusion-title-5 fusion-sep-none fusion-title-text fusion-title-size-div\" style=\"--awb-text-color:var(--awb-color1);--awb-margin-top:10px;--awb-margin-bottom:10px;--awb-margin-bottom-small:15px;--awb-font-size:23px;\"><div class=\"fusion-title-heading title-heading-left title-heading-tag fusion-responsive-typography-calculated\" style=\"font-family:var(--awb-typography1-font-family);font-weight:var(--awb-typography1-font-weight);font-style:var(--awb-typography1-font-style);margin:0;font-size:1em;letter-spacing:var(--awb-typography1-letter-spacing);text-transform:var(--awb-typography1-text-transform);--fontSize:23;line-height:var(--awb-typography1-line-height);\">Ll\u00e1manos <a href=\"tel:+34673828114\">673 828 114<\/a><\/div><\/div><\/div><\/div><\/div><\/div><\/div>\n<div class=\"fusion-layout-column fusion_builder_column fusion-builder-column-8 fusion_builder_column_1_5 1_5 fusion-flex-column fusion-flex-align-self-stretch fusion-no-small-visibility fusion-no-medium-visibility\" style=\"--awb-overflow:hidden;--awb-bg-position:left center;--awb-bg-size:cover;--awb-border-radius:20px 20px 20px 20px;--awb-width-large:20%;--awb-spacing-right-large:7.275%;--awb-margin-bottom-large:0px;--awb-spacing-left-large:7.275%;--awb-width-medium:20%;--awb-order-medium:0;--awb-spacing-right-medium:7.275%;--awb-spacing-left-medium:7.275%;--awb-width-small:100%;--awb-order-small:0;--awb-spacing-right-small:1.455%;--awb-spacing-left-small:1.455%;\" data-scroll-devices=\"small-visibility,medium-visibility,large-visibility\"><div class=\"fusion-column-wrapper lazyload fusion-column-has-shadow fusion-flex-justify-content-flex-start fusion-content-layout-column fusion-empty-column-bg-image fusion-column-has-bg-image\" data-bg-url=\"http:\/\/prolegali.com\/wp-content\/uploads\/2025\/07\/abogados-en-palma-de-mallorca-contacta.webp\" data-bg=\"http:\/\/prolegali.com\/wp-content\/uploads\/2025\/07\/abogados-en-palma-de-mallorca-contacta.webp\"><img decoding=\"async\" class=\"fusion-empty-dims-img-placeholder\" aria-label=\"abogados-en-palma-de-mallorca-contacta\" src=\"data:image\/svg+xml,%3Csvg%20xmlns%3D%27http%3A%2F%2Fwww.w3.org%2F2000%2Fsvg%27%20width%3D%27940%27%20height%3D%271460%27%20viewBox%3D%270%200%20940%201460%27%3E%3Crect%20width%3D%27940%27%20height%3D%271460%27%20fill-opacity%3D%220%22%2F%3E%3C%2Fsvg%3E\"><\/div><\/div><\/div><\/div><div class=\"fusion-fullwidth fullwidth-box fusion-builder-row-4 fusion-flex-container has-pattern-background has-mask-background nonhundred-percent-fullwidth non-hundred-percent-height-scrolling\" style=\"--awb-border-radius-top-left:0px;--awb-border-radius-top-right:0px;--awb-border-radius-bottom-right:0px;--awb-border-radius-bottom-left:0px;--awb-padding-bottom:72px;--awb-padding-bottom-medium:0px;--awb-padding-bottom-small:48px;--awb-flex-wrap:wrap;\" ><div class=\"fusion-builder-row fusion-row fusion-flex-align-items-flex-start fusion-flex-content-wrap\" style=\"max-width:1256.6px;margin-left: calc(-3% \/ 2 );margin-right: calc(-3% \/ 2 );\"><div class=\"fusion-layout-column fusion_builder_column fusion-builder-column-9 fusion_builder_column_1_3 1_3 fusion-flex-column\" style=\"--awb-overflow:hidden;--awb-bg-size:cover;--awb-border-radius:20px 20px 20px 20px;--awb-width-large:33.333333333333%;--awb-spacing-right-large:4.365%;--awb-margin-bottom-large:0px;--awb-spacing-left-large:4.365%;--awb-width-medium:50%;--awb-order-medium:0;--awb-spacing-right-medium:2.91%;--awb-margin-bottom-medium:40px;--awb-spacing-left-medium:2.91%;--awb-width-small:100%;--awb-order-small:0;--awb-spacing-right-small:1.455%;--awb-spacing-left-small:1.455%;\"><div class=\"fusion-column-wrapper fusion-column-has-shadow fusion-flex-justify-content-flex-start fusion-content-layout-column\"><div class=\"fusion-image-element \" style=\"--awb-margin-bottom:32px;--awb-caption-title-font-family:var(--h2_typography-font-family);--awb-caption-title-font-weight:var(--h2_typography-font-weight);--awb-caption-title-font-style:var(--h2_typography-font-style);--awb-caption-title-size:var(--h2_typography-font-size);--awb-caption-title-transform:var(--h2_typography-text-transform);--awb-caption-title-line-height:var(--h2_typography-line-height);--awb-caption-title-letter-spacing:var(--h2_typography-letter-spacing);\"><span class=\" fusion-imageframe imageframe-none imageframe-2 hover-type-none\" style=\"border-radius:15px;\"><a class=\"fusion-no-lightbox\" href=\"#\" target=\"_self\" aria-label=\"abogado-precio-cerrado-en-palma-de-mallorca\"><img decoding=\"async\" width=\"960\" height=\"750\" src=\"https:\/\/prolegali.com\/wp-content\/uploads\/2025\/05\/abogado-precio-cerrado-en-palma-de-mallorca.webp\" data-orig-src=\"http:\/\/prolegali.com\/wp-content\/uploads\/2025\/05\/abogado-precio-cerrado-en-palma-de-mallorca.webp\" alt class=\"lazyload img-responsive wp-image-5816\" srcset=\"data:image\/svg+xml,%3Csvg%20xmlns%3D%27http%3A%2F%2Fwww.w3.org%2F2000%2Fsvg%27%20width%3D%27960%27%20height%3D%27750%27%20viewBox%3D%270%200%20960%20750%27%3E%3Crect%20width%3D%27960%27%20height%3D%27750%27%20fill-opacity%3D%220%22%2F%3E%3C%2Fsvg%3E\" data-srcset=\"https:\/\/prolegali.com\/wp-content\/uploads\/2025\/05\/abogado-precio-cerrado-en-palma-de-mallorca-200x156.webp 200w, https:\/\/prolegali.com\/wp-content\/uploads\/2025\/05\/abogado-precio-cerrado-en-palma-de-mallorca-300x234.webp 300w, https:\/\/prolegali.com\/wp-content\/uploads\/2025\/05\/abogado-precio-cerrado-en-palma-de-mallorca-400x313.webp 400w, https:\/\/prolegali.com\/wp-content\/uploads\/2025\/05\/abogado-precio-cerrado-en-palma-de-mallorca-600x469.webp 600w, https:\/\/prolegali.com\/wp-content\/uploads\/2025\/05\/abogado-precio-cerrado-en-palma-de-mallorca-768x600.webp 768w, https:\/\/prolegali.com\/wp-content\/uploads\/2025\/05\/abogado-precio-cerrado-en-palma-de-mallorca-800x625.webp 800w, https:\/\/prolegali.com\/wp-content\/uploads\/2025\/05\/abogado-precio-cerrado-en-palma-de-mallorca.webp 960w\" data-sizes=\"auto\" data-orig-sizes=\"(max-width: 820px) 100vw, 400px\" \/><\/a><\/span><\/div><div class=\"fusion-builder-row fusion-builder-row-inner fusion-row fusion-flex-align-items-flex-start fusion-flex-content-wrap\" style=\"width:103% !important;max-width:103% !important;margin-left: calc(-3% \/ 2 );margin-right: calc(-3% \/ 2 );\"><div class=\"fusion-layout-column fusion_builder_column_inner fusion-builder-nested-column-4 fusion_builder_column_inner_3_4 3_4 fusion-flex-column fusion-flex-align-self-center\" style=\"--awb-padding-bottom-small:10px;--awb-bg-size:cover;--awb-width-large:75%;--awb-spacing-right-large:1.94%;--awb-margin-bottom-large:0px;--awb-spacing-left-large:1.94%;--awb-width-medium:75%;--awb-order-medium:0;--awb-spacing-right-medium:1.94%;--awb-spacing-left-medium:1.94%;--awb-width-small:100%;--awb-order-small:2;--awb-spacing-right-small:1.455%;--awb-spacing-left-small:1.455%;\"><div class=\"fusion-column-wrapper fusion-column-has-shadow fusion-flex-justify-content-flex-start fusion-content-layout-column\"><div class=\"fusion-title title fusion-title-6 fusion-sep-none fusion-title-text fusion-title-size-five\" style=\"--awb-margin-right:20px;--awb-margin-bottom:0px;--awb-margin-left:20px;\"><h5 class=\"fusion-title-heading title-heading-left fusion-responsive-typography-calculated\" style=\"margin:0;--fontSize:24;line-height:1.4;\">Transparencia en los costes<\/h5><\/div><\/div><\/div><div class=\"fusion-layout-column fusion_builder_column_inner fusion-builder-nested-column-5 fusion_builder_column_inner_1_4 1_4 fusion-flex-column fusion-flex-align-self-stretch\" style=\"--awb-padding-top-small:20px;--awb-padding-bottom-small:20px;--awb-bg-size:cover;--awb-width-large:25%;--awb-spacing-right-large:5.82%;--awb-margin-bottom-large:0px;--awb-spacing-left-large:5.82%;--awb-width-medium:25%;--awb-order-medium:0;--awb-spacing-right-medium:5.82%;--awb-spacing-left-medium:5.82%;--awb-width-small:100%;--awb-order-small:1;--awb-spacing-right-small:1.455%;--awb-spacing-left-small:1.455%;\"><div class=\"fusion-column-wrapper fusion-column-has-shadow fusion-flex-justify-content-flex-start fusion-content-layout-column\"><i class=\"fb-icon-element-2 fb-icon-element fontawesome-icon fa-credit-card far circle-no fusion-text-flow\" style=\"--awb-iconcolor:var(--awb-color4);--awb-iconcolor-hover:var(--awb-color4);--awb-font-size:50px;--awb-margin-right:25px;\"><\/i><\/div><\/div><\/div><div class=\"fusion-builder-row fusion-builder-row-inner fusion-row fusion-flex-align-items-flex-start fusion-flex-content-wrap\" style=\"width:103% !important;max-width:103% !important;margin-left: calc(-3% \/ 2 );margin-right: calc(-3% \/ 2 );\"><div class=\"fusion-layout-column fusion_builder_column_inner fusion-builder-nested-column-6 fusion_builder_column_inner_1_1 1_1 fusion-flex-column\" style=\"--awb-padding-right:20px;--awb-padding-left:20px;--awb-padding-right-small:0px;--awb-padding-left-small:0px;--awb-bg-size:cover;--awb-transition:filter 600ms ease, transform 600ms ease, background-color 600ms ease, border-color 600ms ease;--awb-transform:translateY(-10px);--awb-transform-hover:translateY(0px);--awb-transform-parent-hover:translateY(0px);--awb-filter:opacity(0%);--awb-filter-transition:filter 0.3s ease;--awb-filter-hover:opacity(100%);--awb-filter-parent-hover:opacity(100%);--awb-width-large:100%;--awb-spacing-right-large:1.455%;--awb-margin-bottom-large:0px;--awb-spacing-left-large:1.455%;--awb-width-medium:100%;--awb-order-medium:0;--awb-spacing-right-medium:1.455%;--awb-spacing-left-medium:1.455%;--awb-width-small:100%;--awb-order-small:0;--awb-spacing-right-small:1.455%;--awb-spacing-left-small:1.455%;\" data-scroll-devices=\"small-visibility,medium-visibility,large-visibility\"><div class=\"fusion-column-wrapper fusion-column-has-shadow fusion-flex-justify-content-flex-start fusion-content-layout-column\"><div class=\"fusion-text fusion-text-5\" style=\"--awb-font-size:var(--awb-typography5-font-size);--awb-line-height:var(--awb-typography5-line-height);--awb-letter-spacing:var(--awb-typography5-letter-spacing);--awb-text-transform:var(--awb-typography5-text-transform);--awb-margin-top:0px;--awb-text-font-family:var(--awb-typography5-font-family);--awb-text-font-weight:var(--awb-typography5-font-weight);--awb-text-font-style:var(--awb-typography5-font-style);\"><p>Los costes y la forma de pago quedar\u00e1n acordados de forma clara y transparente.<\/p>\n<\/div><\/div><\/div><\/div><div class=\"fusion-builder-row fusion-builder-row-inner fusion-row fusion-flex-align-items-flex-start fusion-flex-content-wrap\" style=\"width:103% !important;max-width:103% !important;margin-left: calc(-3% \/ 2 );margin-right: calc(-3% \/ 2 );\"><div class=\"fusion-layout-column fusion_builder_column_inner fusion-builder-nested-column-7 fusion_builder_column_inner_1_1 1_1 fusion-flex-column\" style=\"--awb-bg-size:cover;--awb-transition:filter 600ms ease, transform 600ms ease, background-color 600ms ease, border-color 600ms ease;--awb-transform:translateY(-30px);--awb-transform-hover:translateY(-10px);--awb-transform-parent-hover:translateY(-10px);--awb-width-large:100%;--awb-spacing-right-large:1.455%;--awb-margin-bottom-large:0px;--awb-spacing-left-large:1.455%;--awb-width-medium:100%;--awb-order-medium:0;--awb-spacing-right-medium:1.455%;--awb-spacing-left-medium:1.455%;--awb-width-small:100%;--awb-order-small:0;--awb-spacing-right-small:1.455%;--awb-spacing-left-small:1.455%;\"><div class=\"fusion-column-wrapper fusion-column-has-shadow fusion-flex-justify-content-flex-start fusion-content-layout-column\"><div class=\"fusion-separator fusion-full-width-sep\" style=\"align-self: center;margin-left: auto;margin-right: auto;margin-top:10px;margin-bottom:10px;width:100%;\"><div class=\"fusion-separator-border sep-single sep-solid\" style=\"--awb-height:20px;--awb-amount:20px;border-color:var(--awb-color3);border-top-width:1px;\"><\/div><\/div><\/div><\/div><\/div><\/div><\/div><div class=\"fusion-layout-column fusion_builder_column fusion-builder-column-10 fusion_builder_column_1_3 1_3 fusion-flex-column\" style=\"--awb-overflow:hidden;--awb-bg-size:cover;--awb-border-radius:20px 20px 20px 20px;--awb-width-large:33.333333333333%;--awb-spacing-right-large:4.365%;--awb-margin-bottom-large:0px;--awb-spacing-left-large:4.365%;--awb-width-medium:50%;--awb-order-medium:0;--awb-spacing-right-medium:2.91%;--awb-margin-bottom-medium:40px;--awb-spacing-left-medium:2.91%;--awb-width-small:100%;--awb-order-small:0;--awb-spacing-right-small:1.455%;--awb-spacing-left-small:1.455%;\"><div class=\"fusion-column-wrapper fusion-column-has-shadow fusion-flex-justify-content-flex-start fusion-content-layout-column\"><div class=\"fusion-image-element \" style=\"--awb-margin-bottom:32px;--awb-caption-title-font-family:var(--h2_typography-font-family);--awb-caption-title-font-weight:var(--h2_typography-font-weight);--awb-caption-title-font-style:var(--h2_typography-font-style);--awb-caption-title-size:var(--h2_typography-font-size);--awb-caption-title-transform:var(--h2_typography-text-transform);--awb-caption-title-line-height:var(--h2_typography-line-height);--awb-caption-title-letter-spacing:var(--h2_typography-letter-spacing);\"><span class=\" fusion-imageframe imageframe-none imageframe-3 hover-type-none\" style=\"border-radius:15px;\"><a class=\"fusion-no-lightbox\" href=\"#\" target=\"_self\" aria-label=\"abogado-en-palma-facil-de-localizar\"><img decoding=\"async\" width=\"960\" height=\"750\" src=\"https:\/\/prolegali.com\/wp-content\/uploads\/2025\/05\/abogado-en-palma-facil-de-localizar.webp\" data-orig-src=\"http:\/\/prolegali.com\/wp-content\/uploads\/2025\/05\/abogado-en-palma-facil-de-localizar.webp\" alt class=\"lazyload img-responsive wp-image-5817\" srcset=\"data:image\/svg+xml,%3Csvg%20xmlns%3D%27http%3A%2F%2Fwww.w3.org%2F2000%2Fsvg%27%20width%3D%27960%27%20height%3D%27750%27%20viewBox%3D%270%200%20960%20750%27%3E%3Crect%20width%3D%27960%27%20height%3D%27750%27%20fill-opacity%3D%220%22%2F%3E%3C%2Fsvg%3E\" data-srcset=\"https:\/\/prolegali.com\/wp-content\/uploads\/2025\/05\/abogado-en-palma-facil-de-localizar-200x156.webp 200w, https:\/\/prolegali.com\/wp-content\/uploads\/2025\/05\/abogado-en-palma-facil-de-localizar-300x234.webp 300w, https:\/\/prolegali.com\/wp-content\/uploads\/2025\/05\/abogado-en-palma-facil-de-localizar-400x313.webp 400w, https:\/\/prolegali.com\/wp-content\/uploads\/2025\/05\/abogado-en-palma-facil-de-localizar-600x469.webp 600w, https:\/\/prolegali.com\/wp-content\/uploads\/2025\/05\/abogado-en-palma-facil-de-localizar-768x600.webp 768w, https:\/\/prolegali.com\/wp-content\/uploads\/2025\/05\/abogado-en-palma-facil-de-localizar-800x625.webp 800w, https:\/\/prolegali.com\/wp-content\/uploads\/2025\/05\/abogado-en-palma-facil-de-localizar.webp 960w\" data-sizes=\"auto\" data-orig-sizes=\"(max-width: 820px) 100vw, 400px\" \/><\/a><\/span><\/div><div class=\"fusion-builder-row fusion-builder-row-inner fusion-row fusion-flex-align-items-flex-start fusion-flex-content-wrap\" style=\"width:103% !important;max-width:103% !important;margin-left: calc(-3% \/ 2 );margin-right: calc(-3% \/ 2 );\"><div class=\"fusion-layout-column fusion_builder_column_inner fusion-builder-nested-column-8 fusion_builder_column_inner_3_4 3_4 fusion-flex-column fusion-flex-align-self-center\" style=\"--awb-padding-bottom-small:10px;--awb-bg-size:cover;--awb-width-large:75%;--awb-spacing-right-large:1.94%;--awb-margin-bottom-large:0px;--awb-spacing-left-large:1.94%;--awb-width-medium:75%;--awb-order-medium:0;--awb-spacing-right-medium:1.94%;--awb-spacing-left-medium:1.94%;--awb-width-small:100%;--awb-order-small:2;--awb-spacing-right-small:1.455%;--awb-spacing-left-small:1.455%;\"><div class=\"fusion-column-wrapper fusion-column-has-shadow fusion-flex-justify-content-flex-start fusion-content-layout-column\"><div class=\"fusion-title title fusion-title-7 fusion-sep-none fusion-title-text fusion-title-size-five\" style=\"--awb-margin-right:20px;--awb-margin-bottom:0px;--awb-margin-left:20px;\"><h5 class=\"fusion-title-heading title-heading-left fusion-responsive-typography-calculated\" style=\"margin:0;--fontSize:24;line-height:1.4;\">Comunicaci\u00f3n fluida con tu abogado<\/h5><\/div><\/div><\/div><div class=\"fusion-layout-column fusion_builder_column_inner fusion-builder-nested-column-9 fusion_builder_column_inner_1_4 1_4 fusion-flex-column fusion-flex-align-self-stretch\" style=\"--awb-padding-top-small:20px;--awb-padding-bottom-small:20px;--awb-bg-size:cover;--awb-width-large:25%;--awb-spacing-right-large:5.82%;--awb-margin-bottom-large:0px;--awb-spacing-left-large:5.82%;--awb-width-medium:25%;--awb-order-medium:0;--awb-spacing-right-medium:5.82%;--awb-spacing-left-medium:5.82%;--awb-width-small:100%;--awb-order-small:1;--awb-spacing-right-small:1.455%;--awb-spacing-left-small:1.455%;\"><div class=\"fusion-column-wrapper fusion-column-has-shadow fusion-flex-justify-content-flex-start fusion-content-layout-column\"><i class=\"fb-icon-element-3 fb-icon-element fontawesome-icon fa-comments fas circle-no fusion-text-flow\" style=\"--awb-iconcolor:var(--awb-color4);--awb-iconcolor-hover:var(--awb-color4);--awb-font-size:50px;--awb-margin-right:25px;\"><\/i><\/div><\/div><\/div><div class=\"fusion-builder-row fusion-builder-row-inner fusion-row fusion-flex-align-items-flex-start fusion-flex-content-wrap\" style=\"width:103% !important;max-width:103% !important;margin-left: calc(-3% \/ 2 );margin-right: calc(-3% \/ 2 );\"><div class=\"fusion-layout-column fusion_builder_column_inner fusion-builder-nested-column-10 fusion_builder_column_inner_1_1 1_1 fusion-flex-column\" style=\"--awb-padding-right:20px;--awb-padding-left:20px;--awb-padding-right-small:0px;--awb-padding-left-small:0px;--awb-bg-size:cover;--awb-transition:filter 600ms ease, transform 600ms ease, background-color 600ms ease, border-color 600ms ease;--awb-transform:translateY(-10px);--awb-transform-hover:translateY(0px);--awb-transform-parent-hover:translateY(0px);--awb-filter:opacity(0%);--awb-filter-transition:filter 0.3s ease;--awb-filter-hover:opacity(100%);--awb-filter-parent-hover:opacity(100%);--awb-width-large:100%;--awb-spacing-right-large:1.455%;--awb-margin-bottom-large:0px;--awb-spacing-left-large:1.455%;--awb-width-medium:100%;--awb-order-medium:0;--awb-spacing-right-medium:1.455%;--awb-spacing-left-medium:1.455%;--awb-width-small:100%;--awb-order-small:0;--awb-spacing-right-small:1.455%;--awb-spacing-left-small:1.455%;\"><div class=\"fusion-column-wrapper fusion-column-has-shadow fusion-flex-justify-content-flex-start fusion-content-layout-column\"><div class=\"fusion-text fusion-text-6\" style=\"--awb-font-size:var(--awb-typography5-font-size);--awb-line-height:var(--awb-typography5-line-height);--awb-letter-spacing:var(--awb-typography5-letter-spacing);--awb-text-transform:var(--awb-typography5-text-transform);--awb-margin-top:0px;--awb-text-font-family:var(--awb-typography5-font-family);--awb-text-font-weight:var(--awb-typography5-font-weight);--awb-text-font-style:var(--awb-typography5-font-style);\"><p>Tu abogado se compromete a responderte e informarte en 24h m\u00e1ximo.<\/p>\n<\/div><\/div><\/div><\/div><div class=\"fusion-builder-row fusion-builder-row-inner fusion-row fusion-flex-align-items-flex-start fusion-flex-content-wrap\" style=\"width:103% !important;max-width:103% !important;margin-left: calc(-3% \/ 2 );margin-right: calc(-3% \/ 2 );\"><div class=\"fusion-layout-column fusion_builder_column_inner fusion-builder-nested-column-11 fusion_builder_column_inner_1_1 1_1 fusion-flex-column\" style=\"--awb-bg-size:cover;--awb-transition:filter 600ms ease, transform 600ms ease, background-color 600ms ease, border-color 600ms ease;--awb-transform:translateY(-30px);--awb-transform-hover:translateY(-10px);--awb-transform-parent-hover:translateY(-10px);--awb-width-large:100%;--awb-spacing-right-large:1.455%;--awb-margin-bottom-large:0px;--awb-spacing-left-large:1.455%;--awb-width-medium:100%;--awb-order-medium:0;--awb-spacing-right-medium:1.455%;--awb-spacing-left-medium:1.455%;--awb-width-small:100%;--awb-order-small:0;--awb-spacing-right-small:1.455%;--awb-spacing-left-small:1.455%;\"><div class=\"fusion-column-wrapper fusion-column-has-shadow fusion-flex-justify-content-flex-start fusion-content-layout-column\"><div class=\"fusion-separator fusion-full-width-sep\" style=\"align-self: center;margin-left: auto;margin-right: auto;margin-top:10px;margin-bottom:10px;width:100%;\"><div class=\"fusion-separator-border sep-single sep-solid\" style=\"--awb-height:20px;--awb-amount:20px;border-color:var(--awb-color3);border-top-width:1px;\"><\/div><\/div><\/div><\/div><\/div><\/div><\/div><div class=\"fusion-layout-column fusion_builder_column fusion-builder-column-11 fusion_builder_column_1_3 1_3 fusion-flex-column\" style=\"--awb-overflow:hidden;--awb-bg-size:cover;--awb-border-radius:20px 20px 20px 20px;--awb-width-large:33.333333333333%;--awb-spacing-right-large:4.365%;--awb-margin-bottom-large:0px;--awb-spacing-left-large:4.365%;--awb-width-medium:50%;--awb-order-medium:0;--awb-spacing-right-medium:2.91%;--awb-spacing-left-medium:2.91%;--awb-width-small:100%;--awb-order-small:0;--awb-spacing-right-small:1.455%;--awb-spacing-left-small:1.455%;\"><div class=\"fusion-column-wrapper fusion-column-has-shadow fusion-flex-justify-content-flex-start fusion-content-layout-column\"><div class=\"fusion-image-element \" style=\"--awb-margin-bottom:32px;--awb-caption-title-font-family:var(--h2_typography-font-family);--awb-caption-title-font-weight:var(--h2_typography-font-weight);--awb-caption-title-font-style:var(--h2_typography-font-style);--awb-caption-title-size:var(--h2_typography-font-size);--awb-caption-title-transform:var(--h2_typography-text-transform);--awb-caption-title-line-height:var(--h2_typography-line-height);--awb-caption-title-letter-spacing:var(--h2_typography-letter-spacing);\"><span class=\" fusion-imageframe imageframe-none imageframe-4 hover-type-none\" style=\"border-radius:15px;\"><a class=\"fusion-no-lightbox\" href=\"#\" target=\"_self\" aria-label=\"abogado-en-palma-de-mallorca-cerca\"><img decoding=\"async\" width=\"960\" height=\"750\" alt=\"Abogados trabajando en equipo discutiendo un caso\" src=\"https:\/\/prolegali.com\/wp-content\/uploads\/2025\/05\/abogado-en-palma-de-mallorca-cerca.webp\" data-orig-src=\"http:\/\/prolegali.com\/wp-content\/uploads\/2025\/05\/abogado-en-palma-de-mallorca-cerca.webp\" class=\"lazyload img-responsive wp-image-5813\" srcset=\"data:image\/svg+xml,%3Csvg%20xmlns%3D%27http%3A%2F%2Fwww.w3.org%2F2000%2Fsvg%27%20width%3D%27960%27%20height%3D%27750%27%20viewBox%3D%270%200%20960%20750%27%3E%3Crect%20width%3D%27960%27%20height%3D%27750%27%20fill-opacity%3D%220%22%2F%3E%3C%2Fsvg%3E\" data-srcset=\"https:\/\/prolegali.com\/wp-content\/uploads\/2025\/05\/abogado-en-palma-de-mallorca-cerca-200x156.webp 200w, https:\/\/prolegali.com\/wp-content\/uploads\/2025\/05\/abogado-en-palma-de-mallorca-cerca-300x234.webp 300w, https:\/\/prolegali.com\/wp-content\/uploads\/2025\/05\/abogado-en-palma-de-mallorca-cerca-400x313.webp 400w, https:\/\/prolegali.com\/wp-content\/uploads\/2025\/05\/abogado-en-palma-de-mallorca-cerca-600x469.webp 600w, https:\/\/prolegali.com\/wp-content\/uploads\/2025\/05\/abogado-en-palma-de-mallorca-cerca-768x600.webp 768w, https:\/\/prolegali.com\/wp-content\/uploads\/2025\/05\/abogado-en-palma-de-mallorca-cerca-800x625.webp 800w, https:\/\/prolegali.com\/wp-content\/uploads\/2025\/05\/abogado-en-palma-de-mallorca-cerca.webp 960w\" data-sizes=\"auto\" data-orig-sizes=\"(max-width: 820px) 100vw, 400px\" \/><\/a><\/span><\/div><div class=\"fusion-builder-row fusion-builder-row-inner fusion-row fusion-flex-align-items-flex-start fusion-flex-content-wrap\" style=\"width:103% !important;max-width:103% !important;margin-left: calc(-3% \/ 2 );margin-right: calc(-3% \/ 2 );\"><div class=\"fusion-layout-column fusion_builder_column_inner fusion-builder-nested-column-12 fusion_builder_column_inner_3_4 3_4 fusion-flex-column fusion-flex-align-self-center\" style=\"--awb-padding-bottom-small:10px;--awb-bg-size:cover;--awb-width-large:75%;--awb-spacing-right-large:1.94%;--awb-margin-bottom-large:0px;--awb-spacing-left-large:1.94%;--awb-width-medium:75%;--awb-order-medium:0;--awb-spacing-right-medium:1.94%;--awb-spacing-left-medium:1.94%;--awb-width-small:100%;--awb-order-small:2;--awb-spacing-right-small:1.455%;--awb-spacing-left-small:1.455%;\"><div class=\"fusion-column-wrapper fusion-column-has-shadow fusion-flex-justify-content-flex-start fusion-content-layout-column\"><div class=\"fusion-title title fusion-title-8 fusion-sep-none fusion-title-text fusion-title-size-five\" style=\"--awb-margin-right:20px;--awb-margin-bottom:0px;--awb-margin-left:20px;\"><h5 class=\"fusion-title-heading title-heading-left fusion-responsive-typography-calculated\" style=\"margin:0;--fontSize:24;line-height:1.4;\">Abogados especializados<\/h5><\/div><\/div><\/div><div class=\"fusion-layout-column fusion_builder_column_inner fusion-builder-nested-column-13 fusion_builder_column_inner_1_4 1_4 fusion-flex-column fusion-flex-align-self-stretch\" style=\"--awb-padding-top-small:20px;--awb-padding-bottom-small:20px;--awb-bg-size:cover;--awb-width-large:25%;--awb-spacing-right-large:5.82%;--awb-margin-bottom-large:0px;--awb-spacing-left-large:5.82%;--awb-width-medium:25%;--awb-order-medium:0;--awb-spacing-right-medium:5.82%;--awb-spacing-left-medium:5.82%;--awb-width-small:100%;--awb-order-small:1;--awb-spacing-right-small:1.455%;--awb-spacing-left-small:1.455%;\"><div class=\"fusion-column-wrapper fusion-column-has-shadow fusion-flex-justify-content-flex-start fusion-content-layout-column\"><i class=\"fb-icon-element-4 fb-icon-element fontawesome-icon fa-landmark fas circle-no fusion-text-flow\" style=\"--awb-iconcolor:var(--awb-color4);--awb-iconcolor-hover:var(--awb-color4);--awb-font-size:50px;--awb-margin-right:25px;\"><\/i><\/div><\/div><\/div><div class=\"fusion-builder-row fusion-builder-row-inner fusion-row fusion-flex-align-items-flex-start fusion-flex-content-wrap\" style=\"width:103% !important;max-width:103% !important;margin-left: calc(-3% \/ 2 );margin-right: calc(-3% \/ 2 );\"><div class=\"fusion-layout-column fusion_builder_column_inner fusion-builder-nested-column-14 fusion_builder_column_inner_1_1 1_1 fusion-flex-column\" style=\"--awb-padding-right:20px;--awb-padding-left:20px;--awb-padding-right-small:0px;--awb-padding-left-small:0px;--awb-bg-size:cover;--awb-transition:filter 600ms ease, transform 600ms ease, background-color 600ms ease, border-color 600ms ease;--awb-transform:translateY(-10px);--awb-transform-hover:translateY(0px);--awb-transform-parent-hover:translateY(0px);--awb-filter:opacity(0%);--awb-filter-transition:filter 0.3s ease;--awb-filter-hover:opacity(100%);--awb-filter-parent-hover:opacity(100%);--awb-width-large:100%;--awb-spacing-right-large:1.455%;--awb-margin-bottom-large:0px;--awb-spacing-left-large:1.455%;--awb-width-medium:100%;--awb-order-medium:0;--awb-spacing-right-medium:1.455%;--awb-spacing-left-medium:1.455%;--awb-width-small:100%;--awb-order-small:0;--awb-spacing-right-small:1.455%;--awb-spacing-left-small:1.455%;\"><div class=\"fusion-column-wrapper fusion-column-has-shadow fusion-flex-justify-content-flex-start fusion-content-layout-column\"><div class=\"fusion-text fusion-text-7\" style=\"--awb-font-size:var(--awb-typography5-font-size);--awb-line-height:var(--awb-typography5-line-height);--awb-letter-spacing:var(--awb-typography5-letter-spacing);--awb-text-transform:var(--awb-typography5-text-transform);--awb-margin-top:0px;--awb-text-font-family:var(--awb-typography5-font-family);--awb-text-font-weight:var(--awb-typography5-font-weight);--awb-text-font-style:var(--awb-typography5-font-style);\"><p>Contamos con abogados con experiencia dispuestos a defender tus intereses.<\/p>\n<\/div><\/div><\/div><\/div><div class=\"fusion-builder-row fusion-builder-row-inner fusion-row fusion-flex-align-items-flex-start fusion-flex-content-wrap\" style=\"width:103% !important;max-width:103% !important;margin-left: calc(-3% \/ 2 );margin-right: calc(-3% \/ 2 );\"><div class=\"fusion-layout-column fusion_builder_column_inner fusion-builder-nested-column-15 fusion_builder_column_inner_1_1 1_1 fusion-flex-column\" style=\"--awb-bg-size:cover;--awb-transition:filter 600ms ease, transform 600ms ease, background-color 600ms ease, border-color 600ms ease;--awb-transform:translateY(-30px);--awb-transform-hover:translateY(-10px);--awb-transform-parent-hover:translateY(-10px);--awb-width-large:100%;--awb-spacing-right-large:1.455%;--awb-margin-bottom-large:0px;--awb-spacing-left-large:1.455%;--awb-width-medium:100%;--awb-order-medium:0;--awb-spacing-right-medium:1.455%;--awb-spacing-left-medium:1.455%;--awb-width-small:100%;--awb-order-small:0;--awb-spacing-right-small:1.455%;--awb-spacing-left-small:1.455%;\"><div class=\"fusion-column-wrapper fusion-column-has-shadow fusion-flex-justify-content-flex-start fusion-content-layout-column\"><div class=\"fusion-separator fusion-full-width-sep\" style=\"align-self: center;margin-left: auto;margin-right: auto;margin-top:10px;margin-bottom:10px;width:100%;\"><div class=\"fusion-separator-border sep-single sep-solid\" style=\"--awb-height:20px;--awb-amount:20px;border-color:var(--awb-color3);border-top-width:1px;\"><\/div><\/div><\/div><\/div><\/div><\/div><\/div><\/div><\/div><div class=\"fusion-fullwidth fullwidth-box fusion-builder-row-5 fusion-flex-container has-pattern-background has-mask-background nonhundred-percent-fullwidth non-hundred-percent-height-scrolling\" style=\"--awb-border-sizes-top:0px;--awb-border-sizes-bottom:0px;--awb-border-sizes-left:0px;--awb-border-sizes-right:0px;--awb-border-radius-top-left:0px;--awb-border-radius-top-right:0px;--awb-border-radius-bottom-right:0px;--awb-border-radius-bottom-left:0px;--awb-padding-top:30px;--awb-padding-right:30px;--awb-padding-bottom:30px;--awb-padding-left:30px;--awb-padding-top-medium:0px;--awb-padding-right-small:20px;--awb-padding-left-small:20px;--awb-margin-top:0px;--awb-margin-bottom:0px;--awb-background-color:#ffffff;--awb-flex-wrap:wrap;\" ><div class=\"fusion-builder-row fusion-row fusion-flex-align-items-center fusion-flex-content-wrap\" style=\"max-width:1268.8px;margin-left: calc(-4% \/ 2 );margin-right: calc(-4% \/ 2 );\"><div class=\"fusion-layout-column fusion_builder_column fusion-builder-column-12 fusion_builder_column_1_2 1_2 fusion-flex-column fusion-animated\" style=\"--awb-bg-size:cover;--awb-width-large:50%;--awb-margin-top-large:0px;--awb-spacing-right-large:7.68%;--awb-margin-bottom-large:60px;--awb-spacing-left-large:7.68%;--awb-width-medium:50%;--awb-order-medium:0;--awb-spacing-right-medium:7.68%;--awb-spacing-left-medium:7.68%;--awb-width-small:100%;--awb-order-small:0;--awb-margin-top-small:0px;--awb-spacing-right-small:1.92%;--awb-margin-bottom-small:0px;--awb-spacing-left-small:1.92%;\" data-animationType=\"fadeInLeft\" data-animationDuration=\"1.6\" data-animationOffset=\"top-into-view\" data-scroll-devices=\"small-visibility,medium-visibility,large-visibility\"><div class=\"fusion-column-wrapper fusion-column-has-shadow fusion-flex-justify-content-center fusion-content-layout-column\"><div class=\"fusion-image-element \" style=\"--awb-caption-title-font-family:var(--h2_typography-font-family);--awb-caption-title-font-weight:var(--h2_typography-font-weight);--awb-caption-title-font-style:var(--h2_typography-font-style);--awb-caption-title-size:var(--h2_typography-font-size);--awb-caption-title-transform:var(--h2_typography-text-transform);--awb-caption-title-line-height:var(--h2_typography-line-height);--awb-caption-title-letter-spacing:var(--h2_typography-letter-spacing);\"><span class=\" fusion-imageframe imageframe-none imageframe-5 hover-type-none\" style=\"border-radius:15px;\"><img decoding=\"async\" width=\"677\" height=\"693\" title=\"divorcio-de-mutuo-acuerdo-en-palma-de-mallorca\" src=\"https:\/\/prolegali.com\/wp-content\/uploads\/2025\/05\/divorcio-de-mutuo-acuerdo-en-palma-de-mallorca.webp\" data-orig-src=\"http:\/\/prolegali.com\/wp-content\/uploads\/2025\/05\/divorcio-de-mutuo-acuerdo-en-palma-de-mallorca.webp\" alt class=\"lazyload img-responsive wp-image-5807\" srcset=\"data:image\/svg+xml,%3Csvg%20xmlns%3D%27http%3A%2F%2Fwww.w3.org%2F2000%2Fsvg%27%20width%3D%27677%27%20height%3D%27693%27%20viewBox%3D%270%200%20677%20693%27%3E%3Crect%20width%3D%27677%27%20height%3D%27693%27%20fill-opacity%3D%220%22%2F%3E%3C%2Fsvg%3E\" data-srcset=\"https:\/\/prolegali.com\/wp-content\/uploads\/2025\/05\/divorcio-de-mutuo-acuerdo-en-palma-de-mallorca-200x205.webp 200w, https:\/\/prolegali.com\/wp-content\/uploads\/2025\/05\/divorcio-de-mutuo-acuerdo-en-palma-de-mallorca-293x300.webp 293w, https:\/\/prolegali.com\/wp-content\/uploads\/2025\/05\/divorcio-de-mutuo-acuerdo-en-palma-de-mallorca-400x409.webp 400w, https:\/\/prolegali.com\/wp-content\/uploads\/2025\/05\/divorcio-de-mutuo-acuerdo-en-palma-de-mallorca-600x614.webp 600w, https:\/\/prolegali.com\/wp-content\/uploads\/2025\/05\/divorcio-de-mutuo-acuerdo-en-palma-de-mallorca.webp 677w\" data-sizes=\"auto\" data-orig-sizes=\"(max-width: 820px) 100vw, 600px\" \/><\/span><\/div><\/div><\/div><div class=\"fusion-layout-column fusion_builder_column fusion-builder-column-13 fusion_builder_column_1_2 1_2 fusion-flex-column fusion-animated\" style=\"--awb-padding-top-small:48px;--awb-padding-right-small:10px;--awb-padding-bottom-small:48px;--awb-padding-left-small:10px;--awb-bg-size:cover;--awb-width-large:50%;--awb-margin-top-large:0px;--awb-spacing-right-large:17.28%;--awb-margin-bottom-large:60px;--awb-spacing-left-large:17.28%;--awb-width-medium:50%;--awb-order-medium:0;--awb-spacing-right-medium:9.6%;--awb-spacing-left-medium:13.44%;--awb-width-small:100%;--awb-order-small:1;--awb-spacing-right-small:1.92%;--awb-margin-bottom-small:0px;--awb-spacing-left-small:1.92%;\" data-animationType=\"fadeInRight\" data-animationDuration=\"1.6\" data-animationOffset=\"top-into-view\" data-scroll-devices=\"small-visibility,medium-visibility,large-visibility\"><div class=\"fusion-column-wrapper fusion-column-has-shadow fusion-flex-justify-content-flex-start fusion-content-layout-column\"><div class=\"fusion-title title fusion-title-9 fusion-sep-none fusion-title-text fusion-title-size-two\" style=\"--awb-text-color:#051529;--awb-margin-top:10px;--awb-margin-right:0px;--awb-margin-left:0px;--awb-font-size:30px;\"><h2 class=\"fusion-title-heading title-heading-left fusion-responsive-typography-calculated\" style=\"margin:0;font-size:1em;text-transform:var(--awb-typography1-text-transform);--fontSize:30;line-height:1.3;\">Divorcio de mutuo acuerdo<\/h2><\/div><div class=\"fusion-text fusion-text-8 fusion-text-no-margin\" style=\"--awb-font-size:20px;--awb-line-height:1.7;--awb-letter-spacing:0px;--awb-text-transform:var(--awb-typography4-text-transform);--awb-text-color:rgba(5,21,41,0.8);--awb-margin-bottom:40px;--awb-text-font-family:&quot;DM Sans&quot;;--awb-text-font-style:normal;--awb-text-font-weight:400;\"><p>El divorcio de mutuo acuerdo es la v\u00eda m\u00e1s r\u00e1pida, econ\u00f3mica y menos conflictiva para disolver un matrimonio. En nuestro despacho de abogados de divorcios en Palma te ayudamos a redactar un convenio regulador equilibrado que refleje todos los acuerdos: custodia de los hijos, pensiones y reparto de bienes. Tramitamos todo de forma \u00e1gil, sin juicios y con plena seguridad jur\u00eddica.<\/p>\n<\/div><\/div><\/div><\/div><\/div><div class=\"fusion-fullwidth fullwidth-box fusion-builder-row-6 fusion-flex-container has-pattern-background has-mask-background nonhundred-percent-fullwidth non-hundred-percent-height-scrolling\" style=\"--awb-border-sizes-top:0px;--awb-border-sizes-bottom:0px;--awb-border-sizes-left:0px;--awb-border-sizes-right:0px;--awb-border-radius-top-left:0px;--awb-border-radius-top-right:0px;--awb-border-radius-bottom-right:0px;--awb-border-radius-bottom-left:0px;--awb-padding-top:30px;--awb-padding-right:30px;--awb-padding-bottom:30px;--awb-padding-left:30px;--awb-padding-top-medium:0px;--awb-padding-right-small:20px;--awb-padding-left-small:20px;--awb-margin-top:0px;--awb-margin-bottom:0px;--awb-background-color:#ffffff;--awb-flex-wrap:wrap;\" ><div class=\"fusion-builder-row fusion-row fusion-flex-align-items-center fusion-flex-content-wrap\" style=\"max-width:1268.8px;margin-left: calc(-4% \/ 2 );margin-right: calc(-4% \/ 2 );\"><div class=\"fusion-layout-column fusion_builder_column fusion-builder-column-14 fusion_builder_column_1_2 1_2 fusion-flex-column fusion-animated\" style=\"--awb-padding-top-small:48px;--awb-padding-right-small:15px;--awb-padding-bottom-small:48px;--awb-padding-left-small:15px;--awb-bg-size:cover;--awb-width-large:50%;--awb-margin-top-large:0px;--awb-spacing-right-large:17.28%;--awb-margin-bottom-large:60px;--awb-spacing-left-large:17.28%;--awb-width-medium:50%;--awb-order-medium:0;--awb-spacing-right-medium:9.6%;--awb-spacing-left-medium:13.44%;--awb-width-small:100%;--awb-order-small:5;--awb-spacing-right-small:1.92%;--awb-margin-bottom-small:0px;--awb-spacing-left-small:1.92%;\" data-animationType=\"fadeInRight\" data-animationDuration=\"1.6\" data-animationOffset=\"top-into-view\" data-scroll-devices=\"small-visibility,medium-visibility,large-visibility\"><div class=\"fusion-column-wrapper fusion-column-has-shadow fusion-flex-justify-content-flex-start fusion-content-layout-column\"><div class=\"fusion-title title fusion-title-10 fusion-sep-none fusion-title-text fusion-title-size-two\" style=\"--awb-text-color:#051529;--awb-margin-top:10px;--awb-margin-right:0px;--awb-margin-left:0px;--awb-font-size:30px;\"><h2 class=\"fusion-title-heading title-heading-left fusion-responsive-typography-calculated\" style=\"margin:0;font-size:1em;text-transform:var(--awb-typography1-text-transform);--fontSize:30;line-height:1.3;\">Divorcio contencioso<\/h2><\/div><div class=\"fusion-text fusion-text-9 fusion-text-no-margin\" style=\"--awb-font-size:20px;--awb-line-height:1.7;--awb-letter-spacing:0px;--awb-text-transform:var(--awb-typography4-text-transform);--awb-text-color:rgba(5,21,41,0.8);--awb-margin-bottom:40px;--awb-text-font-family:&quot;DM Sans&quot;;--awb-text-font-style:normal;--awb-text-font-weight:400;\"><p>Cuando no es posible llegar a un acuerdo entre las partes, el divorcio debe resolverse ante un juez. En estos casos, es fundamental contar con un equipo legal s\u00f3lido que defienda tus derechos. Nuestros abogados en Palma especializados en divorcios contenciosos te representar\u00e1n con firmeza y experiencia, buscando siempre el resultado m\u00e1s justo para ti y tu familia.<\/p>\n<\/div><\/div><\/div><div class=\"fusion-layout-column fusion_builder_column fusion-builder-column-15 fusion_builder_column_1_2 1_2 fusion-flex-column fusion-animated\" style=\"--awb-bg-size:cover;--awb-width-large:50%;--awb-margin-top-large:0px;--awb-spacing-right-large:7.68%;--awb-margin-bottom-large:60px;--awb-spacing-left-large:7.68%;--awb-width-medium:50%;--awb-order-medium:0;--awb-spacing-right-medium:7.68%;--awb-spacing-left-medium:7.68%;--awb-width-small:100%;--awb-order-small:2;--awb-spacing-right-small:1.92%;--awb-margin-bottom-small:0px;--awb-spacing-left-small:1.92%;\" data-animationType=\"fadeInLeft\" data-animationDuration=\"1.6\" data-animationOffset=\"top-into-view\" data-scroll-devices=\"small-visibility,medium-visibility,large-visibility\"><div class=\"fusion-column-wrapper fusion-column-has-shadow fusion-flex-justify-content-center fusion-content-layout-column\"><div class=\"fusion-image-element \" style=\"--awb-caption-title-font-family:var(--h2_typography-font-family);--awb-caption-title-font-weight:var(--h2_typography-font-weight);--awb-caption-title-font-style:var(--h2_typography-font-style);--awb-caption-title-size:var(--h2_typography-font-size);--awb-caption-title-transform:var(--h2_typography-text-transform);--awb-caption-title-line-height:var(--h2_typography-line-height);--awb-caption-title-letter-spacing:var(--h2_typography-letter-spacing);\"><span class=\" fusion-imageframe imageframe-none imageframe-6 hover-type-none\" style=\"border-radius:15px;\"><img decoding=\"async\" width=\"1080\" height=\"1080\" title=\"abogado-en-palma-para-divorcio-contencioso\" src=\"https:\/\/prolegali.com\/wp-content\/uploads\/2025\/05\/abogado-en-palma-para-divorcio-contencioso.webp\" data-orig-src=\"http:\/\/prolegali.com\/wp-content\/uploads\/2025\/05\/abogado-en-palma-para-divorcio-contencioso.webp\" alt class=\"lazyload img-responsive wp-image-5811\" srcset=\"data:image\/svg+xml,%3Csvg%20xmlns%3D%27http%3A%2F%2Fwww.w3.org%2F2000%2Fsvg%27%20width%3D%271080%27%20height%3D%271080%27%20viewBox%3D%270%200%201080%201080%27%3E%3Crect%20width%3D%271080%27%20height%3D%271080%27%20fill-opacity%3D%220%22%2F%3E%3C%2Fsvg%3E\" data-srcset=\"https:\/\/prolegali.com\/wp-content\/uploads\/2025\/05\/abogado-en-palma-para-divorcio-contencioso-66x66.webp 66w, https:\/\/prolegali.com\/wp-content\/uploads\/2025\/05\/abogado-en-palma-para-divorcio-contencioso-150x150.webp 150w, https:\/\/prolegali.com\/wp-content\/uploads\/2025\/05\/abogado-en-palma-para-divorcio-contencioso-200x200.webp 200w, https:\/\/prolegali.com\/wp-content\/uploads\/2025\/05\/abogado-en-palma-para-divorcio-contencioso-300x300.webp 300w, https:\/\/prolegali.com\/wp-content\/uploads\/2025\/05\/abogado-en-palma-para-divorcio-contencioso-400x400.webp 400w, https:\/\/prolegali.com\/wp-content\/uploads\/2025\/05\/abogado-en-palma-para-divorcio-contencioso-600x600.webp 600w, https:\/\/prolegali.com\/wp-content\/uploads\/2025\/05\/abogado-en-palma-para-divorcio-contencioso-768x768.webp 768w, https:\/\/prolegali.com\/wp-content\/uploads\/2025\/05\/abogado-en-palma-para-divorcio-contencioso-800x800.webp 800w, https:\/\/prolegali.com\/wp-content\/uploads\/2025\/05\/abogado-en-palma-para-divorcio-contencioso-1024x1024.webp 1024w, https:\/\/prolegali.com\/wp-content\/uploads\/2025\/05\/abogado-en-palma-para-divorcio-contencioso.webp 1080w\" data-sizes=\"auto\" data-orig-sizes=\"(max-width: 820px) 100vw, 600px\" \/><\/span><\/div><\/div><\/div><\/div><\/div><div class=\"fusion-fullwidth fullwidth-box fusion-builder-row-7 fusion-flex-container has-pattern-background has-mask-background nonhundred-percent-fullwidth non-hundred-percent-height-scrolling\" style=\"--awb-border-sizes-top:0px;--awb-border-sizes-bottom:0px;--awb-border-sizes-left:0px;--awb-border-sizes-right:0px;--awb-border-radius-top-left:0px;--awb-border-radius-top-right:0px;--awb-border-radius-bottom-right:0px;--awb-border-radius-bottom-left:0px;--awb-padding-top:30px;--awb-padding-right:30px;--awb-padding-bottom:30px;--awb-padding-left:30px;--awb-padding-top-medium:0px;--awb-padding-right-small:20px;--awb-padding-left-small:20px;--awb-margin-top:0px;--awb-margin-bottom:0px;--awb-background-color:#ffffff;--awb-flex-wrap:wrap;\" ><div class=\"fusion-builder-row fusion-row fusion-flex-align-items-center fusion-flex-content-wrap\" style=\"max-width:1268.8px;margin-left: calc(-4% \/ 2 );margin-right: calc(-4% \/ 2 );\"><div class=\"fusion-layout-column fusion_builder_column fusion-builder-column-16 fusion_builder_column_1_2 1_2 fusion-flex-column fusion-animated\" style=\"--awb-bg-size:cover;--awb-width-large:50%;--awb-margin-top-large:0px;--awb-spacing-right-large:7.68%;--awb-margin-bottom-large:0px;--awb-spacing-left-large:7.68%;--awb-width-medium:50%;--awb-order-medium:0;--awb-spacing-right-medium:7.68%;--awb-spacing-left-medium:7.68%;--awb-width-small:100%;--awb-order-small:4;--awb-spacing-right-small:1.92%;--awb-margin-bottom-small:0px;--awb-spacing-left-small:1.92%;\" data-animationType=\"fadeInLeft\" data-animationDuration=\"1.6\" data-animationOffset=\"top-into-view\"><div class=\"fusion-column-wrapper fusion-column-has-shadow fusion-flex-justify-content-center fusion-content-layout-column\"><div class=\"fusion-image-element \" style=\"--awb-caption-title-font-family:var(--h2_typography-font-family);--awb-caption-title-font-weight:var(--h2_typography-font-weight);--awb-caption-title-font-style:var(--h2_typography-font-style);--awb-caption-title-size:var(--h2_typography-font-size);--awb-caption-title-transform:var(--h2_typography-text-transform);--awb-caption-title-line-height:var(--h2_typography-line-height);--awb-caption-title-letter-spacing:var(--h2_typography-letter-spacing);\"><span class=\" fusion-imageframe imageframe-none imageframe-7 hover-type-none\" style=\"border-radius:15px;\"><img decoding=\"async\" width=\"1080\" height=\"1080\" title=\"abogado-para-custodia-hijos-palma-de-mallorca\" src=\"https:\/\/prolegali.com\/wp-content\/uploads\/2025\/05\/abogado-para-custodia-hijos-palma-de-mallorca.webp\" data-orig-src=\"http:\/\/prolegali.com\/wp-content\/uploads\/2025\/05\/abogado-para-custodia-hijos-palma-de-mallorca.webp\" alt class=\"lazyload img-responsive wp-image-5809\" srcset=\"data:image\/svg+xml,%3Csvg%20xmlns%3D%27http%3A%2F%2Fwww.w3.org%2F2000%2Fsvg%27%20width%3D%271080%27%20height%3D%271080%27%20viewBox%3D%270%200%201080%201080%27%3E%3Crect%20width%3D%271080%27%20height%3D%271080%27%20fill-opacity%3D%220%22%2F%3E%3C%2Fsvg%3E\" data-srcset=\"https:\/\/prolegali.com\/wp-content\/uploads\/2025\/05\/abogado-para-custodia-hijos-palma-de-mallorca-66x66.webp 66w, https:\/\/prolegali.com\/wp-content\/uploads\/2025\/05\/abogado-para-custodia-hijos-palma-de-mallorca-150x150.webp 150w, https:\/\/prolegali.com\/wp-content\/uploads\/2025\/05\/abogado-para-custodia-hijos-palma-de-mallorca-200x200.webp 200w, https:\/\/prolegali.com\/wp-content\/uploads\/2025\/05\/abogado-para-custodia-hijos-palma-de-mallorca-300x300.webp 300w, https:\/\/prolegali.com\/wp-content\/uploads\/2025\/05\/abogado-para-custodia-hijos-palma-de-mallorca-400x400.webp 400w, https:\/\/prolegali.com\/wp-content\/uploads\/2025\/05\/abogado-para-custodia-hijos-palma-de-mallorca-600x600.webp 600w, https:\/\/prolegali.com\/wp-content\/uploads\/2025\/05\/abogado-para-custodia-hijos-palma-de-mallorca-768x768.webp 768w, https:\/\/prolegali.com\/wp-content\/uploads\/2025\/05\/abogado-para-custodia-hijos-palma-de-mallorca-800x800.webp 800w, https:\/\/prolegali.com\/wp-content\/uploads\/2025\/05\/abogado-para-custodia-hijos-palma-de-mallorca-1024x1024.webp 1024w, https:\/\/prolegali.com\/wp-content\/uploads\/2025\/05\/abogado-para-custodia-hijos-palma-de-mallorca.webp 1080w\" data-sizes=\"auto\" data-orig-sizes=\"(max-width: 820px) 100vw, 600px\" \/><\/span><\/div><\/div><\/div><div class=\"fusion-layout-column fusion_builder_column fusion-builder-column-17 fusion_builder_column_1_2 1_2 fusion-flex-column fusion-animated\" style=\"--awb-padding-top-small:48px;--awb-padding-right-small:15px;--awb-padding-bottom-small:48px;--awb-padding-left-small:15px;--awb-bg-size:cover;--awb-width-large:50%;--awb-margin-top-large:0px;--awb-spacing-right-large:17.28%;--awb-margin-bottom-large:20px;--awb-spacing-left-large:17.28%;--awb-width-medium:50%;--awb-order-medium:0;--awb-spacing-right-medium:9.6%;--awb-spacing-left-medium:13.44%;--awb-width-small:100%;--awb-order-small:3;--awb-spacing-right-small:1.92%;--awb-margin-bottom-small:0px;--awb-spacing-left-small:1.92%;\" data-animationType=\"fadeInRight\" data-animationDuration=\"1.6\" data-animationOffset=\"top-into-view\" data-scroll-devices=\"small-visibility,medium-visibility,large-visibility\"><div class=\"fusion-column-wrapper fusion-column-has-shadow fusion-flex-justify-content-flex-start fusion-content-layout-column\"><div class=\"fusion-title title fusion-title-11 fusion-sep-none fusion-title-text fusion-title-size-two\" style=\"--awb-text-color:#051529;--awb-margin-top:10px;--awb-margin-right:0px;--awb-margin-left:0px;--awb-font-size:30px;\"><h2 class=\"fusion-title-heading title-heading-left fusion-responsive-typography-calculated\" style=\"margin:0;font-size:1em;text-transform:var(--awb-typography1-text-transform);--fontSize:30;line-height:1.3;\">Custodia y r\u00e9gimen de visitas<\/h2><\/div><div class=\"fusion-text fusion-text-10 fusion-text-no-margin\" style=\"--awb-font-size:20px;--awb-line-height:1.7;--awb-letter-spacing:0px;--awb-text-transform:var(--awb-typography4-text-transform);--awb-text-color:rgba(5,21,41,0.8);--awb-margin-bottom:40px;--awb-text-font-family:&quot;DM Sans&quot;;--awb-text-font-style:normal;--awb-text-font-weight:400;\"><p>La custodia de los hijos y el r\u00e9gimen de visitas son aspectos clave en cualquier divorcio. En nuestro despacho en Palma priorizamos el bienestar de los menores, negociando acuerdos de custodia compartida o exclusiva seg\u00fan las circunstancias del caso. Si no hay consenso, te representamos ante el juez para garantizar una resoluci\u00f3n justa y equilibrada.<\/p>\n<\/div><\/div><\/div><\/div><\/div><div class=\"fusion-fullwidth fullwidth-box fusion-builder-row-8 fusion-flex-container has-pattern-background has-mask-background nonhundred-percent-fullwidth non-hundred-percent-height-scrolling\" style=\"--awb-border-sizes-top:0px;--awb-border-sizes-bottom:0px;--awb-border-sizes-left:0px;--awb-border-sizes-right:0px;--awb-border-radius-top-left:0px;--awb-border-radius-top-right:0px;--awb-border-radius-bottom-right:0px;--awb-border-radius-bottom-left:0px;--awb-padding-top:30px;--awb-padding-right:30px;--awb-padding-bottom:30px;--awb-padding-left:30px;--awb-padding-top-medium:0px;--awb-padding-right-small:20px;--awb-padding-left-small:20px;--awb-margin-top:0px;--awb-margin-bottom:0px;--awb-background-color:#ffffff;--awb-flex-wrap:wrap;\" ><div class=\"fusion-builder-row fusion-row fusion-flex-align-items-center fusion-flex-content-wrap\" style=\"max-width:1268.8px;margin-left: calc(-4% \/ 2 );margin-right: calc(-4% \/ 2 );\"><div class=\"fusion-layout-column fusion_builder_column fusion-builder-column-18 fusion_builder_column_1_2 1_2 fusion-flex-column fusion-animated\" style=\"--awb-padding-top-small:48px;--awb-padding-right-small:15px;--awb-padding-bottom-small:48px;--awb-padding-left-small:15px;--awb-bg-size:cover;--awb-width-large:50%;--awb-margin-top-large:0px;--awb-spacing-right-large:17.28%;--awb-margin-bottom-large:60px;--awb-spacing-left-large:17.28%;--awb-width-medium:50%;--awb-order-medium:0;--awb-spacing-right-medium:9.6%;--awb-spacing-left-medium:13.44%;--awb-width-small:100%;--awb-order-small:5;--awb-spacing-right-small:1.92%;--awb-margin-bottom-small:0px;--awb-spacing-left-small:1.92%;\" data-animationType=\"fadeInRight\" data-animationDuration=\"1.6\" data-animationOffset=\"top-into-view\" data-scroll-devices=\"small-visibility,medium-visibility,large-visibility\"><div class=\"fusion-column-wrapper fusion-column-has-shadow fusion-flex-justify-content-flex-start fusion-content-layout-column\"><div class=\"fusion-title title fusion-title-12 fusion-sep-none fusion-title-text fusion-title-size-two\" style=\"--awb-text-color:#051529;--awb-margin-top:10px;--awb-margin-right:0px;--awb-margin-left:0px;--awb-font-size:30px;\"><h2 class=\"fusion-title-heading title-heading-left fusion-responsive-typography-calculated\" style=\"margin:0;font-size:1em;text-transform:var(--awb-typography1-text-transform);--fontSize:30;line-height:1.3;\">Reparto de bienes<\/h2><\/div><div class=\"fusion-text fusion-text-11 fusion-text-no-margin\" style=\"--awb-font-size:20px;--awb-line-height:1.7;--awb-letter-spacing:0px;--awb-text-transform:var(--awb-typography4-text-transform);--awb-text-color:rgba(5,21,41,0.8);--awb-margin-bottom:40px;--awb-text-font-family:&quot;DM Sans&quot;;--awb-text-font-style:normal;--awb-text-font-weight:400;\"><p>El reparto de bienes puede generar tensiones si no se gestiona correctamente. Ya sea en r\u00e9gimen de gananciales o separaci\u00f3n de bienes, analizamos el patrimonio com\u00fan y te asesoramos sobre c\u00f3mo liquidarlo de manera equitativa. Nuestro objetivo es que el proceso sea claro, transparente y lo menos conflictivo posible.<\/p>\n<\/div><\/div><\/div><div class=\"fusion-layout-column fusion_builder_column fusion-builder-column-19 fusion_builder_column_1_2 1_2 fusion-flex-column fusion-animated\" style=\"--awb-bg-size:cover;--awb-width-large:50%;--awb-margin-top-large:15px;--awb-spacing-right-large:7.68%;--awb-margin-bottom-large:60px;--awb-spacing-left-large:7.68%;--awb-width-medium:50%;--awb-order-medium:0;--awb-spacing-right-medium:7.68%;--awb-spacing-left-medium:7.68%;--awb-width-small:100%;--awb-order-small:2;--awb-spacing-right-small:1.92%;--awb-margin-bottom-small:0px;--awb-spacing-left-small:1.92%;\" data-animationType=\"fadeInLeft\" data-animationDuration=\"1.6\" data-animationOffset=\"top-into-view\" data-scroll-devices=\"small-visibility,medium-visibility,large-visibility\"><div class=\"fusion-column-wrapper fusion-column-has-shadow fusion-flex-justify-content-center fusion-content-layout-column\"><div class=\"fusion-image-element \" style=\"--awb-caption-title-font-family:var(--h2_typography-font-family);--awb-caption-title-font-weight:var(--h2_typography-font-weight);--awb-caption-title-font-style:var(--h2_typography-font-style);--awb-caption-title-size:var(--h2_typography-font-size);--awb-caption-title-transform:var(--h2_typography-text-transform);--awb-caption-title-line-height:var(--h2_typography-line-height);--awb-caption-title-letter-spacing:var(--h2_typography-letter-spacing);\"><span class=\" fusion-imageframe imageframe-none imageframe-8 hover-type-none\" style=\"border-radius:15px;\"><img decoding=\"async\" width=\"1080\" height=\"1080\" title=\"separacion-reparto-de-bienes-abogado-en-palma-de-mallorca\" src=\"https:\/\/prolegali.com\/wp-content\/uploads\/2025\/05\/separacion-reparto-de-bienes-abogado-en-palma-de-mallorca.webp\" data-orig-src=\"http:\/\/prolegali.com\/wp-content\/uploads\/2025\/05\/separacion-reparto-de-bienes-abogado-en-palma-de-mallorca.webp\" alt class=\"lazyload img-responsive wp-image-5808\" srcset=\"data:image\/svg+xml,%3Csvg%20xmlns%3D%27http%3A%2F%2Fwww.w3.org%2F2000%2Fsvg%27%20width%3D%271080%27%20height%3D%271080%27%20viewBox%3D%270%200%201080%201080%27%3E%3Crect%20width%3D%271080%27%20height%3D%271080%27%20fill-opacity%3D%220%22%2F%3E%3C%2Fsvg%3E\" data-srcset=\"https:\/\/prolegali.com\/wp-content\/uploads\/2025\/05\/separacion-reparto-de-bienes-abogado-en-palma-de-mallorca-66x66.webp 66w, https:\/\/prolegali.com\/wp-content\/uploads\/2025\/05\/separacion-reparto-de-bienes-abogado-en-palma-de-mallorca-150x150.webp 150w, https:\/\/prolegali.com\/wp-content\/uploads\/2025\/05\/separacion-reparto-de-bienes-abogado-en-palma-de-mallorca-200x200.webp 200w, https:\/\/prolegali.com\/wp-content\/uploads\/2025\/05\/separacion-reparto-de-bienes-abogado-en-palma-de-mallorca-300x300.webp 300w, https:\/\/prolegali.com\/wp-content\/uploads\/2025\/05\/separacion-reparto-de-bienes-abogado-en-palma-de-mallorca-400x400.webp 400w, https:\/\/prolegali.com\/wp-content\/uploads\/2025\/05\/separacion-reparto-de-bienes-abogado-en-palma-de-mallorca-600x600.webp 600w, https:\/\/prolegali.com\/wp-content\/uploads\/2025\/05\/separacion-reparto-de-bienes-abogado-en-palma-de-mallorca-768x768.webp 768w, https:\/\/prolegali.com\/wp-content\/uploads\/2025\/05\/separacion-reparto-de-bienes-abogado-en-palma-de-mallorca-800x800.webp 800w, https:\/\/prolegali.com\/wp-content\/uploads\/2025\/05\/separacion-reparto-de-bienes-abogado-en-palma-de-mallorca-1024x1024.webp 1024w, https:\/\/prolegali.com\/wp-content\/uploads\/2025\/05\/separacion-reparto-de-bienes-abogado-en-palma-de-mallorca.webp 1080w\" data-sizes=\"auto\" data-orig-sizes=\"(max-width: 820px) 100vw, 600px\" \/><\/span><\/div><\/div><\/div><\/div><\/div><div class=\"fusion-fullwidth fullwidth-box fusion-builder-row-9 fusion-flex-container has-pattern-background has-mask-background nonhundred-percent-fullwidth non-hundred-percent-height-scrolling\" style=\"--awb-border-sizes-top:0px;--awb-border-sizes-bottom:0px;--awb-border-sizes-left:0px;--awb-border-sizes-right:0px;--awb-border-radius-top-left:0px;--awb-border-radius-top-right:0px;--awb-border-radius-bottom-right:0px;--awb-border-radius-bottom-left:0px;--awb-padding-top:30px;--awb-padding-right:30px;--awb-padding-bottom:30px;--awb-padding-left:30px;--awb-padding-top-medium:0px;--awb-padding-right-small:20px;--awb-padding-left-small:20px;--awb-margin-top:0px;--awb-margin-bottom:0px;--awb-background-color:#ffffff;--awb-flex-wrap:wrap;\" ><div class=\"fusion-builder-row fusion-row fusion-flex-align-items-center fusion-flex-content-wrap\" style=\"max-width:1268.8px;margin-left: calc(-4% \/ 2 );margin-right: calc(-4% \/ 2 );\"><div class=\"fusion-layout-column fusion_builder_column fusion-builder-column-20 fusion_builder_column_1_2 1_2 fusion-flex-column fusion-animated\" style=\"--awb-bg-size:cover;--awb-width-large:50%;--awb-margin-top-large:0px;--awb-spacing-right-large:7.68%;--awb-margin-bottom-large:0px;--awb-spacing-left-large:7.68%;--awb-width-medium:50%;--awb-order-medium:0;--awb-spacing-right-medium:7.68%;--awb-spacing-left-medium:7.68%;--awb-width-small:100%;--awb-order-small:4;--awb-spacing-right-small:1.92%;--awb-margin-bottom-small:0px;--awb-spacing-left-small:1.92%;\" data-animationType=\"fadeInLeft\" data-animationDuration=\"1.6\" data-animationOffset=\"top-into-view\"><div class=\"fusion-column-wrapper fusion-column-has-shadow fusion-flex-justify-content-center fusion-content-layout-column\"><div class=\"fusion-image-element \" style=\"--awb-margin-top:7%;--awb-caption-title-font-family:var(--h2_typography-font-family);--awb-caption-title-font-weight:var(--h2_typography-font-weight);--awb-caption-title-font-style:var(--h2_typography-font-style);--awb-caption-title-size:var(--h2_typography-font-size);--awb-caption-title-transform:var(--h2_typography-text-transform);--awb-caption-title-line-height:var(--h2_typography-line-height);--awb-caption-title-letter-spacing:var(--h2_typography-letter-spacing);\"><span class=\" fusion-imageframe imageframe-none imageframe-9 hover-type-none\" style=\"border-radius:15px;\"><img decoding=\"async\" width=\"1080\" height=\"1080\" title=\"abogado-pension-compensatoria-en-palma-de-mallorca\" src=\"https:\/\/prolegali.com\/wp-content\/uploads\/2025\/05\/abogado-pension-compensatoria-en-palma-de-mallorca.webp\" data-orig-src=\"http:\/\/prolegali.com\/wp-content\/uploads\/2025\/05\/abogado-pension-compensatoria-en-palma-de-mallorca.webp\" alt class=\"lazyload img-responsive wp-image-5810\" srcset=\"data:image\/svg+xml,%3Csvg%20xmlns%3D%27http%3A%2F%2Fwww.w3.org%2F2000%2Fsvg%27%20width%3D%271080%27%20height%3D%271080%27%20viewBox%3D%270%200%201080%201080%27%3E%3Crect%20width%3D%271080%27%20height%3D%271080%27%20fill-opacity%3D%220%22%2F%3E%3C%2Fsvg%3E\" data-srcset=\"https:\/\/prolegali.com\/wp-content\/uploads\/2025\/05\/abogado-pension-compensatoria-en-palma-de-mallorca-66x66.webp 66w, https:\/\/prolegali.com\/wp-content\/uploads\/2025\/05\/abogado-pension-compensatoria-en-palma-de-mallorca-150x150.webp 150w, https:\/\/prolegali.com\/wp-content\/uploads\/2025\/05\/abogado-pension-compensatoria-en-palma-de-mallorca-200x200.webp 200w, https:\/\/prolegali.com\/wp-content\/uploads\/2025\/05\/abogado-pension-compensatoria-en-palma-de-mallorca-300x300.webp 300w, https:\/\/prolegali.com\/wp-content\/uploads\/2025\/05\/abogado-pension-compensatoria-en-palma-de-mallorca-400x400.webp 400w, https:\/\/prolegali.com\/wp-content\/uploads\/2025\/05\/abogado-pension-compensatoria-en-palma-de-mallorca-600x600.webp 600w, https:\/\/prolegali.com\/wp-content\/uploads\/2025\/05\/abogado-pension-compensatoria-en-palma-de-mallorca-768x768.webp 768w, https:\/\/prolegali.com\/wp-content\/uploads\/2025\/05\/abogado-pension-compensatoria-en-palma-de-mallorca-800x800.webp 800w, https:\/\/prolegali.com\/wp-content\/uploads\/2025\/05\/abogado-pension-compensatoria-en-palma-de-mallorca-1024x1024.webp 1024w, https:\/\/prolegali.com\/wp-content\/uploads\/2025\/05\/abogado-pension-compensatoria-en-palma-de-mallorca.webp 1080w\" data-sizes=\"auto\" data-orig-sizes=\"(max-width: 820px) 100vw, 600px\" \/><\/span><\/div><\/div><\/div><div class=\"fusion-layout-column fusion_builder_column fusion-builder-column-21 fusion_builder_column_1_2 1_2 fusion-flex-column fusion-animated\" style=\"--awb-padding-top-small:48px;--awb-padding-right-small:15px;--awb-padding-bottom-small:48px;--awb-padding-left-small:15px;--awb-bg-size:cover;--awb-width-large:50%;--awb-margin-top-large:0px;--awb-spacing-right-large:17.28%;--awb-margin-bottom-large:20px;--awb-spacing-left-large:17.28%;--awb-width-medium:50%;--awb-order-medium:0;--awb-spacing-right-medium:9.6%;--awb-spacing-left-medium:13.44%;--awb-width-small:100%;--awb-order-small:3;--awb-spacing-right-small:1.92%;--awb-margin-bottom-small:0px;--awb-spacing-left-small:1.92%;\" data-animationType=\"fadeInRight\" data-animationDuration=\"1.6\" data-animationOffset=\"top-into-view\" data-scroll-devices=\"small-visibility,medium-visibility,large-visibility\"><div class=\"fusion-column-wrapper fusion-column-has-shadow fusion-flex-justify-content-flex-start fusion-content-layout-column\"><div class=\"fusion-title title fusion-title-13 fusion-sep-none fusion-title-text fusion-title-size-two\" style=\"--awb-text-color:#051529;--awb-margin-top:10px;--awb-margin-right:0px;--awb-margin-left:0px;--awb-font-size:30px;\"><h2 class=\"fusion-title-heading title-heading-left fusion-responsive-typography-calculated\" style=\"margin:0;font-size:1em;text-transform:var(--awb-typography1-text-transform);--fontSize:30;line-height:1.3;\">Pensi\u00f3n alimenticia y compensatoria<\/h2><\/div><div class=\"fusion-text fusion-text-12 fusion-text-no-margin\" style=\"--awb-font-size:20px;--awb-line-height:1.7;--awb-letter-spacing:0px;--awb-text-transform:var(--awb-typography4-text-transform);--awb-text-color:rgba(5,21,41,0.8);--awb-margin-bottom:40px;--awb-text-font-family:&quot;DM Sans&quot;;--awb-text-font-style:normal;--awb-text-font-weight:400;\"><p>Determinamos y defendemos el establecimiento justo de pensiones alimenticias para los hijos y pensiones compensatorias cuando procede. Estudiamos tu caso de forma personalizada para que se respeten los principios de proporcionalidad, necesidad y capacidad econ\u00f3mica de cada parte. Nuestra prioridad es proteger los intereses de quienes m\u00e1s lo necesitan.<\/p>\n<\/div><\/div><\/div><\/div><\/div><div id=\"fusion-scroll-section-1\" class=\"fusion-scroll-section awb-swiper-full-sections\" data-section=\"1\" data-animation=\"stack\" data-speed=\"800\" ><div class=\"swiper-wrapper\"><div class=\" swiper-slide\" data-section=\"1\" data-element=\"1\" ><div class=\"fusion-fullwidth fullwidth-box fusion-builder-row-10 fusion-flex-container has-pattern-background has-mask-background fusion-parallax-none hundred-percent-fullwidth hundred-percent-height hundred-percent-height-center-content hundred-percent-height-scrolling lazyload\" style=\"--awb-border-radius-top-left:0px;--awb-border-radius-top-right:0px;--awb-border-radius-bottom-right:0px;--awb-border-radius-bottom-left:0px;--awb-padding-left:10%;--awb-padding-left-medium:30px;--awb-background-image:linear-gradient(90deg, var(--awb-color2) 42%,hsla(var(--awb-color1-h),var(--awb-color1-s),var(--awb-color1-l),calc(var(--awb-color1-a) - 100%)) 42%);;--awb-background-image-small:linear-gradient(90deg, var(--awb-color2) 42%,hsla(var(--awb-color1-h),var(--awb-color1-s),var(--awb-color1-l),calc(var(--awb-color1-a) - 100%)) 42%);;--awb-background-size:cover;--awb-flex-wrap:wrap;\" data-bg=\"http:\/\/prolegali.com\/wp-content\/uploads\/2025\/05\/derecho-civil-abogado-en-palma-de-mallorca-1.webp\" data-fusion-responsive-bg=\"1\" data-bg-small=\"http:\/\/prolegali.com\/wp-content\/uploads\/2024\/11\/transparent-bg-1.png\" data-bg-gradient=\"linear-gradient(90deg, var(--awb-color2) 42%,hsla(var(--awb-color1-h),var(--awb-color1-s),var(--awb-color1-l),calc(var(--awb-color1-a) - 100%)) 42%)\" ><div class=\"awb-background-mask\" style=\"background-image:  url(http:\/\/prolegali.com\/wp-content\/uploads\/2025\/01\/mask-border-light.svg);opacity: 1 ;transform: scale(1, 1);mix-blend-mode:normal;\"><\/div><div class=\"fusion-builder-row fusion-row fusion-flex-align-items-flex-start fusion-flex-align-content-center fusion-flex-content-wrap\" style=\"width:103% !important;max-width:103% !important;margin-left: calc(-3% \/ 2 );margin-right: calc(-3% \/ 2 );\"><div class=\"fusion-layout-column fusion_builder_column fusion-builder-column-22 fusion-flex-column\" style=\"--awb-bg-size:cover;--awb-width-large:30%;--awb-spacing-right-large:4.85%;--awb-margin-bottom-large:0px;--awb-spacing-left-large:4.85%;--awb-width-medium:33.333333333333%;--awb-order-medium:0;--awb-spacing-right-medium:4.365%;--awb-spacing-left-medium:30px;--awb-width-small:100%;--awb-order-small:1;--awb-spacing-right-small:1.455%;--awb-spacing-left-small:30px;\" data-scroll-devices=\"small-visibility,medium-visibility,large-visibility\"><div class=\"fusion-column-wrapper fusion-column-has-shadow fusion-flex-justify-content-flex-start fusion-content-layout-column\"><div class=\"fusion-text fusion-text-13 fusion-text-no-margin\" style=\"--awb-font-size:var(--awb-typography2-font-size);--awb-line-height:var(--awb-typography2-line-height);--awb-letter-spacing:var(--awb-typography2-letter-spacing);--awb-text-transform:var(--awb-typography2-text-transform);--awb-margin-bottom:16px;--awb-text-font-family:var(--awb-typography2-font-family);--awb-text-font-weight:var(--awb-typography2-font-weight);--awb-text-font-style:var(--awb-typography2-font-style);\"><span class=\"fusion-highlight custom-textcolor highlight1 awb-highlight-marker\" style=\"--awb-color:hsla(var(--awb-custom_color_2-h),var(--awb-custom_color_2-s),var(--awb-custom_color_2-l),calc(var(--awb-custom_color_2-a) - 40%));--awb-text-color:var(--awb-color6);\">El abogado de derecho civil que necesitas<\/span>\n<\/div><div class=\"fusion-title title fusion-title-14 fusion-sep-none fusion-title-text fusion-title-size-two\" style=\"--awb-margin-bottom:24px;--awb-margin-bottom-small:24px;\"><h2 class=\"fusion-title-heading title-heading-left fusion-responsive-typography-calculated\" style=\"margin:0;--fontSize:42;line-height:var(--awb-typography1-line-height);\">Derecho Civil<\/h2><\/div><div class=\"fusion-text fusion-text-14 fusion-text-no-margin\" style=\"--awb-margin-bottom:20px;\"><ul>\n<li>Reclamaciones de deudas<\/li>\n<li>Conflicos entre particulares<\/li>\n<li>Problemas con contratos<\/li>\n<li>Arrendamientos y desahucios<\/li>\n<li>Responsabilidad por accidentes o negligencias<\/li>\n<\/ul>\n<\/div><div ><a class=\"fusion-button button-flat fusion-button-default-size button-custom fusion-button-default button-5 fusion-button-default-span fusion-button-default-type awb-b-icon-pos-right\" style=\"--button_accent_color:var(--awb-color7);--button_accent_hover_color:var(--awb-color1);--button_border_hover_color:var(--awb-color1);--button_gradient_top_color:var(--awb-color5);--button_gradient_bottom_color:var(--awb-color5);--button_gradient_top_color_hover:hsla(var(--awb-color4-h),var(--awb-color4-s),calc(var(--awb-color4-l) - 20%),var(--awb-color4-a));--button_gradient_bottom_color_hover:hsla(var(--awb-color4-h),var(--awb-color4-s),calc(var(--awb-color4-l) - 20%),var(--awb-color4-a));\" target=\"_self\" data-hover=\"icon_position\" href=\"https:\/\/prolegali.com\/abogado-derecho-civil-en-palma-de-mallorca\/\"><span class=\"fusion-button-text\">saber m\u00e1s<\/span><i class=\"awb-recruitment-arrow-btn button-icon-right\" aria-hidden=\"true\"><\/i><i class=\"awb-recruitment-arrow-btn button-icon-right\" aria-hidden=\"true\"><\/i><\/a><\/div><\/div><\/div><div class=\"fusion-layout-column fusion_builder_column fusion-builder-column-23 fusion_builder_column_1_1 1_1 fusion-flex-column fusion-no-medium-visibility fusion-no-large-visibility\" style=\"--awb-overflow:hidden;--awb-bg-size:cover;--awb-border-radius:20px 20px 20px 20px;--awb-width-large:100%;--awb-spacing-right-large:1.455%;--awb-margin-bottom-large:0px;--awb-spacing-left-large:1.455%;--awb-width-medium:100%;--awb-order-medium:0;--awb-spacing-right-medium:1.455%;--awb-spacing-left-medium:1.455%;--awb-width-small:100%;--awb-order-small:0;--awb-margin-top-small:64px;--awb-spacing-right-small:1.455%;--awb-margin-bottom-small:64px;--awb-spacing-left-small:1.455%;\"><div class=\"fusion-column-wrapper fusion-column-has-shadow fusion-flex-justify-content-flex-start fusion-content-layout-column\"><div class=\"fusion-image-element \" style=\"--awb-caption-title-font-family:var(--h2_typography-font-family);--awb-caption-title-font-weight:var(--h2_typography-font-weight);--awb-caption-title-font-style:var(--h2_typography-font-style);--awb-caption-title-size:var(--h2_typography-font-size);--awb-caption-title-transform:var(--h2_typography-text-transform);--awb-caption-title-line-height:var(--h2_typography-line-height);--awb-caption-title-letter-spacing:var(--h2_typography-letter-spacing);\"><span class=\" fusion-imageframe imageframe-none imageframe-10 hover-type-none\"><img decoding=\"async\" width=\"1080\" height=\"721\" alt=\"Llaves\" title=\"derecho-civil-abogado-en-palma-de-mallorca\" src=\"https:\/\/prolegali.com\/wp-content\/uploads\/2025\/05\/derecho-civil-abogado-en-palma-de-mallorca.webp\" data-orig-src=\"http:\/\/prolegali.com\/wp-content\/uploads\/2025\/05\/derecho-civil-abogado-en-palma-de-mallorca.webp\" class=\"lazyload img-responsive wp-image-5894\" srcset=\"data:image\/svg+xml,%3Csvg%20xmlns%3D%27http%3A%2F%2Fwww.w3.org%2F2000%2Fsvg%27%20width%3D%271080%27%20height%3D%27721%27%20viewBox%3D%270%200%201080%20721%27%3E%3Crect%20width%3D%271080%27%20height%3D%27721%27%20fill-opacity%3D%220%22%2F%3E%3C%2Fsvg%3E\" data-srcset=\"https:\/\/prolegali.com\/wp-content\/uploads\/2025\/05\/derecho-civil-abogado-en-palma-de-mallorca-200x134.webp 200w, https:\/\/prolegali.com\/wp-content\/uploads\/2025\/05\/derecho-civil-abogado-en-palma-de-mallorca-300x200.webp 300w, https:\/\/prolegali.com\/wp-content\/uploads\/2025\/05\/derecho-civil-abogado-en-palma-de-mallorca-400x267.webp 400w, https:\/\/prolegali.com\/wp-content\/uploads\/2025\/05\/derecho-civil-abogado-en-palma-de-mallorca-600x401.webp 600w, https:\/\/prolegali.com\/wp-content\/uploads\/2025\/05\/derecho-civil-abogado-en-palma-de-mallorca-768x513.webp 768w, https:\/\/prolegali.com\/wp-content\/uploads\/2025\/05\/derecho-civil-abogado-en-palma-de-mallorca-800x534.webp 800w, https:\/\/prolegali.com\/wp-content\/uploads\/2025\/05\/derecho-civil-abogado-en-palma-de-mallorca-1024x684.webp 1024w, https:\/\/prolegali.com\/wp-content\/uploads\/2025\/05\/derecho-civil-abogado-en-palma-de-mallorca.webp 1080w\" data-sizes=\"auto\" data-orig-sizes=\"(max-width: 820px) 100vw, 1080px\" \/><\/span><\/div><\/div><\/div><\/div><\/div><\/div><div class=\" swiper-slide\" data-section=\"1\" data-element=\"2\" ><div class=\"fusion-fullwidth fullwidth-box fusion-builder-row-11 fusion-flex-container has-pattern-background has-mask-background fusion-parallax-none hundred-percent-fullwidth hundred-percent-height hundred-percent-height-center-content hundred-percent-height-scrolling lazyload\" style=\"--awb-border-radius-top-left:0px;--awb-border-radius-top-right:0px;--awb-border-radius-bottom-right:0px;--awb-border-radius-bottom-left:0px;--awb-padding-left:10%;--awb-padding-left-medium:30px;--awb-background-image:linear-gradient(90deg, var(--awb-color2) 42%,hsla(var(--awb-color1-h),var(--awb-color1-s),var(--awb-color1-l),calc(var(--awb-color1-a) - 100%)) 42%);;--awb-background-image-small:linear-gradient(90deg, var(--awb-color2) 42%,hsla(var(--awb-color1-h),var(--awb-color1-s),var(--awb-color1-l),calc(var(--awb-color1-a) - 100%)) 42%);;--awb-background-size:cover;--awb-flex-wrap:wrap;\" data-bg=\"http:\/\/prolegali.com\/wp-content\/uploads\/2025\/05\/abogado-en-palma-de-mallorca-derecho-civil-3-scaled.webp\" data-fusion-responsive-bg=\"1\" data-bg-small=\"http:\/\/prolegali.com\/wp-content\/uploads\/2024\/11\/transparent-bg-1.png\" data-bg-gradient=\"linear-gradient(90deg, var(--awb-color2) 42%,hsla(var(--awb-color1-h),var(--awb-color1-s),var(--awb-color1-l),calc(var(--awb-color1-a) - 100%)) 42%)\" ><div class=\"awb-background-mask\" style=\"background-image:  url(http:\/\/prolegali.com\/wp-content\/uploads\/2025\/01\/mask-border-light.svg);opacity: 1 ;transform: scale(1, 1);mix-blend-mode:normal;\"><\/div><div class=\"fusion-builder-row fusion-row fusion-flex-align-items-flex-start fusion-flex-align-content-center fusion-flex-content-wrap\" style=\"width:103% !important;max-width:103% !important;margin-left: calc(-3% \/ 2 );margin-right: calc(-3% \/ 2 );\"><div class=\"fusion-layout-column fusion_builder_column fusion-builder-column-24 fusion_builder_column_1_1 1_1 fusion-flex-column fusion-no-medium-visibility fusion-no-large-visibility\" style=\"--awb-overflow:hidden;--awb-bg-size:cover;--awb-border-radius:20px 20px 20px 20px;--awb-width-large:100%;--awb-spacing-right-large:1.455%;--awb-margin-bottom-large:0px;--awb-spacing-left-large:1.455%;--awb-width-medium:100%;--awb-order-medium:0;--awb-spacing-right-medium:1.455%;--awb-spacing-left-medium:1.455%;--awb-width-small:100%;--awb-order-small:0;--awb-margin-top-small:64px;--awb-spacing-right-small:1.455%;--awb-margin-bottom-small:64px;--awb-spacing-left-small:1.455%;\"><div class=\"fusion-column-wrapper fusion-column-has-shadow fusion-flex-justify-content-flex-start fusion-content-layout-column\"><div class=\"fusion-image-element \" style=\"--awb-caption-title-font-family:var(--h2_typography-font-family);--awb-caption-title-font-weight:var(--h2_typography-font-weight);--awb-caption-title-font-style:var(--h2_typography-font-style);--awb-caption-title-size:var(--h2_typography-font-size);--awb-caption-title-transform:var(--h2_typography-text-transform);--awb-caption-title-line-height:var(--h2_typography-line-height);--awb-caption-title-letter-spacing:var(--h2_typography-letter-spacing);\"><span class=\" fusion-imageframe imageframe-none imageframe-11 hover-type-none\"><img decoding=\"async\" width=\"2560\" height=\"1594\" title=\"abogado-en-palma-de-mallorca-derecho-civil-3\" src=\"https:\/\/prolegali.com\/wp-content\/uploads\/2025\/05\/abogado-en-palma-de-mallorca-derecho-civil-3-scaled.webp\" data-orig-src=\"http:\/\/prolegali.com\/wp-content\/uploads\/2025\/05\/abogado-en-palma-de-mallorca-derecho-civil-3-scaled.webp\" alt class=\"lazyload img-responsive wp-image-5893\" srcset=\"data:image\/svg+xml,%3Csvg%20xmlns%3D%27http%3A%2F%2Fwww.w3.org%2F2000%2Fsvg%27%20width%3D%272560%27%20height%3D%271594%27%20viewBox%3D%270%200%202560%201594%27%3E%3Crect%20width%3D%272560%27%20height%3D%271594%27%20fill-opacity%3D%220%22%2F%3E%3C%2Fsvg%3E\" data-srcset=\"https:\/\/prolegali.com\/wp-content\/uploads\/2025\/05\/abogado-en-palma-de-mallorca-derecho-civil-3-200x124.webp 200w, https:\/\/prolegali.com\/wp-content\/uploads\/2025\/05\/abogado-en-palma-de-mallorca-derecho-civil-3-300x187.webp 300w, https:\/\/prolegali.com\/wp-content\/uploads\/2025\/05\/abogado-en-palma-de-mallorca-derecho-civil-3-400x249.webp 400w, https:\/\/prolegali.com\/wp-content\/uploads\/2025\/05\/abogado-en-palma-de-mallorca-derecho-civil-3-600x373.webp 600w, https:\/\/prolegali.com\/wp-content\/uploads\/2025\/05\/abogado-en-palma-de-mallorca-derecho-civil-3-768x478.webp 768w, https:\/\/prolegali.com\/wp-content\/uploads\/2025\/05\/abogado-en-palma-de-mallorca-derecho-civil-3-800x498.webp 800w, https:\/\/prolegali.com\/wp-content\/uploads\/2025\/05\/abogado-en-palma-de-mallorca-derecho-civil-3-1024x637.webp 1024w, https:\/\/prolegali.com\/wp-content\/uploads\/2025\/05\/abogado-en-palma-de-mallorca-derecho-civil-3-1200x747.webp 1200w, https:\/\/prolegali.com\/wp-content\/uploads\/2025\/05\/abogado-en-palma-de-mallorca-derecho-civil-3-1536x956.webp 1536w, https:\/\/prolegali.com\/wp-content\/uploads\/2025\/05\/abogado-en-palma-de-mallorca-derecho-civil-3-scaled.webp 2560w\" data-sizes=\"auto\" data-orig-sizes=\"(max-width: 820px) 100vw, 1200px\" \/><\/span><\/div><\/div><\/div><div class=\"fusion-layout-column fusion_builder_column fusion-builder-column-25 fusion-flex-column\" style=\"--awb-bg-size:cover;--awb-width-large:30%;--awb-spacing-right-large:4.85%;--awb-margin-bottom-large:0px;--awb-spacing-left-large:4.85%;--awb-width-medium:33.333333333333%;--awb-order-medium:0;--awb-spacing-right-medium:4.365%;--awb-spacing-left-medium:30px;--awb-width-small:100%;--awb-order-small:0;--awb-spacing-right-small:1.455%;--awb-spacing-left-small:30px;\" data-scroll-devices=\"small-visibility,medium-visibility,large-visibility\"><div class=\"fusion-column-wrapper fusion-column-has-shadow fusion-flex-justify-content-flex-start fusion-content-layout-column\"><div class=\"fusion-text fusion-text-15 fusion-text-no-margin\" style=\"--awb-font-size:var(--awb-typography2-font-size);--awb-line-height:var(--awb-typography2-line-height);--awb-letter-spacing:var(--awb-typography2-letter-spacing);--awb-text-transform:var(--awb-typography2-text-transform);--awb-margin-bottom:16px;--awb-text-font-family:var(--awb-typography2-font-family);--awb-text-font-weight:var(--awb-typography2-font-weight);--awb-text-font-style:var(--awb-typography2-font-style);\"><span class=\"fusion-highlight custom-textcolor highlight1 awb-highlight-marker\" style=\"--awb-color:hsla(var(--awb-custom_color_2-h),var(--awb-custom_color_2-s),var(--awb-custom_color_2-l),calc(var(--awb-custom_color_2-a) - 40%));--awb-text-color:var(--awb-color6);\">El abogado de familia que necesitas<\/span>\n<\/div><div class=\"fusion-title title fusion-title-15 fusion-sep-none fusion-title-text fusion-title-size-two\" style=\"--awb-margin-bottom:24px;--awb-margin-bottom-small:24px;\"><h2 class=\"fusion-title-heading title-heading-left fusion-responsive-typography-calculated\" style=\"margin:0;--fontSize:42;line-height:var(--awb-typography1-line-height);\">Derecho de Familia<\/h2><\/div><div class=\"fusion-text fusion-text-16 fusion-text-no-margin\" style=\"--awb-margin-bottom:20px;\"><ul>\n<li>Divorcios y separaciones<\/li>\n<li>Custodia de hijos y r\u00e9gimen de visitas<\/li>\n<li>Pensiones alimenticias y compensatorias<\/li>\n<li>Capitulaciones matrimoniales y herencias<\/li>\n<li>Adopciones y filiaciones<\/li>\n<\/ul>\n<\/div><div ><a class=\"fusion-button button-flat fusion-button-default-size button-custom fusion-button-default button-6 fusion-button-default-span fusion-button-default-type awb-b-icon-pos-right\" style=\"--button_accent_color:var(--awb-color7);--button_accent_hover_color:var(--awb-color1);--button_border_hover_color:var(--awb-color1);--button_gradient_top_color:var(--awb-color5);--button_gradient_bottom_color:var(--awb-color5);--button_gradient_top_color_hover:hsla(var(--awb-color4-h),var(--awb-color4-s),calc(var(--awb-color4-l) - 20%),var(--awb-color4-a));--button_gradient_bottom_color_hover:hsla(var(--awb-color4-h),var(--awb-color4-s),calc(var(--awb-color4-l) - 20%),var(--awb-color4-a));\" target=\"_self\" data-hover=\"icon_position\" href=\"https:\/\/prolegali.com\/abogado-de-familia-en-palma-de-mallorca\/\"><span class=\"fusion-button-text\">saber m\u00e1s<\/span><i class=\"awb-recruitment-arrow-btn button-icon-right\" aria-hidden=\"true\"><\/i><i class=\"awb-recruitment-arrow-btn button-icon-right\" aria-hidden=\"true\"><\/i><\/a><\/div><\/div><\/div><\/div><\/div><\/div><div class=\" swiper-slide\" data-section=\"1\" data-element=\"3\" ><div class=\"fusion-fullwidth fullwidth-box fusion-builder-row-12 fusion-flex-container has-pattern-background has-mask-background fusion-parallax-none hundred-percent-fullwidth hundred-percent-height hundred-percent-height-center-content hundred-percent-height-scrolling lazyload\" style=\"--awb-border-radius-top-left:0px;--awb-border-radius-top-right:0px;--awb-border-radius-bottom-right:0px;--awb-border-radius-bottom-left:0px;--awb-padding-left:10%;--awb-padding-left-medium:30px;--awb-background-image:linear-gradient(90deg, var(--awb-color2) 42%,hsla(var(--awb-color1-h),var(--awb-color1-s),var(--awb-color1-l),calc(var(--awb-color1-a) - 100%)) 42%);;--awb-background-image-small:linear-gradient(90deg, var(--awb-color2) 42%,hsla(var(--awb-color1-h),var(--awb-color1-s),var(--awb-color1-l),calc(var(--awb-color1-a) - 100%)) 42%);;--awb-background-size:cover;--awb-flex-wrap:wrap;\" data-bg=\"http:\/\/prolegali.com\/wp-content\/uploads\/2025\/05\/abogado-en-mallorca-derecho-penal.webp\" data-fusion-responsive-bg=\"1\" data-bg-small=\"http:\/\/prolegali.com\/wp-content\/uploads\/2024\/11\/transparent-bg-1.png\" data-bg-gradient=\"linear-gradient(90deg, var(--awb-color2) 42%,hsla(var(--awb-color1-h),var(--awb-color1-s),var(--awb-color1-l),calc(var(--awb-color1-a) - 100%)) 42%)\" ><div class=\"awb-background-mask\" style=\"background-image:  url(http:\/\/prolegali.com\/wp-content\/uploads\/2025\/01\/mask-border-light.svg);opacity: 1 ;transform: scale(1, 1);mix-blend-mode:normal;\"><\/div><div class=\"fusion-builder-row fusion-row fusion-flex-align-items-flex-start fusion-flex-align-content-center fusion-flex-content-wrap\" style=\"width:103% !important;max-width:103% !important;margin-left: calc(-3% \/ 2 );margin-right: calc(-3% \/ 2 );\"><div class=\"fusion-layout-column fusion_builder_column fusion-builder-column-26 fusion_builder_column_1_1 1_1 fusion-flex-column fusion-no-medium-visibility fusion-no-large-visibility\" style=\"--awb-overflow:hidden;--awb-bg-size:cover;--awb-border-radius:20px 20px 20px 20px;--awb-width-large:100%;--awb-spacing-right-large:1.455%;--awb-margin-bottom-large:0px;--awb-spacing-left-large:1.455%;--awb-width-medium:100%;--awb-order-medium:0;--awb-spacing-right-medium:1.455%;--awb-spacing-left-medium:1.455%;--awb-width-small:100%;--awb-order-small:0;--awb-margin-top-small:64px;--awb-spacing-right-small:1.455%;--awb-margin-bottom-small:64px;--awb-spacing-left-small:1.455%;\"><div class=\"fusion-column-wrapper fusion-column-has-shadow fusion-flex-justify-content-flex-start fusion-content-layout-column\"><div class=\"fusion-image-element \" style=\"--awb-caption-title-font-family:var(--h2_typography-font-family);--awb-caption-title-font-weight:var(--h2_typography-font-weight);--awb-caption-title-font-style:var(--h2_typography-font-style);--awb-caption-title-size:var(--h2_typography-font-size);--awb-caption-title-transform:var(--h2_typography-text-transform);--awb-caption-title-line-height:var(--h2_typography-line-height);--awb-caption-title-letter-spacing:var(--h2_typography-letter-spacing);\"><span class=\" fusion-imageframe imageframe-none imageframe-12 hover-type-none\"><img decoding=\"async\" width=\"1250\" height=\"837\" alt=\"Prisi\u00f3n representando casos penales gestionados por abogados especialistas en derecho penal\" title=\"abogado-en-mallorca-derecho-penal\" src=\"https:\/\/prolegali.com\/wp-content\/uploads\/2025\/05\/abogado-en-mallorca-derecho-penal.webp\" data-orig-src=\"http:\/\/prolegali.com\/wp-content\/uploads\/2025\/05\/abogado-en-mallorca-derecho-penal.webp\" class=\"lazyload img-responsive wp-image-5892\" srcset=\"data:image\/svg+xml,%3Csvg%20xmlns%3D%27http%3A%2F%2Fwww.w3.org%2F2000%2Fsvg%27%20width%3D%271250%27%20height%3D%27837%27%20viewBox%3D%270%200%201250%20837%27%3E%3Crect%20width%3D%271250%27%20height%3D%27837%27%20fill-opacity%3D%220%22%2F%3E%3C%2Fsvg%3E\" data-srcset=\"https:\/\/prolegali.com\/wp-content\/uploads\/2025\/05\/abogado-en-mallorca-derecho-penal-200x134.webp 200w, https:\/\/prolegali.com\/wp-content\/uploads\/2025\/05\/abogado-en-mallorca-derecho-penal-300x201.webp 300w, https:\/\/prolegali.com\/wp-content\/uploads\/2025\/05\/abogado-en-mallorca-derecho-penal-400x268.webp 400w, https:\/\/prolegali.com\/wp-content\/uploads\/2025\/05\/abogado-en-mallorca-derecho-penal-600x402.webp 600w, https:\/\/prolegali.com\/wp-content\/uploads\/2025\/05\/abogado-en-mallorca-derecho-penal-768x514.webp 768w, https:\/\/prolegali.com\/wp-content\/uploads\/2025\/05\/abogado-en-mallorca-derecho-penal-800x536.webp 800w, https:\/\/prolegali.com\/wp-content\/uploads\/2025\/05\/abogado-en-mallorca-derecho-penal-1024x686.webp 1024w, https:\/\/prolegali.com\/wp-content\/uploads\/2025\/05\/abogado-en-mallorca-derecho-penal-1200x804.webp 1200w, https:\/\/prolegali.com\/wp-content\/uploads\/2025\/05\/abogado-en-mallorca-derecho-penal.webp 1250w\" data-sizes=\"auto\" data-orig-sizes=\"(max-width: 820px) 100vw, 1200px\" \/><\/span><\/div><\/div><\/div><div class=\"fusion-layout-column fusion_builder_column fusion-builder-column-27 fusion-flex-column\" style=\"--awb-bg-size:cover;--awb-width-large:30%;--awb-spacing-right-large:4.85%;--awb-margin-bottom-large:0px;--awb-spacing-left-large:4.85%;--awb-width-medium:33.333333333333%;--awb-order-medium:0;--awb-spacing-right-medium:4.365%;--awb-spacing-left-medium:30px;--awb-width-small:100%;--awb-order-small:0;--awb-spacing-right-small:1.455%;--awb-spacing-left-small:30px;\" data-scroll-devices=\"small-visibility,medium-visibility,large-visibility\"><div class=\"fusion-column-wrapper fusion-column-has-shadow fusion-flex-justify-content-flex-start fusion-content-layout-column\"><div class=\"fusion-text fusion-text-17 fusion-text-no-margin\" style=\"--awb-font-size:var(--awb-typography2-font-size);--awb-line-height:var(--awb-typography2-line-height);--awb-letter-spacing:var(--awb-typography2-letter-spacing);--awb-text-transform:var(--awb-typography2-text-transform);--awb-margin-bottom:16px;--awb-text-font-family:var(--awb-typography2-font-family);--awb-text-font-weight:var(--awb-typography2-font-weight);--awb-text-font-style:var(--awb-typography2-font-style);\"><span class=\"fusion-highlight custom-textcolor highlight1 awb-highlight-marker\" style=\"--awb-color:hsla(var(--awb-custom_color_2-h),var(--awb-custom_color_2-s),var(--awb-custom_color_2-l),calc(var(--awb-custom_color_2-a) - 40%));--awb-text-color:var(--awb-color6);\">El abogado de derecho penal que necesitas<\/span>\n<\/div><div class=\"fusion-title title fusion-title-16 fusion-sep-none fusion-title-text fusion-title-size-two\" style=\"--awb-margin-bottom:24px;--awb-margin-bottom-small:24px;\"><h2 class=\"fusion-title-heading title-heading-left fusion-responsive-typography-calculated\" style=\"margin:0;--fontSize:42;line-height:var(--awb-typography1-line-height);\">Derecho Penal<\/h2><\/div><div class=\"fusion-text fusion-text-18 fusion-text-no-margin\" style=\"--awb-margin-bottom:20px;\"><ul>\n<li>Denuncias por delitos o faltas (robos, agresiones, amenazas, etc.)<\/li>\n<li>Detenciones y asistencia al detenido<\/li>\n<li>Juicios r\u00e1pidos<\/li>\n<li>Violencia de g\u00e9nero<\/li>\n<li>Delitos econ\u00f3micos o contra la seguridad vial<\/li>\n<\/ul>\n<\/div><div ><a class=\"fusion-button button-flat fusion-button-default-size button-custom fusion-button-default button-7 fusion-button-default-span fusion-button-default-type awb-b-icon-pos-right\" style=\"--button_accent_color:var(--awb-color7);--button_accent_hover_color:var(--awb-color1);--button_border_hover_color:var(--awb-color1);--button_gradient_top_color:var(--awb-color5);--button_gradient_bottom_color:var(--awb-color5);--button_gradient_top_color_hover:hsla(var(--awb-color4-h),var(--awb-color4-s),calc(var(--awb-color4-l) - 20%),var(--awb-color4-a));--button_gradient_bottom_color_hover:hsla(var(--awb-color4-h),var(--awb-color4-s),calc(var(--awb-color4-l) - 20%),var(--awb-color4-a));\" target=\"_self\" data-hover=\"icon_position\" href=\"https:\/\/prolegali.com\/abogado-derecho-penal-en-palma-de-mallorca\/\"><span class=\"fusion-button-text\">saber m\u00e1s<\/span><i class=\"awb-recruitment-arrow-btn button-icon-right\" aria-hidden=\"true\"><\/i><i class=\"awb-recruitment-arrow-btn button-icon-right\" aria-hidden=\"true\"><\/i><\/a><\/div><\/div><\/div><\/div><\/div><\/div><div class=\" swiper-slide\" data-section=\"1\" data-element=\"4\" ><div class=\"fusion-fullwidth fullwidth-box fusion-builder-row-13 fusion-flex-container has-pattern-background has-mask-background fusion-parallax-none hundred-percent-fullwidth hundred-percent-height hundred-percent-height-center-content hundred-percent-height-scrolling lazyload\" style=\"--awb-border-radius-top-left:0px;--awb-border-radius-top-right:0px;--awb-border-radius-bottom-right:0px;--awb-border-radius-bottom-left:0px;--awb-padding-left:10%;--awb-padding-left-medium:30px;--awb-background-image:linear-gradient(90deg, var(--awb-color2) 42%,hsla(var(--awb-color1-h),var(--awb-color1-s),var(--awb-color1-l),calc(var(--awb-color1-a) - 100%)) 42%);;--awb-background-image-small:linear-gradient(90deg, var(--awb-color2) 42%,hsla(var(--awb-color1-h),var(--awb-color1-s),var(--awb-color1-l),calc(var(--awb-color1-a) - 100%)) 42%);;--awb-background-size:cover;--awb-flex-wrap:wrap;\" data-bg=\"http:\/\/prolegali.com\/wp-content\/uploads\/2025\/05\/abogados-derecho-laboral-en-palma-de-mallorca.webp\" data-fusion-responsive-bg=\"1\" data-bg-small=\"http:\/\/prolegali.com\/wp-content\/uploads\/2024\/11\/transparent-bg-1.png\" data-bg-gradient=\"linear-gradient(90deg, var(--awb-color2) 42%,hsla(var(--awb-color1-h),var(--awb-color1-s),var(--awb-color1-l),calc(var(--awb-color1-a) - 100%)) 42%)\" ><div class=\"awb-background-mask\" style=\"background-image:  url(http:\/\/prolegali.com\/wp-content\/uploads\/2025\/01\/mask-border-light.svg);opacity: 1 ;transform: scale(1, 1);mix-blend-mode:normal;\"><\/div><div class=\"fusion-builder-row fusion-row fusion-flex-align-items-flex-start fusion-flex-align-content-center fusion-flex-content-wrap\" style=\"width:103% !important;max-width:103% !important;margin-left: calc(-3% \/ 2 );margin-right: calc(-3% \/ 2 );\"><div class=\"fusion-layout-column fusion_builder_column fusion-builder-column-28 fusion_builder_column_1_1 1_1 fusion-flex-column fusion-no-medium-visibility fusion-no-large-visibility\" style=\"--awb-overflow:hidden;--awb-bg-size:cover;--awb-border-radius:20px 20px 20px 20px;--awb-width-large:100%;--awb-spacing-right-large:1.455%;--awb-margin-bottom-large:0px;--awb-spacing-left-large:1.455%;--awb-width-medium:100%;--awb-order-medium:0;--awb-spacing-right-medium:1.455%;--awb-spacing-left-medium:1.455%;--awb-width-small:100%;--awb-order-small:0;--awb-margin-top-small:64px;--awb-spacing-right-small:1.455%;--awb-margin-bottom-small:64px;--awb-spacing-left-small:1.455%;\"><div class=\"fusion-column-wrapper fusion-column-has-shadow fusion-flex-justify-content-flex-start fusion-content-layout-column\"><div class=\"fusion-image-element \" style=\"--awb-caption-title-font-family:var(--h2_typography-font-family);--awb-caption-title-font-weight:var(--h2_typography-font-weight);--awb-caption-title-font-style:var(--h2_typography-font-style);--awb-caption-title-size:var(--h2_typography-font-size);--awb-caption-title-transform:var(--h2_typography-text-transform);--awb-caption-title-line-height:var(--h2_typography-line-height);--awb-caption-title-letter-spacing:var(--h2_typography-letter-spacing);\"><span class=\" fusion-imageframe imageframe-none imageframe-13 hover-type-none\"><img decoding=\"async\" width=\"1000\" height=\"560\" title=\"abogados-derecho-laboral-en-palma-de-mallorca\" src=\"https:\/\/prolegali.com\/wp-content\/uploads\/2025\/05\/abogados-derecho-laboral-en-palma-de-mallorca.webp\" data-orig-src=\"http:\/\/prolegali.com\/wp-content\/uploads\/2025\/05\/abogados-derecho-laboral-en-palma-de-mallorca.webp\" alt class=\"lazyload img-responsive wp-image-5879\" srcset=\"data:image\/svg+xml,%3Csvg%20xmlns%3D%27http%3A%2F%2Fwww.w3.org%2F2000%2Fsvg%27%20width%3D%271000%27%20height%3D%27560%27%20viewBox%3D%270%200%201000%20560%27%3E%3Crect%20width%3D%271000%27%20height%3D%27560%27%20fill-opacity%3D%220%22%2F%3E%3C%2Fsvg%3E\" data-srcset=\"https:\/\/prolegali.com\/wp-content\/uploads\/2025\/05\/abogados-derecho-laboral-en-palma-de-mallorca-200x112.webp 200w, https:\/\/prolegali.com\/wp-content\/uploads\/2025\/05\/abogados-derecho-laboral-en-palma-de-mallorca-300x168.webp 300w, https:\/\/prolegali.com\/wp-content\/uploads\/2025\/05\/abogados-derecho-laboral-en-palma-de-mallorca-400x224.webp 400w, https:\/\/prolegali.com\/wp-content\/uploads\/2025\/05\/abogados-derecho-laboral-en-palma-de-mallorca-600x336.webp 600w, https:\/\/prolegali.com\/wp-content\/uploads\/2025\/05\/abogados-derecho-laboral-en-palma-de-mallorca-768x430.webp 768w, https:\/\/prolegali.com\/wp-content\/uploads\/2025\/05\/abogados-derecho-laboral-en-palma-de-mallorca-800x448.webp 800w, https:\/\/prolegali.com\/wp-content\/uploads\/2025\/05\/abogados-derecho-laboral-en-palma-de-mallorca.webp 1000w\" data-sizes=\"auto\" data-orig-sizes=\"(max-width: 820px) 100vw, 1000px\" \/><\/span><\/div><\/div><\/div><div class=\"fusion-layout-column fusion_builder_column fusion-builder-column-29 fusion-flex-column\" style=\"--awb-bg-size:cover;--awb-width-large:30%;--awb-spacing-right-large:4.85%;--awb-margin-bottom-large:0px;--awb-spacing-left-large:4.85%;--awb-width-medium:33.333333333333%;--awb-order-medium:0;--awb-spacing-right-medium:4.365%;--awb-spacing-left-medium:30px;--awb-width-small:100%;--awb-order-small:0;--awb-spacing-right-small:1.455%;--awb-spacing-left-small:30px;\" data-scroll-devices=\"small-visibility,medium-visibility,large-visibility\"><div class=\"fusion-column-wrapper fusion-column-has-shadow fusion-flex-justify-content-flex-start fusion-content-layout-column\"><div class=\"fusion-text fusion-text-19 fusion-text-no-margin\" style=\"--awb-font-size:var(--awb-typography2-font-size);--awb-line-height:var(--awb-typography2-line-height);--awb-letter-spacing:var(--awb-typography2-letter-spacing);--awb-text-transform:var(--awb-typography2-text-transform);--awb-margin-bottom:16px;--awb-text-font-family:var(--awb-typography2-font-family);--awb-text-font-weight:var(--awb-typography2-font-weight);--awb-text-font-style:var(--awb-typography2-font-style);\"><span class=\"fusion-highlight custom-textcolor highlight1 awb-highlight-marker\" style=\"--awb-color:hsla(var(--awb-custom_color_2-h),var(--awb-custom_color_2-s),var(--awb-custom_color_2-l),calc(var(--awb-custom_color_2-a) - 40%));--awb-text-color:var(--awb-color6);\">El abogado de derecho laboral que necesitas<\/span>\n<\/div><div class=\"fusion-title title fusion-title-17 fusion-sep-none fusion-title-text fusion-title-size-two\" style=\"--awb-margin-bottom:24px;--awb-margin-bottom-small:24px;\"><h2 class=\"fusion-title-heading title-heading-left fusion-responsive-typography-calculated\" style=\"margin:0;--fontSize:42;line-height:var(--awb-typography1-line-height);\">Derecho Laboral<\/h2><\/div><div class=\"fusion-text fusion-text-20 fusion-text-no-margin\" style=\"--awb-margin-bottom:20px;\"><ul>\n<li>Despidos improcedentes o nulos<\/li>\n<li>Impago de salarios o indemnizaciones<\/li>\n<li>Acoso laboral (mobbing)<\/li>\n<li>Reclamaciones ante la Seguridad Social<\/li>\n<li>Conflictos con contratos o condiciones de trabajo<\/li>\n<\/ul>\n<\/div><div ><a class=\"fusion-button button-flat fusion-button-default-size button-custom fusion-button-default button-8 fusion-button-default-span fusion-button-default-type awb-b-icon-pos-right\" style=\"--button_accent_color:var(--awb-color7);--button_accent_hover_color:var(--awb-color1);--button_border_hover_color:var(--awb-color1);--button_gradient_top_color:var(--awb-color5);--button_gradient_bottom_color:var(--awb-color5);--button_gradient_top_color_hover:hsla(var(--awb-color4-h),var(--awb-color4-s),calc(var(--awb-color4-l) - 20%),var(--awb-color4-a));--button_gradient_bottom_color_hover:hsla(var(--awb-color4-h),var(--awb-color4-s),calc(var(--awb-color4-l) - 20%),var(--awb-color4-a));\" target=\"_self\" data-hover=\"icon_position\" href=\"https:\/\/prolegali.com\/abogado-laboralista-en-palma-de-mallorca\/\"><span class=\"fusion-button-text\">saber m\u00e1s<\/span><i class=\"awb-recruitment-arrow-btn button-icon-right\" aria-hidden=\"true\"><\/i><i class=\"awb-recruitment-arrow-btn button-icon-right\" aria-hidden=\"true\"><\/i><\/a><\/div><\/div><\/div><\/div><\/div><\/div><div class=\" swiper-slide\" data-section=\"1\" data-element=\"5\" ><div class=\"fusion-fullwidth fullwidth-box fusion-builder-row-14 fusion-flex-container has-pattern-background has-mask-background fusion-parallax-none hundred-percent-fullwidth hundred-percent-height hundred-percent-height-center-content hundred-percent-height-scrolling lazyload\" style=\"--awb-border-radius-top-left:0px;--awb-border-radius-top-right:0px;--awb-border-radius-bottom-right:0px;--awb-border-radius-bottom-left:0px;--awb-padding-left:10%;--awb-padding-left-medium:30px;--awb-background-image:linear-gradient(90deg, var(--awb-color2) 42%,hsla(var(--awb-color1-h),var(--awb-color1-s),var(--awb-color1-l),calc(var(--awb-color1-a) - 100%)) 42%);;--awb-background-image-small:linear-gradient(90deg, var(--awb-color2) 42%,hsla(var(--awb-color1-h),var(--awb-color1-s),var(--awb-color1-l),calc(var(--awb-color1-a) - 100%)) 42%);;--awb-background-size:cover;--awb-flex-wrap:wrap;\" data-bg=\"http:\/\/prolegali.com\/wp-content\/uploads\/2025\/05\/derecho-mercantil-abogado-en-palma-de-mallorca.webp\" data-fusion-responsive-bg=\"1\" data-bg-small=\"http:\/\/prolegali.com\/wp-content\/uploads\/2024\/11\/transparent-bg-1.png\" data-bg-gradient=\"linear-gradient(90deg, var(--awb-color2) 42%,hsla(var(--awb-color1-h),var(--awb-color1-s),var(--awb-color1-l),calc(var(--awb-color1-a) - 100%)) 42%)\" ><div class=\"awb-background-mask\" style=\"background-image:  url(http:\/\/prolegali.com\/wp-content\/uploads\/2025\/01\/mask-border-light.svg);opacity: 1 ;transform: scale(1, 1);mix-blend-mode:normal;\"><\/div><div class=\"fusion-builder-row fusion-row fusion-flex-align-items-flex-start fusion-flex-align-content-center fusion-flex-content-wrap\" style=\"width:103% !important;max-width:103% !important;margin-left: calc(-3% \/ 2 );margin-right: calc(-3% \/ 2 );\"><div class=\"fusion-layout-column fusion_builder_column fusion-builder-column-30 fusion_builder_column_1_1 1_1 fusion-flex-column fusion-no-medium-visibility fusion-no-large-visibility\" style=\"--awb-overflow:hidden;--awb-bg-size:cover;--awb-border-radius:20px 20px 20px 20px;--awb-width-large:100%;--awb-spacing-right-large:1.455%;--awb-margin-bottom-large:0px;--awb-spacing-left-large:1.455%;--awb-width-medium:100%;--awb-order-medium:0;--awb-spacing-right-medium:1.455%;--awb-spacing-left-medium:1.455%;--awb-width-small:100%;--awb-order-small:0;--awb-margin-top-small:64px;--awb-spacing-right-small:1.455%;--awb-margin-bottom-small:64px;--awb-spacing-left-small:1.455%;\"><div class=\"fusion-column-wrapper fusion-column-has-shadow fusion-flex-justify-content-flex-start fusion-content-layout-column\"><div class=\"fusion-image-element \" style=\"--awb-caption-title-font-family:var(--h2_typography-font-family);--awb-caption-title-font-weight:var(--h2_typography-font-weight);--awb-caption-title-font-style:var(--h2_typography-font-style);--awb-caption-title-size:var(--h2_typography-font-size);--awb-caption-title-transform:var(--h2_typography-text-transform);--awb-caption-title-line-height:var(--h2_typography-line-height);--awb-caption-title-letter-spacing:var(--h2_typography-letter-spacing);\"><span class=\" fusion-imageframe imageframe-none imageframe-14 hover-type-none\"><img decoding=\"async\" width=\"1400\" height=\"933\" alt=\"Estrategia empresarial ilustrada con un tablero de ajedrez, concepto clave en derecho mercantil y asesor\u00eda legal\" title=\"derecho-mercantil-abogado-en-palma-de-mallorca\" src=\"https:\/\/prolegali.com\/wp-content\/uploads\/2025\/05\/derecho-mercantil-abogado-en-palma-de-mallorca.webp\" data-orig-src=\"http:\/\/prolegali.com\/wp-content\/uploads\/2025\/05\/derecho-mercantil-abogado-en-palma-de-mallorca.webp\" class=\"lazyload img-responsive wp-image-5912\" srcset=\"data:image\/svg+xml,%3Csvg%20xmlns%3D%27http%3A%2F%2Fwww.w3.org%2F2000%2Fsvg%27%20width%3D%271400%27%20height%3D%27933%27%20viewBox%3D%270%200%201400%20933%27%3E%3Crect%20width%3D%271400%27%20height%3D%27933%27%20fill-opacity%3D%220%22%2F%3E%3C%2Fsvg%3E\" data-srcset=\"https:\/\/prolegali.com\/wp-content\/uploads\/2025\/05\/derecho-mercantil-abogado-en-palma-de-mallorca-200x133.webp 200w, https:\/\/prolegali.com\/wp-content\/uploads\/2025\/05\/derecho-mercantil-abogado-en-palma-de-mallorca-300x200.webp 300w, https:\/\/prolegali.com\/wp-content\/uploads\/2025\/05\/derecho-mercantil-abogado-en-palma-de-mallorca-400x267.webp 400w, https:\/\/prolegali.com\/wp-content\/uploads\/2025\/05\/derecho-mercantil-abogado-en-palma-de-mallorca-600x400.webp 600w, https:\/\/prolegali.com\/wp-content\/uploads\/2025\/05\/derecho-mercantil-abogado-en-palma-de-mallorca-768x512.webp 768w, https:\/\/prolegali.com\/wp-content\/uploads\/2025\/05\/derecho-mercantil-abogado-en-palma-de-mallorca-800x533.webp 800w, https:\/\/prolegali.com\/wp-content\/uploads\/2025\/05\/derecho-mercantil-abogado-en-palma-de-mallorca-1024x682.webp 1024w, https:\/\/prolegali.com\/wp-content\/uploads\/2025\/05\/derecho-mercantil-abogado-en-palma-de-mallorca-1200x800.webp 1200w, https:\/\/prolegali.com\/wp-content\/uploads\/2025\/05\/derecho-mercantil-abogado-en-palma-de-mallorca.webp 1400w\" data-sizes=\"auto\" data-orig-sizes=\"(max-width: 820px) 100vw, 1200px\" \/><\/span><\/div><\/div><\/div><div class=\"fusion-layout-column fusion_builder_column fusion-builder-column-31 fusion-flex-column\" style=\"--awb-bg-size:cover;--awb-width-large:30%;--awb-spacing-right-large:4.85%;--awb-margin-bottom-large:0px;--awb-spacing-left-large:4.85%;--awb-width-medium:33.333333333333%;--awb-order-medium:0;--awb-spacing-right-medium:4.365%;--awb-spacing-left-medium:30px;--awb-width-small:100%;--awb-order-small:0;--awb-spacing-right-small:1.455%;--awb-spacing-left-small:30px;\" data-scroll-devices=\"small-visibility,medium-visibility,large-visibility\"><div class=\"fusion-column-wrapper fusion-column-has-shadow fusion-flex-justify-content-flex-start fusion-content-layout-column\"><div class=\"fusion-text fusion-text-21 fusion-text-no-margin\" style=\"--awb-font-size:var(--awb-typography2-font-size);--awb-line-height:var(--awb-typography2-line-height);--awb-letter-spacing:var(--awb-typography2-letter-spacing);--awb-text-transform:var(--awb-typography2-text-transform);--awb-margin-bottom:16px;--awb-text-font-family:var(--awb-typography2-font-family);--awb-text-font-weight:var(--awb-typography2-font-weight);--awb-text-font-style:var(--awb-typography2-font-style);\"><span class=\"fusion-highlight custom-textcolor highlight1 awb-highlight-marker\" style=\"--awb-color:hsla(var(--awb-custom_color_2-h),var(--awb-custom_color_2-s),var(--awb-custom_color_2-l),calc(var(--awb-custom_color_2-a) - 40%));--awb-text-color:var(--awb-color6);\">El abogado de derecho mercantil que necesitas<\/span>\n<\/div><div class=\"fusion-title title fusion-title-18 fusion-sep-none fusion-title-text fusion-title-size-two\" style=\"--awb-margin-bottom:24px;--awb-margin-bottom-small:24px;\"><h2 class=\"fusion-title-heading title-heading-left fusion-responsive-typography-calculated\" style=\"margin:0;--fontSize:42;line-height:var(--awb-typography1-line-height);\">Derecho Mercantil<\/h2><\/div><div class=\"fusion-text fusion-text-22 fusion-text-no-margin\" style=\"--awb-margin-bottom:20px;\"><ul>\n<li>Constituci\u00f3n de sociedades<\/li>\n<li>Problemas entre socios<\/li>\n<li>Impagos y reclamaciones a clientes<\/li>\n<li>Contratos mercantiles y comerciales<\/li>\n<li>Gesti\u00f3n de concursos de acreedores<\/li>\n<\/ul>\n<\/div><div ><a class=\"fusion-button button-flat fusion-button-default-size button-custom fusion-button-default button-9 fusion-button-default-span fusion-button-default-type awb-b-icon-pos-right\" style=\"--button_accent_color:var(--awb-color7);--button_accent_hover_color:var(--awb-color1);--button_border_hover_color:var(--awb-color1);--button_gradient_top_color:var(--awb-color5);--button_gradient_bottom_color:var(--awb-color5);--button_gradient_top_color_hover:hsla(var(--awb-color4-h),var(--awb-color4-s),calc(var(--awb-color4-l) - 20%),var(--awb-color4-a));--button_gradient_bottom_color_hover:hsla(var(--awb-color4-h),var(--awb-color4-s),calc(var(--awb-color4-l) - 20%),var(--awb-color4-a));\" target=\"_self\" data-hover=\"icon_position\" href=\"https:\/\/prolegali.com\/abogado-derecho-mercantil-en-palma-de-mallorca\/\"><span class=\"fusion-button-text\">saber m\u00e1s<\/span><i class=\"awb-recruitment-arrow-btn button-icon-right\" aria-hidden=\"true\"><\/i><i class=\"awb-recruitment-arrow-btn button-icon-right\" aria-hidden=\"true\"><\/i><\/a><\/div><\/div><\/div><\/div><\/div><\/div><div class=\" swiper-slide\" data-section=\"1\" data-element=\"6\" ><div class=\"fusion-fullwidth fullwidth-box fusion-builder-row-15 fusion-flex-container has-pattern-background has-mask-background fusion-parallax-none hundred-percent-fullwidth hundred-percent-height hundred-percent-height-center-content hundred-percent-height-scrolling lazyload\" style=\"--awb-border-radius-top-left:0px;--awb-border-radius-top-right:0px;--awb-border-radius-bottom-right:0px;--awb-border-radius-bottom-left:0px;--awb-padding-left:10%;--awb-padding-left-medium:30px;--awb-background-image:linear-gradient(90deg, var(--awb-color2) 42%,hsla(var(--awb-color1-h),var(--awb-color1-s),var(--awb-color1-l),calc(var(--awb-color1-a) - 100%)) 42%);;--awb-background-image-small:linear-gradient(90deg, var(--awb-color2) 42%,hsla(var(--awb-color1-h),var(--awb-color1-s),var(--awb-color1-l),calc(var(--awb-color1-a) - 100%)) 42%);;--awb-background-size:cover;--awb-flex-wrap:wrap;\" data-bg=\"http:\/\/prolegali.com\/wp-content\/uploads\/2025\/05\/derecho-administrativo-abogados-en-palma-de-mallorca.webp\" data-fusion-responsive-bg=\"1\" data-bg-small=\"http:\/\/prolegali.com\/wp-content\/uploads\/2024\/11\/transparent-bg-1.png\" data-bg-gradient=\"linear-gradient(90deg, var(--awb-color2) 42%,hsla(var(--awb-color1-h),var(--awb-color1-s),var(--awb-color1-l),calc(var(--awb-color1-a) - 100%)) 42%)\" ><div class=\"awb-background-mask\" style=\"background-image:  url(http:\/\/prolegali.com\/wp-content\/uploads\/2025\/01\/mask-border-light.svg);opacity: 1 ;transform: scale(1, 1);mix-blend-mode:normal;\"><\/div><div class=\"fusion-builder-row fusion-row fusion-flex-align-items-flex-start fusion-flex-align-content-center fusion-flex-content-wrap\" style=\"width:103% !important;max-width:103% !important;margin-left: calc(-3% \/ 2 );margin-right: calc(-3% \/ 2 );\"><div class=\"fusion-layout-column fusion_builder_column fusion-builder-column-32 fusion_builder_column_1_1 1_1 fusion-flex-column fusion-no-medium-visibility fusion-no-large-visibility\" style=\"--awb-overflow:hidden;--awb-bg-size:cover;--awb-border-radius:20px 20px 20px 20px;--awb-width-large:100%;--awb-spacing-right-large:1.455%;--awb-margin-bottom-large:0px;--awb-spacing-left-large:1.455%;--awb-width-medium:100%;--awb-order-medium:0;--awb-spacing-right-medium:1.455%;--awb-spacing-left-medium:1.455%;--awb-width-small:100%;--awb-order-small:0;--awb-margin-top-small:64px;--awb-spacing-right-small:1.455%;--awb-margin-bottom-small:64px;--awb-spacing-left-small:1.455%;\"><div class=\"fusion-column-wrapper fusion-column-has-shadow fusion-flex-justify-content-flex-start fusion-content-layout-column\"><div class=\"fusion-image-element \" style=\"--awb-caption-title-font-family:var(--h2_typography-font-family);--awb-caption-title-font-weight:var(--h2_typography-font-weight);--awb-caption-title-font-style:var(--h2_typography-font-style);--awb-caption-title-size:var(--h2_typography-font-size);--awb-caption-title-transform:var(--h2_typography-text-transform);--awb-caption-title-line-height:var(--h2_typography-line-height);--awb-caption-title-letter-spacing:var(--h2_typography-letter-spacing);\"><span class=\" fusion-imageframe imageframe-none imageframe-15 hover-type-none\"><img decoding=\"async\" width=\"1400\" height=\"933\" title=\"derecho-administrativo-abogados-en-palma-de-mallorca\" src=\"https:\/\/prolegali.com\/wp-content\/uploads\/2025\/05\/derecho-administrativo-abogados-en-palma-de-mallorca.webp\" data-orig-src=\"http:\/\/prolegali.com\/wp-content\/uploads\/2025\/05\/derecho-administrativo-abogados-en-palma-de-mallorca.webp\" alt class=\"lazyload img-responsive wp-image-5896\" srcset=\"data:image\/svg+xml,%3Csvg%20xmlns%3D%27http%3A%2F%2Fwww.w3.org%2F2000%2Fsvg%27%20width%3D%271400%27%20height%3D%27933%27%20viewBox%3D%270%200%201400%20933%27%3E%3Crect%20width%3D%271400%27%20height%3D%27933%27%20fill-opacity%3D%220%22%2F%3E%3C%2Fsvg%3E\" data-srcset=\"https:\/\/prolegali.com\/wp-content\/uploads\/2025\/05\/derecho-administrativo-abogados-en-palma-de-mallorca-200x133.webp 200w, https:\/\/prolegali.com\/wp-content\/uploads\/2025\/05\/derecho-administrativo-abogados-en-palma-de-mallorca-300x200.webp 300w, https:\/\/prolegali.com\/wp-content\/uploads\/2025\/05\/derecho-administrativo-abogados-en-palma-de-mallorca-400x267.webp 400w, https:\/\/prolegali.com\/wp-content\/uploads\/2025\/05\/derecho-administrativo-abogados-en-palma-de-mallorca-600x400.webp 600w, https:\/\/prolegali.com\/wp-content\/uploads\/2025\/05\/derecho-administrativo-abogados-en-palma-de-mallorca-768x512.webp 768w, https:\/\/prolegali.com\/wp-content\/uploads\/2025\/05\/derecho-administrativo-abogados-en-palma-de-mallorca-800x533.webp 800w, https:\/\/prolegali.com\/wp-content\/uploads\/2025\/05\/derecho-administrativo-abogados-en-palma-de-mallorca-1024x682.webp 1024w, https:\/\/prolegali.com\/wp-content\/uploads\/2025\/05\/derecho-administrativo-abogados-en-palma-de-mallorca-1200x800.webp 1200w, https:\/\/prolegali.com\/wp-content\/uploads\/2025\/05\/derecho-administrativo-abogados-en-palma-de-mallorca.webp 1400w\" data-sizes=\"auto\" data-orig-sizes=\"(max-width: 820px) 100vw, 1200px\" \/><\/span><\/div><\/div><\/div><div class=\"fusion-layout-column fusion_builder_column fusion-builder-column-33 fusion-flex-column\" style=\"--awb-bg-size:cover;--awb-width-large:30%;--awb-spacing-right-large:4.85%;--awb-margin-bottom-large:0px;--awb-spacing-left-large:4.85%;--awb-width-medium:33.333333333333%;--awb-order-medium:0;--awb-spacing-right-medium:4.365%;--awb-spacing-left-medium:30px;--awb-width-small:100%;--awb-order-small:0;--awb-spacing-right-small:1.455%;--awb-spacing-left-small:30px;\" data-scroll-devices=\"small-visibility,medium-visibility,large-visibility\"><div class=\"fusion-column-wrapper fusion-column-has-shadow fusion-flex-justify-content-flex-start fusion-content-layout-column\"><div class=\"fusion-text fusion-text-23 fusion-text-no-margin\" style=\"--awb-font-size:var(--awb-typography2-font-size);--awb-line-height:var(--awb-typography2-line-height);--awb-letter-spacing:var(--awb-typography2-letter-spacing);--awb-text-transform:var(--awb-typography2-text-transform);--awb-margin-bottom:16px;--awb-text-font-family:var(--awb-typography2-font-family);--awb-text-font-weight:var(--awb-typography2-font-weight);--awb-text-font-style:var(--awb-typography2-font-style);\"><span class=\"fusion-highlight custom-textcolor highlight1 awb-highlight-marker\" style=\"--awb-color:hsla(var(--awb-custom_color_2-h),var(--awb-custom_color_2-s),var(--awb-custom_color_2-l),calc(var(--awb-custom_color_2-a) - 40%));--awb-text-color:var(--awb-color6);\">El abogado de Derecho Administrativo que necesitas<\/span>\n<\/div><div class=\"fusion-title title fusion-title-19 fusion-sep-none fusion-title-text fusion-title-size-two\" style=\"--awb-margin-bottom:24px;--awb-margin-bottom-small:24px;\"><h2 class=\"fusion-title-heading title-heading-left fusion-responsive-typography-calculated\" style=\"margin:0;--fontSize:42;line-height:var(--awb-typography1-line-height);\">Derecho Administrativo<\/h2><\/div><div class=\"fusion-text fusion-text-24 fusion-text-no-margin\" style=\"--awb-margin-bottom:20px;\"><ul>\n<li>Multas o sanciones injustas<\/li>\n<li>Reclamaciones frente a la Administraci\u00f3n P\u00fablica<\/li>\n<li>Expropiaciones o licencias<\/li>\n<li>Asuntos relacionados con extranjer\u00eda y nacionalidad<\/li>\n<\/ul>\n<\/div><div ><a class=\"fusion-button button-flat fusion-button-default-size button-custom fusion-button-default button-10 fusion-button-default-span fusion-button-default-type awb-b-icon-pos-right\" style=\"--button_accent_color:var(--awb-color7);--button_accent_hover_color:var(--awb-color1);--button_border_hover_color:var(--awb-color1);--button_gradient_top_color:var(--awb-color5);--button_gradient_bottom_color:var(--awb-color5);--button_gradient_top_color_hover:hsla(var(--awb-color4-h),var(--awb-color4-s),calc(var(--awb-color4-l) - 20%),var(--awb-color4-a));--button_gradient_bottom_color_hover:hsla(var(--awb-color4-h),var(--awb-color4-s),calc(var(--awb-color4-l) - 20%),var(--awb-color4-a));\" target=\"_self\" data-hover=\"icon_position\" href=\"https:\/\/prolegali.com\/abogado-administrativo-en-palma-de-mallorca\/\"><span class=\"fusion-button-text\">saber m\u00e1s<\/span><i class=\"awb-recruitment-arrow-btn button-icon-right\" aria-hidden=\"true\"><\/i><i class=\"awb-recruitment-arrow-btn button-icon-right\" aria-hidden=\"true\"><\/i><\/a><\/div><\/div><\/div><\/div><\/div><\/div><\/div><nav id=\"fusion-scroll-section-nav-1\" class=\"fusion-scroll-section-nav scroll-navigation-right\" data-section=\"1\" ><ul><li><a href=\"#fusion-scroll-section-element-1-1\" class=\"fusion-scroll-section-link\" data-name=\"Executive Search\" data-element=\"1\"><span class=\"fusion-scroll-section-link-bullet\"><\/span><\/a><\/li><li><a href=\"#fusion-scroll-section-element-1-2\" class=\"fusion-scroll-section-link\" data-name=\"Talent Sourcing\" data-element=\"2\"><span class=\"fusion-scroll-section-link-bullet\"><\/span><\/a><\/li><li><a href=\"#fusion-scroll-section-element-1-3\" class=\"fusion-scroll-section-link\" data-name=\"Jobs Advertising\" data-element=\"3\"><span class=\"fusion-scroll-section-link-bullet\"><\/span><\/a><\/li><li><a href=\"#fusion-scroll-section-element-1-4\" class=\"fusion-scroll-section-link\" data-name=\"Career Counseling\" data-element=\"4\"><span class=\"fusion-scroll-section-link-bullet\"><\/span><\/a><\/li><li><a href=\"#fusion-scroll-section-element-1-5\" class=\"fusion-scroll-section-link\" data-name=\"Career Counseling\" data-element=\"5\"><span class=\"fusion-scroll-section-link-bullet\"><\/span><\/a><\/li><li><a href=\"#fusion-scroll-section-element-1-6\" class=\"fusion-scroll-section-link\" data-name=\"Career Counseling\" data-element=\"6\"><span class=\"fusion-scroll-section-link-bullet\"><\/span><\/a><\/li><\/ul><\/nav><\/div><div class=\"fusion-fullwidth fullwidth-box fusion-builder-row-16 fusion-flex-container has-pattern-background has-mask-background nonhundred-percent-fullwidth non-hundred-percent-height-scrolling\" style=\"--awb-border-radius-top-left:0px;--awb-border-radius-top-right:0px;--awb-border-radius-bottom-right:0px;--awb-border-radius-bottom-left:0px;--awb-padding-top:96px;--awb-background-color:var(--awb-color1);--awb-flex-wrap:wrap;\" ><div class=\"fusion-builder-row fusion-row fusion-flex-align-items-flex-start fusion-flex-justify-content-center fusion-flex-content-wrap\" style=\"max-width:1256.6px;margin-left: calc(-3% \/ 2 );margin-right: calc(-3% \/ 2 );\"><div class=\"fusion-layout-column fusion_builder_column fusion-builder-column-34 fusion_builder_column_1_1 1_1 fusion-flex-column\" style=\"--awb-padding-top:96px;--awb-padding-right:96px;--awb-padding-bottom:96px;--awb-padding-left:96px;--awb-padding-right-small:10px;--awb-padding-left-small:10px;--awb-overflow:hidden;--awb-bg-color:var(--awb-color2);--awb-bg-color-hover:var(--awb-color2);--awb-bg-size:cover;--awb-border-radius:20px 20px 20px 20px;--awb-width-large:100%;--awb-spacing-right-large:1.455%;--awb-margin-bottom-large:0px;--awb-spacing-left-large:1.455%;--awb-width-medium:100%;--awb-order-medium:0;--awb-spacing-right-medium:1.455%;--awb-spacing-left-medium:1.455%;--awb-width-small:100%;--awb-order-small:0;--awb-spacing-right-small:1.455%;--awb-spacing-left-small:1.455%;\" data-scroll-devices=\"small-visibility,medium-visibility,large-visibility\"><div class=\"fusion-column-wrapper fusion-column-has-shadow fusion-flex-justify-content-flex-start fusion-content-layout-column\"><div class=\"fusion-text fusion-text-25 fusion-text-no-margin\" style=\"--awb-content-alignment:center;--awb-font-size:var(--awb-typography2-font-size);--awb-line-height:var(--awb-typography2-line-height);--awb-letter-spacing:var(--awb-typography2-letter-spacing);--awb-text-transform:var(--awb-typography2-text-transform);--awb-margin-bottom:20px;--awb-text-font-family:var(--awb-typography2-font-family);--awb-text-font-weight:var(--awb-typography2-font-weight);--awb-text-font-style:var(--awb-typography2-font-style);\"><span class=\"fusion-highlight custom-textcolor highlight1 awb-highlight-marker\" style=\"--awb-color:hsla(var(--awb-custom_color_2-h),var(--awb-custom_color_2-s),var(--awb-custom_color_2-l),calc(var(--awb-custom_color_2-a) - 40%));--awb-text-color:var(--awb-color6);\">Resuelve tus dudas sobre nuestro bufete de abogados<\/span>\n<\/div><div class=\"fusion-title title fusion-title-20 fusion-sep-none fusion-title-center fusion-title-text fusion-title-size-two\" style=\"--awb-margin-bottom-small:24px;\"><h2 class=\"fusion-title-heading title-heading-center fusion-responsive-typography-calculated\" style=\"margin:0;--fontSize:42;line-height:var(--awb-typography1-line-height);\">Preguntas frecuentes<\/h2><\/div><\/div><\/div><\/div><\/div><div class=\"fusion-fullwidth fullwidth-box fusion-builder-row-17 fusion-flex-container has-pattern-background has-mask-background nonhundred-percent-fullwidth non-hundred-percent-height-scrolling\" style=\"--awb-border-radius-top-left:0px;--awb-border-radius-top-right:0px;--awb-border-radius-bottom-right:0px;--awb-border-radius-bottom-left:0px;--awb-padding-top:96px;--awb-padding-bottom:96px;--awb-flex-wrap:wrap;\" ><div class=\"fusion-builder-row fusion-row fusion-flex-align-items-flex-start fusion-flex-content-wrap\" style=\"max-width:1256.6px;margin-left: calc(-3% \/ 2 );margin-right: calc(-3% \/ 2 );\"><div class=\"fusion-layout-column fusion_builder_column fusion-builder-column-35 fusion_builder_column_3_5 3_5 fusion-flex-column\" style=\"--awb-padding-top:72px;--awb-padding-right:72px;--awb-padding-bottom:72px;--awb-padding-left:72px;--awb-overflow:hidden;--awb-bg-color:#1e2e48;--awb-bg-color-hover:#1e2e48;--awb-bg-size:cover;--awb-border-radius:20px 20px 20px 20px;--awb-width-large:60%;--awb-spacing-right-large:2.425%;--awb-margin-bottom-large:0px;--awb-spacing-left-large:2.425%;--awb-width-medium:60%;--awb-order-medium:0;--awb-spacing-right-medium:2.425%;--awb-spacing-left-medium:2.425%;--awb-width-small:100%;--awb-order-small:2;--awb-spacing-right-small:1.455%;--awb-margin-bottom-small:40px;--awb-spacing-left-small:1.455%;\" data-scroll-devices=\"small-visibility,medium-visibility,large-visibility\"><div class=\"fusion-column-wrapper fusion-column-has-shadow fusion-flex-justify-content-flex-start fusion-content-layout-column\"><div class=\"fusion-title title fusion-title-21 fusion-sep-none fusion-title-text fusion-title-size-two\" style=\"--awb-text-color:var(--awb-color1);--awb-margin-bottom:16px;--awb-margin-bottom-small:24px;\"><h2 class=\"fusion-title-heading title-heading-left fusion-responsive-typography-calculated\" style=\"margin:0;--fontSize:42;line-height:var(--awb-typography1-line-height);\">Cont\u00e1ctanos sin compromiso<\/h2><\/div><div class=\"fusion-text fusion-text-26 fusion-text-no-margin\" style=\"--awb-font-size:19px;--awb-text-color:hsla(var(--awb-color1-h),var(--awb-color1-s),var(--awb-color1-l),calc(var(--awb-color1-a) - 20%));--awb-margin-bottom:32px;\"><p>Estamos disponibles para cualquier consulta.<\/p>\n<\/div><div class=\"fusion-form fusion-form-builder fusion-form-form-wrapper fusion-form-1618 has-icon-alignment\" style=\"--awb-tooltip-text-color:#ffffff;--awb-tooltip-background-color:#333333;--awb-form-input-height:70px;--awb-form-font-size:17px;--awb-form-placeholder-color:hsla(var(--awb-color6-h),var(--awb-color6-s),var(--awb-color6-l),calc(var(--awb-color6-a) - 50%));--awb-form-text-color:var(--awb-color6);--awb-form-border-width-top:0px;--awb-form-border-width-bottom:0px;--awb-form-border-width-right:0px;--awb-form-border-width-left:0px;--awb-icon-alignment-top:0px;--awb-icon-alignment-bottom:0px;--awb-icon-alignment-font-size:17px;\" data-form-id=\"1618\" data-config=\"{&quot;form_id&quot;:1618,&quot;form_post_id&quot;:1618,&quot;post_id&quot;:5990,&quot;form_type&quot;:&quot;ajax&quot;,&quot;confirmation_type&quot;:&quot;message&quot;,&quot;redirect_url&quot;:&quot;&quot;,&quot;field_labels&quot;:{&quot;fname&quot;:&quot;&quot;,&quot;lname&quot;:&quot;&quot;,&quot;email&quot;:&quot;&quot;,&quot;phone&quot;:&quot;&quot;,&quot;message&quot;:&quot;&quot;,&quot;accepto_la_politica_de_privacidad&quot;:&quot;&quot;},&quot;field_logics&quot;:{&quot;fname&quot;:&quot;&quot;,&quot;lname&quot;:&quot;&quot;,&quot;email&quot;:&quot;&quot;,&quot;phone&quot;:&quot;&quot;,&quot;message&quot;:&quot;&quot;,&quot;accepto_la_politica_de_privacidad&quot;:&quot;&quot;,&quot;notice_1&quot;:&quot;&quot;},&quot;field_types&quot;:{&quot;fname&quot;:&quot;text&quot;,&quot;lname&quot;:&quot;text&quot;,&quot;email&quot;:&quot;email&quot;,&quot;phone&quot;:&quot;phone_number&quot;,&quot;message&quot;:&quot;textarea&quot;,&quot;accepto_la_politica_de_privacidad&quot;:&quot;checkbox&quot;,&quot;submit_1&quot;:&quot;submit&quot;,&quot;notice_1&quot;:&quot;notice&quot;},&quot;nonce_method&quot;:&quot;ajax&quot;}\"><form action=\"https:\/\/prolegali.com\/en\/abogado-en-palma-para-divorcios\/\" method=\"post\" class=\"fusion-form fusion-form-1618\"><div class=\"fusion-fullwidth fullwidth-box fusion-builder-row-17-1 fusion-flex-container has-pattern-background has-mask-background nonhundred-percent-fullwidth non-hundred-percent-height-scrolling\" style=\"--awb-border-radius-top-left:0px;--awb-border-radius-top-right:0px;--awb-border-radius-bottom-right:0px;--awb-border-radius-bottom-left:0px;--awb-padding-right:0px;--awb-padding-left:0px;--awb-padding-top-small:20px;--awb-padding-bottom-small:20px;--awb-flex-wrap:wrap;\" ><div class=\"fusion-builder-row fusion-row fusion-flex-align-items-flex-start fusion-flex-content-wrap\" style=\"width:103% !important;max-width:103% !important;margin-left: calc(-3% \/ 2 );margin-right: calc(-3% \/ 2 );\"><div class=\"fusion-layout-column fusion_builder_column fusion-builder-column-36 fusion_builder_column_1_2 1_2 fusion-flex-column\" style=\"--awb-bg-size:cover;--awb-width-large:50%;--awb-spacing-right-large:2.91%;--awb-margin-bottom-large:0px;--awb-spacing-left-large:2.91%;--awb-width-medium:50%;--awb-order-medium:0;--awb-spacing-right-medium:2.91%;--awb-spacing-left-medium:2.91%;--awb-width-small:100%;--awb-order-small:0;--awb-spacing-right-small:1.455%;--awb-spacing-left-small:1.455%;\"><div class=\"fusion-column-wrapper fusion-column-has-shadow fusion-flex-justify-content-flex-start fusion-content-layout-column\"><div class=\"fusion-form-field fusion-form-text-field fusion-form-label-above\" style=\"\" data-form-id=\"1618\"><input type=\"text\"  data-empty-notice=\"Debes rellenar este campo\" name=\"fname\" id=\"fname\" value=\"\"  class=\"fusion-form-input\" required=\"true\" aria-required=\"true\" placeholder=\"Nombre *\" data-holds-private-data=\"false\" minlength=\"0\"\/><\/div><\/div><\/div><div class=\"fusion-layout-column fusion_builder_column fusion-builder-column-37 fusion_builder_column_1_2 1_2 fusion-flex-column\" style=\"--awb-bg-size:cover;--awb-width-large:50%;--awb-spacing-right-large:2.91%;--awb-margin-bottom-large:0px;--awb-spacing-left-large:2.91%;--awb-width-medium:50%;--awb-order-medium:0;--awb-spacing-right-medium:2.91%;--awb-spacing-left-medium:2.91%;--awb-width-small:100%;--awb-order-small:0;--awb-spacing-right-small:1.455%;--awb-spacing-left-small:1.455%;\"><div class=\"fusion-column-wrapper fusion-column-has-shadow fusion-flex-justify-content-flex-start fusion-content-layout-column\"><div class=\"fusion-form-field fusion-form-text-field fusion-form-label-above\" style=\"\" data-form-id=\"1618\"><input type=\"text\"  data-empty-notice=\"Debes rellenar este campo\" name=\"lname\" id=\"lname\" value=\"\"  class=\"fusion-form-input\" required=\"true\" aria-required=\"true\" placeholder=\"Apellidos *\" data-holds-private-data=\"false\" minlength=\"0\"\/><\/div><\/div><\/div><div class=\"fusion-layout-column fusion_builder_column fusion-builder-column-38 fusion_builder_column_1_1 1_1 fusion-flex-column\" style=\"--awb-bg-size:cover;--awb-width-large:100%;--awb-spacing-right-large:1.455%;--awb-margin-bottom-large:0px;--awb-spacing-left-large:1.455%;--awb-width-medium:100%;--awb-order-medium:0;--awb-spacing-right-medium:1.455%;--awb-spacing-left-medium:1.455%;--awb-width-small:100%;--awb-order-small:0;--awb-spacing-right-small:1.455%;--awb-spacing-left-small:1.455%;\"><div class=\"fusion-column-wrapper fusion-column-has-shadow fusion-flex-justify-content-flex-start fusion-content-layout-column\"><div class=\"fusion-form-field fusion-form-email-field fusion-form-label-above\" style=\"\" data-form-id=\"1618\"><input type=\"email\"  data-empty-notice=\"Debes rellenar este campo\" name=\"email\" id=\"email\" value=\"\"  class=\"fusion-form-input\" required=\"true\" aria-required=\"true\" placeholder=\"Escribe tu email *\" data-holds-private-data=\"false\"\/><\/div><\/div><\/div><div class=\"fusion-layout-column fusion_builder_column fusion-builder-column-39 fusion_builder_column_1_1 1_1 fusion-flex-column\" style=\"--awb-bg-size:cover;--awb-width-large:100%;--awb-spacing-right-large:1.455%;--awb-margin-bottom-large:0px;--awb-spacing-left-large:1.455%;--awb-width-medium:100%;--awb-order-medium:0;--awb-spacing-right-medium:1.455%;--awb-spacing-left-medium:1.455%;--awb-width-small:100%;--awb-order-small:0;--awb-spacing-right-small:1.455%;--awb-spacing-left-small:1.455%;\"><div class=\"fusion-column-wrapper fusion-column-has-shadow fusion-flex-justify-content-flex-start fusion-content-layout-column\"><div class=\"fusion-form-field fusion-form-phone-number-field fusion-form-label-above\" style=\"\" data-form-id=\"1618\"><input type=\"tel\"  data-empty-notice=\"Debes rellenar este campo\" name=\"phone\" id=\"phone\" value=\"\"  class=\"fusion-form-input\" required=\"true\" aria-required=\"true\" placeholder=\"Tel\u00e9fono # *\" data-holds-private-data=\"false\"\/><\/div><\/div><\/div><div class=\"fusion-layout-column fusion_builder_column fusion-builder-column-40 fusion_builder_column_1_1 1_1 fusion-flex-column\" style=\"--awb-bg-size:cover;--awb-width-large:100%;--awb-spacing-right-large:1.455%;--awb-margin-bottom-large:0px;--awb-spacing-left-large:1.455%;--awb-width-medium:100%;--awb-order-medium:0;--awb-spacing-right-medium:1.455%;--awb-spacing-left-medium:1.455%;--awb-width-small:100%;--awb-order-small:0;--awb-spacing-right-small:1.455%;--awb-spacing-left-small:1.455%;\"><div class=\"fusion-column-wrapper fusion-column-has-shadow fusion-flex-justify-content-flex-start fusion-content-layout-column\"><div class=\"fusion-form-field fusion-form-textarea-field fusion-form-label-above\" style=\"\" data-form-id=\"1618\"><textarea cols=\"40\" data-empty-notice=\"Debes rellenar este campo\"  minlength=\"0\"  rows=\"5\" tabindex=\"\" id=\"message\" name=\"message\" class=\"fusion-form-input\" required=\"true\" aria-required=\"true\" placeholder=\"Mensaje... *\" data-holds-private-data=\"false\"><\/textarea><\/div><\/div><\/div><div class=\"fusion-layout-column fusion_builder_column fusion-builder-column-41 fusion_builder_column_1_1 1_1 fusion-flex-column\" style=\"--awb-bg-size:cover;--awb-width-large:100%;--awb-spacing-right-large:1.455%;--awb-margin-bottom-large:0px;--awb-spacing-left-large:1.455%;--awb-width-medium:100%;--awb-order-medium:0;--awb-spacing-right-medium:1.455%;--awb-spacing-left-medium:1.455%;--awb-width-small:100%;--awb-order-small:0;--awb-spacing-right-small:1.455%;--awb-spacing-left-small:1.455%;\"><div class=\"fusion-column-wrapper fusion-column-has-shadow fusion-flex-justify-content-flex-start fusion-content-layout-column\"><div class=\"fusion-text fusion-text-27\"><p><a style=\"color: #ff0000;\" href=\"https:\/\/prolegali.com\/aviso-legal\/\">Consultar la pol\u00edtica de privacidad y aviso legal<\/a><\/p>\n<\/div>\n<div class=\"fusion-form-field fusion-form-checkbox-field fusion-form-label-above text-politica-privacidad\" style=\"\" data-form-id=\"1618\"><fieldset><div class=\"fusion-form-checkbox\"><input tabindex=\"\" id=\"checkbox-accepto_la_politica_de_privacidad-1-0\" type=\"checkbox\" value=\"Acepto las condiciones de uso que vienen establecidas en el Aviso Legal y la Pol\u00edtica de privacidad de esta web.\" name=\"accepto_la_politica_de_privacidad[]\" class=\"fusion-form-input\" required=\"true\" aria-required=\"true\" data-holds-private-data=\"false\"\/><label for=\"checkbox-accepto_la_politica_de_privacidad-1-0\">Acepto las condiciones de uso que vienen establecidas en el Aviso Legal y la Pol\u00edtica de privacidad de esta web.<\/label><\/div><\/fieldset><\/div><div class=\"fusion-form-field fusion-form-submit-field fusion-form-label-above\" style=\"\" data-form-id=\"1618\"><div ><button type=\"submit\" class=\"fusion-button button-flat fusion-button-default-size button-custom fusion-button-default button-11 fusion-button-span-yes  form-form-submit button-default\" style=\"--button_accent_color:var(--awb-color8);--button_accent_hover_color:var(--awb-color1);--button_border_hover_color:var(--awb-color1);--button_gradient_top_color:var(--awb-color5);--button_gradient_bottom_color:var(--awb-color5);--button_gradient_top_color_hover:var(--awb-color4);--button_gradient_bottom_color_hover:var(--awb-color4);--button_text_transform:uppercase;--button_padding-top:28px;--button_padding-bottom:28px;\" data-form-number=\"1618\" tabindex=\"\"><span class=\"fusion-button-text\">Enviar mensaje<\/span><i class=\"awb-recruitment-arrow-btn button-icon-right\" aria-hidden=\"true\"><\/i><\/button><\/div><\/div><\/div><\/div><div class=\"fusion-layout-column fusion_builder_column fusion-builder-column-42 fusion_builder_column_1_1 1_1 fusion-flex-column\" style=\"--awb-overflow:hidden;--awb-bg-size:cover;--awb-border-radius:10px 10px 10px 10px;--awb-width-large:100%;--awb-spacing-right-large:1.455%;--awb-margin-bottom-large:0px;--awb-spacing-left-large:1.455%;--awb-width-medium:100%;--awb-order-medium:0;--awb-spacing-right-medium:1.455%;--awb-spacing-left-medium:1.455%;--awb-width-small:100%;--awb-order-small:0;--awb-spacing-right-small:1.455%;--awb-spacing-left-small:1.455%;\"><div class=\"fusion-column-wrapper fusion-column-has-shadow fusion-flex-justify-content-flex-start fusion-content-layout-column\"><div class=\"form-submission-notices data-notice_1\" id=\"fusion-notices-1\"><div class=\"fusion-alert alert success alert-success fusion-alert-center fusion-form-response fusion-form-response-success awb-alert-native-link-color alert-dismissable awb-alert-close-boxed\" style=\"--awb-margin-top:20px;\" role=\"alert\"><div class=\"fusion-alert-content-wrapper\"><span class=\"alert-icon\"><i class=\"awb-icon-check-circle\" aria-hidden=\"true\"><\/i><\/span><span class=\"fusion-alert-content\">Gracias por tu mensaje. Ha sido enviado.<\/span><\/div><button type=\"button\" class=\"close toggle-alert\" data-dismiss=\"alert\" aria-label=\"Close\">&times;<\/button><\/div><div class=\"fusion-alert alert error alert-danger fusion-alert-center fusion-form-response fusion-form-response-error awb-alert-native-link-color alert-dismissable awb-alert-close-boxed\" style=\"--awb-margin-top:20px;\" role=\"alert\"><div class=\"fusion-alert-content-wrapper\"><span class=\"alert-icon\"><i class=\"awb-icon-exclamation-triangle\" aria-hidden=\"true\"><\/i><\/span><span class=\"fusion-alert-content\">Hubo un error al intentar enviar tu mensaje. Por favor, int\u00e9ntalo de nuevo m\u00e1s tarde.<\/span><\/div><button type=\"button\" class=\"close toggle-alert\" data-dismiss=\"alert\" aria-label=\"Close\">&times;<\/button><\/div><\/div><\/div><\/div><\/div><\/div><input type=\"hidden\" name=\"fusion_privacy_store_ip_ua\" value=\"false\"><input type=\"hidden\" name=\"fusion_privacy_expiration_interval\" value=\"48\"><input type=\"hidden\" name=\"privacy_expiration_action\" value=\"anonymize\"><\/form><\/div><\/div><\/div><div class=\"fusion-layout-column fusion_builder_column fusion-builder-column-43 fusion_builder_column_2_5 2_5 fusion-flex-column fusion-flex-align-self-stretch\" style=\"--awb-padding-top:72px;--awb-padding-right:72px;--awb-padding-bottom:72px;--awb-padding-left:72px;--awb-padding-top-small:250px;--awb-padding-bottom-small:250px;--awb-overflow:hidden;--awb-bg-position:center center;--awb-bg-size:cover;--awb-border-radius:20px 20px 20px 20px;--awb-width-large:40%;--awb-spacing-right-large:3.6375%;--awb-margin-bottom-large:0px;--awb-spacing-left-large:3.6375%;--awb-width-medium:40%;--awb-order-medium:0;--awb-spacing-right-medium:3.6375%;--awb-spacing-left-medium:3.6375%;--awb-width-small:100%;--awb-order-small:1;--awb-spacing-right-small:1.455%;--awb-margin-bottom-small:40px;--awb-spacing-left-small:1.455%;\" data-scroll-devices=\"small-visibility,medium-visibility,large-visibility\"><div class=\"fusion-column-wrapper lazyload fusion-column-has-shadow fusion-flex-justify-content-flex-start fusion-content-layout-column fusion-column-has-bg-image\" data-bg-url=\"http:\/\/prolegali.com\/wp-content\/uploads\/2025\/07\/abogado-en-palma-de-mallorca-consultas.webp\" data-bg=\"http:\/\/prolegali.com\/wp-content\/uploads\/2025\/07\/abogado-en-palma-de-mallorca-consultas.webp\"><\/div><\/div><\/div><\/div>\n<div class=\"fusion-fullwidth fullwidth-box fusion-builder-row-18 fusion-flex-container has-pattern-background has-mask-background nonhundred-percent-fullwidth non-hundred-percent-height-scrolling\" style=\"--awb-border-radius-top-left:0px;--awb-border-radius-top-right:0px;--awb-border-radius-bottom-right:0px;--awb-border-radius-bottom-left:0px;--awb-padding-bottom:96px;--awb-flex-wrap:wrap;\" ><div class=\"fusion-builder-row fusion-row fusion-flex-align-items-flex-start fusion-flex-content-wrap\" style=\"max-width:1256.6px;margin-left: calc(-3% \/ 2 );margin-right: calc(-3% \/ 2 );\"><div class=\"fusion-layout-column fusion_builder_column fusion-builder-column-44 fusion_builder_column_1_5 1_5 fusion-flex-column fusion-no-small-visibility fusion-no-medium-visibility\" style=\"--awb-bg-size:cover;--awb-width-large:20%;--awb-spacing-right-large:7.275%;--awb-margin-bottom-large:0px;--awb-spacing-left-large:7.275%;--awb-width-medium:20%;--awb-order-medium:0;--awb-spacing-right-medium:7.275%;--awb-spacing-left-medium:7.275%;--awb-width-small:100%;--awb-order-small:0;--awb-spacing-right-small:1.455%;--awb-spacing-left-small:1.455%;\"><div class=\"fusion-column-wrapper fusion-column-has-shadow fusion-flex-justify-content-flex-start fusion-content-layout-column\"><\/div><\/div><div class=\"fusion-layout-column fusion_builder_column fusion-builder-column-45 fusion_builder_column_3_5 3_5 fusion-flex-column\" style=\"--awb-bg-size:cover;--awb-width-large:60%;--awb-spacing-right-large:2.425%;--awb-margin-bottom-large:0px;--awb-spacing-left-large:2.425%;--awb-width-medium:100%;--awb-order-medium:0;--awb-spacing-right-medium:1.455%;--awb-spacing-left-medium:1.455%;--awb-width-small:100%;--awb-order-small:0;--awb-spacing-right-small:1.455%;--awb-spacing-left-small:1.455%;\"><div class=\"fusion-column-wrapper fusion-column-has-shadow fusion-flex-justify-content-flex-start fusion-content-layout-column\"><div class=\"fusion-text fusion-text-28 fusion-text-no-margin\" style=\"--awb-content-alignment:center;--awb-font-size:var(--awb-typography2-font-size);--awb-line-height:var(--awb-typography2-line-height);--awb-letter-spacing:var(--awb-typography2-letter-spacing);--awb-text-transform:var(--awb-typography2-text-transform);--awb-margin-bottom:20px;--awb-text-font-family:var(--awb-typography2-font-family);--awb-text-font-weight:var(--awb-typography2-font-weight);--awb-text-font-style:var(--awb-typography2-font-style);\"><span class=\"fusion-highlight custom-textcolor highlight1 awb-highlight-marker\" style=\"--awb-color:hsla(var(--awb-color5-h),var(--awb-color5-s),var(--awb-color5-l),calc(var(--awb-color5-a) - 60%));--awb-text-color:var(--awb-color6);\">Informaci\u00f3n jur\u00eddica y actualidad<\/span>\n<\/div><div class=\"fusion-title title fusion-title-22 fusion-sep-none fusion-title-center fusion-title-text fusion-title-size-two\" style=\"--awb-margin-bottom:48px;--awb-margin-bottom-small:60px;\"><h2 class=\"fusion-title-heading title-heading-center fusion-responsive-typography-calculated\" style=\"margin:0;--fontSize:42;line-height:var(--awb-typography1-line-height);\">\u00daltimas publicaciones como Abogados Expertos en Divorcios en Palma de Mallorca<\/h2><\/div><\/div><\/div><div class=\"fusion-layout-column fusion_builder_column fusion-builder-column-46 fusion_builder_column_1_5 1_5 fusion-flex-column fusion-no-small-visibility fusion-no-medium-visibility\" style=\"--awb-bg-size:cover;--awb-width-large:20%;--awb-spacing-right-large:7.275%;--awb-margin-bottom-large:0px;--awb-spacing-left-large:7.275%;--awb-width-medium:20%;--awb-order-medium:0;--awb-spacing-right-medium:7.275%;--awb-spacing-left-medium:7.275%;--awb-width-small:100%;--awb-order-small:0;--awb-spacing-right-small:1.455%;--awb-spacing-left-small:1.455%;\"><div class=\"fusion-column-wrapper fusion-column-has-shadow fusion-flex-justify-content-flex-start fusion-content-layout-column\"><\/div><\/div><div class=\"fusion-layout-column fusion_builder_column fusion-builder-column-47 fusion_builder_column_1_1 1_1 fusion-flex-column\" style=\"--awb-bg-size:cover;--awb-width-large:100%;--awb-spacing-right-large:1.455%;--awb-margin-bottom-large:0px;--awb-spacing-left-large:1.455%;--awb-width-medium:100%;--awb-order-medium:0;--awb-spacing-right-medium:1.455%;--awb-spacing-left-medium:1.455%;--awb-width-small:100%;--awb-order-small:0;--awb-spacing-right-small:1.455%;--awb-spacing-left-small:1.455%;\"><div class=\"fusion-column-wrapper fusion-column-has-shadow fusion-flex-justify-content-flex-start fusion-content-layout-column\"><\/div><\/div><\/div><\/div><\/p>\n","protected":false},"excerpt":{"rendered":"","protected":false},"author":3,"featured_media":0,"parent":0,"menu_order":0,"comment_status":"closed","ping_status":"closed","template":"100-width.php","meta":{"footnotes":""},"class_list":["post-5990","page","type-page","status-publish","hentry"],"acf":[],"yoast_head":"<!-- This site is optimized with the Yoast SEO plugin v27.4 - https:\/\/yoast.com\/product\/yoast-seo-wordpress\/ -->\n<title>Abogado en Palma para Divorcios<\/title>\n<meta name=\"description\" content=\"Abogado especializado en divorcios en Palma de Mallorca. Separaciones, custodia, pensi\u00f3n alimenticia y acuerdos amistosos o contenciosos.\" \/>\n<meta name=\"robots\" content=\"index, follow, max-snippet:-1, max-image-preview:large, max-video-preview:-1\" \/>\n<link rel=\"canonical\" href=\"https:\/\/prolegali.com\/en\/abogado-en-palma-para-divorcios\/\" \/>\n<meta property=\"og:locale\" content=\"en_US\" \/>\n<meta property=\"og:type\" content=\"article\" \/>\n<meta property=\"og:title\" content=\"Abogado en Palma para Divorcios\" \/>\n<meta property=\"og:description\" content=\"Abogado especializado en divorcios en Palma de Mallorca. Separaciones, custodia, pensi\u00f3n alimenticia y acuerdos amistosos o contenciosos.\" \/>\n<meta property=\"og:url\" content=\"https:\/\/prolegali.com\/en\/abogado-en-palma-para-divorcios\/\" \/>\n<meta property=\"og:site_name\" content=\"Prolegali\" \/>\n<meta property=\"article:modified_time\" content=\"2025-08-21T14:38:41+00:00\" \/>\n<meta name=\"twitter:card\" content=\"summary_large_image\" \/>\n<meta name=\"twitter:label1\" content=\"Est. reading time\" \/>\n\t<meta name=\"twitter:data1\" content=\"13 minutes\" \/>\n<script type=\"application\/ld+json\" class=\"yoast-schema-graph\">{\"@context\":\"https:\\\/\\\/schema.org\",\"@graph\":[{\"@type\":\"WebPage\",\"@id\":\"https:\\\/\\\/prolegali.com\\\/en\\\/abogado-en-palma-para-divorcios\\\/\",\"url\":\"https:\\\/\\\/prolegali.com\\\/en\\\/abogado-en-palma-para-divorcios\\\/\",\"name\":\"Abogado en Palma para Divorcios\",\"isPartOf\":{\"@id\":\"https:\\\/\\\/prolegali.com\\\/en\\\/#website\"},\"datePublished\":\"2025-05-04T17:06:07+00:00\",\"dateModified\":\"2025-08-21T14:38:41+00:00\",\"description\":\"Abogado especializado en divorcios en Palma de Mallorca. Separaciones, custodia, pensi\u00f3n alimenticia y acuerdos amistosos o contenciosos.\",\"breadcrumb\":{\"@id\":\"https:\\\/\\\/prolegali.com\\\/en\\\/abogado-en-palma-para-divorcios\\\/#breadcrumb\"},\"inLanguage\":\"en-US\",\"potentialAction\":[{\"@type\":\"ReadAction\",\"target\":[\"https:\\\/\\\/prolegali.com\\\/en\\\/abogado-en-palma-para-divorcios\\\/\"]}]},{\"@type\":\"BreadcrumbList\",\"@id\":\"https:\\\/\\\/prolegali.com\\\/en\\\/abogado-en-palma-para-divorcios\\\/#breadcrumb\",\"itemListElement\":[{\"@type\":\"ListItem\",\"position\":1,\"name\":\"Home\",\"item\":\"https:\\\/\\\/prolegali.com\\\/en\\\/\"},{\"@type\":\"ListItem\",\"position\":2,\"name\":\"Abogado en Palma para Divorcios\"}]},{\"@type\":\"WebSite\",\"@id\":\"https:\\\/\\\/prolegali.com\\\/en\\\/#website\",\"url\":\"https:\\\/\\\/prolegali.com\\\/en\\\/\",\"name\":\"Prolegali\",\"description\":\"Abogados en Palma de Mallorca\",\"publisher\":{\"@id\":\"https:\\\/\\\/prolegali.com\\\/en\\\/#organization\"},\"potentialAction\":[{\"@type\":\"SearchAction\",\"target\":{\"@type\":\"EntryPoint\",\"urlTemplate\":\"https:\\\/\\\/prolegali.com\\\/en\\\/?s={search_term_string}\"},\"query-input\":{\"@type\":\"PropertyValueSpecification\",\"valueRequired\":true,\"valueName\":\"search_term_string\"}}],\"inLanguage\":\"en-US\"},{\"@type\":\"Organization\",\"@id\":\"https:\\\/\\\/prolegali.com\\\/en\\\/#organization\",\"name\":\"Prolegali\",\"url\":\"https:\\\/\\\/prolegali.com\\\/en\\\/\",\"logo\":{\"@type\":\"ImageObject\",\"inLanguage\":\"en-US\",\"@id\":\"https:\\\/\\\/prolegali.com\\\/en\\\/#\\\/schema\\\/logo\\\/image\\\/\",\"url\":\"https:\\\/\\\/prolegali.com\\\/wp-content\\\/uploads\\\/2024\\\/11\\\/prolegali-abogados-en-palma-de-mallorca.webp\",\"contentUrl\":\"https:\\\/\\\/prolegali.com\\\/wp-content\\\/uploads\\\/2024\\\/11\\\/prolegali-abogados-en-palma-de-mallorca.webp\",\"width\":900,\"height\":200,\"caption\":\"Prolegali\"},\"image\":{\"@id\":\"https:\\\/\\\/prolegali.com\\\/en\\\/#\\\/schema\\\/logo\\\/image\\\/\"}}]}<\/script>\n<!-- \/ Yoast SEO plugin. -->","yoast_head_json":{"title":"Abogado en Palma para Divorcios","description":"Abogado especializado en divorcios en Palma de Mallorca. Separaciones, custodia, pensi\u00f3n alimenticia y acuerdos amistosos o contenciosos.","robots":{"index":"index","follow":"follow","max-snippet":"max-snippet:-1","max-image-preview":"max-image-preview:large","max-video-preview":"max-video-preview:-1"},"canonical":"https:\/\/prolegali.com\/en\/abogado-en-palma-para-divorcios\/","og_locale":"en_US","og_type":"article","og_title":"Abogado en Palma para Divorcios","og_description":"Abogado especializado en divorcios en Palma de Mallorca. Separaciones, custodia, pensi\u00f3n alimenticia y acuerdos amistosos o contenciosos.","og_url":"https:\/\/prolegali.com\/en\/abogado-en-palma-para-divorcios\/","og_site_name":"Prolegali","article_modified_time":"2025-08-21T14:38:41+00:00","twitter_card":"summary_large_image","twitter_misc":{"Est. reading time":"13 minutes"},"schema":{"@context":"https:\/\/schema.org","@graph":[{"@type":"WebPage","@id":"https:\/\/prolegali.com\/en\/abogado-en-palma-para-divorcios\/","url":"https:\/\/prolegali.com\/en\/abogado-en-palma-para-divorcios\/","name":"Abogado en Palma para Divorcios","isPartOf":{"@id":"https:\/\/prolegali.com\/en\/#website"},"datePublished":"2025-05-04T17:06:07+00:00","dateModified":"2025-08-21T14:38:41+00:00","description":"Abogado especializado en divorcios en Palma de Mallorca. Separaciones, custodia, pensi\u00f3n alimenticia y acuerdos amistosos o contenciosos.","breadcrumb":{"@id":"https:\/\/prolegali.com\/en\/abogado-en-palma-para-divorcios\/#breadcrumb"},"inLanguage":"en-US","potentialAction":[{"@type":"ReadAction","target":["https:\/\/prolegali.com\/en\/abogado-en-palma-para-divorcios\/"]}]},{"@type":"BreadcrumbList","@id":"https:\/\/prolegali.com\/en\/abogado-en-palma-para-divorcios\/#breadcrumb","itemListElement":[{"@type":"ListItem","position":1,"name":"Home","item":"https:\/\/prolegali.com\/en\/"},{"@type":"ListItem","position":2,"name":"Abogado en Palma para Divorcios"}]},{"@type":"WebSite","@id":"https:\/\/prolegali.com\/en\/#website","url":"https:\/\/prolegali.com\/en\/","name":"Prolegali","description":"Abogados en Palma de Mallorca","publisher":{"@id":"https:\/\/prolegali.com\/en\/#organization"},"potentialAction":[{"@type":"SearchAction","target":{"@type":"EntryPoint","urlTemplate":"https:\/\/prolegali.com\/en\/?s={search_term_string}"},"query-input":{"@type":"PropertyValueSpecification","valueRequired":true,"valueName":"search_term_string"}}],"inLanguage":"en-US"},{"@type":"Organization","@id":"https:\/\/prolegali.com\/en\/#organization","name":"Prolegali","url":"https:\/\/prolegali.com\/en\/","logo":{"@type":"ImageObject","inLanguage":"en-US","@id":"https:\/\/prolegali.com\/en\/#\/schema\/logo\/image\/","url":"https:\/\/prolegali.com\/wp-content\/uploads\/2024\/11\/prolegali-abogados-en-palma-de-mallorca.webp","contentUrl":"https:\/\/prolegali.com\/wp-content\/uploads\/2024\/11\/prolegali-abogados-en-palma-de-mallorca.webp","width":900,"height":200,"caption":"Prolegali"},"image":{"@id":"https:\/\/prolegali.com\/en\/#\/schema\/logo\/image\/"}}]}},"_links":{"self":[{"href":"https:\/\/prolegali.com\/en\/wp-json\/wp\/v2\/pages\/5990","targetHints":{"allow":["GET"]}}],"collection":[{"href":"https:\/\/prolegali.com\/en\/wp-json\/wp\/v2\/pages"}],"about":[{"href":"https:\/\/prolegali.com\/en\/wp-json\/wp\/v2\/types\/page"}],"author":[{"embeddable":true,"href":"https:\/\/prolegali.com\/en\/wp-json\/wp\/v2\/users\/3"}],"replies":[{"embeddable":true,"href":"https:\/\/prolegali.com\/en\/wp-json\/wp\/v2\/comments?post=5990"}],"version-history":[{"count":7,"href":"https:\/\/prolegali.com\/en\/wp-json\/wp\/v2\/pages\/5990\/revisions"}],"predecessor-version":[{"id":6279,"href":"https:\/\/prolegali.com\/en\/wp-json\/wp\/v2\/pages\/5990\/revisions\/6279"}],"wp:attachment":[{"href":"https:\/\/prolegali.com\/en\/wp-json\/wp\/v2\/media?parent=5990"}],"curies":[{"name":"wp","href":"https:\/\/api.w.org\/{rel}","templated":true}]}}